{"id":15191,"date":"2021-09-11T21:50:26","date_gmt":"2021-09-11T19:50:26","guid":{"rendered":"https:\/\/eliasfilmmusik.de\/start-2-2\/"},"modified":"2021-09-11T21:50:26","modified_gmt":"2021-09-11T19:50:26","slug":"start-2-2","status":"publish","type":"page","link":"https:\/\/eliasfilmmusik.de\/en\/start-2-2\/","title":{"rendered":"Willkommen broken"},"content":{"rendered":"<div id='start' class='avia-section main_color avia-section-small avia-no-border-styling av-section-color-overlay-active avia-bg-style-scroll  avia-builder-el-0  el_before_av_section  avia-builder-el-first    av-arrow-down-section container_wrap fullsize' style='background-color: #f2dc96;background-image: linear-gradient(to bottom right,#f2dc96,#bb9f5f); '  ><div class='av-section-color-overlay-wrap'><div class='av-section-color-overlay' style='opacity: 0.5; '><\/div><div class='container' ><main  role=\"main\" itemprop=\"mainContentOfPage\"  class='template-page content  av-content-full alpha units'><div class='post-entry post-entry-type-page post-entry-15191'><div class='entry-content-wrapper clearfix'>\n<div class='flex_column_table av-equal-height-column-flextable -flextable' ><div class=\"flex_column av_one_fifth  no_margin flex_column_table_cell av-equal-height-column av-align-middle av-zero-column-padding first  avia-builder-el-1  el_before_av_three_fifth  avia-builder-el-first   \" style='border-radius:0px; '><div class='avia-image-container avia_animated_image avia_animate_when_almost_visible pop-up av-styling-no-styling    avia-builder-el-2  avia-builder-el-no-sibling   avia-align-center '  itemprop=\"image\" itemscope=\"itemscope\" itemtype=\"https:\/\/schema.org\/ImageObject\"  ><div class='avia-image-container-inner'><div class='avia-image-overlay-wrap'><img class='avia_image' src='https:\/\/eliasfilmmusik.de\/wp-content\/uploads\/2024\/02\/Oscarspaddingwhite2-1030x214.png' alt='' title='Oscars+padding+white2' height=\"214\" width=\"1030\"  itemprop=\"thumbnailUrl\"  \/><\/div><\/div><\/div><\/div><div class=\"flex_column av_three_fifth  no_margin flex_column_table_cell av-equal-height-column av-align-middle av-zero-column-padding avia-link-column av-column-link avia-link-column-hover   avia-builder-el-3  el_after_av_one_fifth  el_before_av_one_fifth   \" style='border-radius:0px; ' data-link-column-url=\"http:\/\/eliasfilmmusik.de\/#ofas\" ><a class=\"av-screen-reader-only\" href=http:\/\/eliasfilmmusik.de\/#ofas >Follow a manual added link<\/a><p><div style='height:15px' class='hr hr-invisible   avia-builder-el-4  el_before_av_textblock  avia-builder-el-first  '><span class='hr-inner ' ><span class='hr-inner-style'><\/span><\/span><\/div><br \/>\n<section class=\"av_textblock_section \"  itemscope=\"itemscope\" itemtype=\"https:\/\/schema.org\/CreativeWork\" ><div class='avia_textblock  av_inherit_color '  style='color:#ffffff; '  itemprop=\"text\" ><h3 style=\"text-align: center;\"><strong><em>Of Fathers and Sons<\/em><\/strong>\u00a0 nominiert f\u00fcr den Oscar \u00bbBester Dokumentarfilm\u00ab<\/h3>\n<\/div><\/section><\/p><\/div><div class=\"flex_column av_one_fifth  av-animated-generic right-to-left  no_margin flex_column_table_cell av-equal-height-column av-align-middle av-zero-column-padding   avia-builder-el-6  el_after_av_three_fifth  avia-builder-el-last   \" style='border-radius:0px; '><p><div style='height:3px' class='hr hr-invisible   avia-builder-el-7  el_before_av_button  avia-builder-el-first  '><span class='hr-inner ' ><span class='hr-inner-style'><\/span><\/span><\/div><br \/>\n<div class='avia-button-wrap avia-button-center  avia-builder-el-8  el_after_av_hr  avia-builder-el-last  '><a href='http:\/\/eliasfilmmusik.de\/#ofas'  class='avia-button av-icon-on-hover  avia-icon_select-yes-right-icon avia-color-light avia-size-small avia-position-center '   ><span class='avia_iconbox_title' >MEHR<\/span><span class='avia_button_icon avia_button_icon_right' aria-hidden='true' data-av_icon='\ue883' data-av_iconfont='entypo-fontello'><\/span><\/a><\/div><\/p><\/div><\/div><!--close column table wrapper. Autoclose: 1 -->\n\n<\/div><\/div><\/main><!-- close content main element --><\/div><div class='av-extra-border-element border-extra-arrow-down'><div class='av-extra-border-outer'><div class='av-extra-border-inner'  style='background-color:#000000;' ><\/div><\/div><\/div><\/div><\/div><div id='av_section_2' class='avia-section main_color avia-section-huge avia-no-border-styling avia-bg-style-scroll  avia-builder-el-9  el_after_av_section  el_before_av_section    container_wrap fullsize' style='background-color: #d60480;background-image: linear-gradient(to bottom right,#d60480,#d6adc3); '  ><div class='container' ><div class='template-page content  av-content-full alpha units'><div class='post-entry post-entry-type-page post-entry-15191'><div class='entry-content-wrapper clearfix'>\n<div class=\"flex_column av_one_full  flex_column_div av-zero-column-padding first  avia-builder-el-10  el_before_av_one_third  avia-builder-el-first  \" style='border-radius:0px; '><section class=\"av_textblock_section \"  itemscope=\"itemscope\" itemtype=\"https:\/\/schema.org\/CreativeWork\" ><div class='avia_textblock  av_inherit_color '  style='color:#ffffff; '  itemprop=\"text\" ><h1 style=\"text-align: center;\">DIE GESCH\u00dcTZTEN M\u00c4NNER<\/h1>\n<h3 style=\"text-align: center;\">von Irene von Alberti feiert <span class=\"\">Weltpremiere auf dem Filmfest M\u00fcnchen<br \/>\n<\/span><\/h3>\n<\/div><\/section><br \/>\n<div style='height:75px' class='hr hr-invisible   avia-builder-el-12  el_after_av_textblock  avia-builder-el-last  '><span class='hr-inner ' ><span class='hr-inner-style'><\/span><\/span><\/div><\/p><\/div><div class=\"flex_column av_one_third  flex_column_div av-zero-column-padding first  avia-builder-el-13  el_after_av_one_full  el_before_av_one_half  column-top-margin\" style='border-radius:0px; '><p><div style='height:50px' class='hr hr-invisible   avia-builder-el-14  el_before_av_image  avia-builder-el-first  '><span class='hr-inner ' ><span class='hr-inner-style'><\/span><\/span><\/div><br \/>\n<div class='avia-image-container avia_animated_image avia_animate_when_almost_visible pop-up av-styling- av-hover-grow   avia-builder-el-15  el_after_av_hr  el_before_av_hr   avia-align-center '  itemprop=\"image\" itemscope=\"itemscope\" itemtype=\"https:\/\/schema.org\/ImageObject\"  ><div class='avia-image-container-inner'><div class='avia-image-overlay-wrap'><a href='https:\/\/www.filmfest-muenchen.de\/de\/programm\/filme\/film\/?id=7570&f=118' class='avia_image'   target=\"_blank\" ><img class='avia_image ' src='https:\/\/eliasfilmmusik.de\/wp-content\/uploads\/2024\/06\/filmfest-muenchen_logo_rz_negativ-300x94.png' alt='' title='filmfest-muenchen_logo_rz_negativ'  itemprop=\"thumbnailUrl\"  \/><\/a><\/div><\/div><\/div><br \/>\n<div style='height:50px' class='hr hr-invisible   avia-builder-el-16  el_after_av_image  el_before_av_textblock  '><span class='hr-inner ' ><span class='hr-inner-style'><\/span><\/span><\/div><br \/>\n<section class=\"av_textblock_section \"  itemscope=\"itemscope\" itemtype=\"https:\/\/schema.org\/CreativeWork\" ><div class='avia_textblock  av_inherit_color '  style='color:#ffffff; '  itemprop=\"text\" ><div style=\"padding-bottom: 2em;\"><strong><time class=\"font-weight-bold text-uppercase\" datetime=\"2024-07-01T18:00:00\">MO, 01. JULI \u2013 18:00\u00a0<\/time><\/strong><time class=\"font-weight-bold\" datetime=\"1h 40m\"><strong>(100 min)<\/strong><br \/>\n<\/time>SENDLINGER TOR<br \/>\nNach dem Film: Q&#038;A mit Irene von Alberti und Team<\/div>\n<div style=\"padding-bottom: 2em;\"><strong><time class=\"font-weight-bold text-uppercase\" datetime=\"2024-07-02T15:00:00\">DI, 02. JULI \u2013 15:00\u00a0<\/time><time class=\"font-weight-bold\" datetime=\"1h 40m\">(100 min)<br \/>\n<\/time><\/strong><time class=\"font-weight-bold\" datetime=\"1h 40m\">CITY 1<br \/>\n<\/time>Nach dem Film: Q&#038;A mit Irene von Alberti<\/div>\n<div style=\"padding-bottom: 2em;\"><strong><time class=\"font-weight-bold text-uppercase\" datetime=\"2024-07-06T18:30:00\">SA, 06. JULI \u2013 18:30\u00a0<\/time><time class=\"font-weight-bold\" datetime=\"1h 40m\">(100 min)<br \/>\n<\/time><\/strong><time class=\"font-weight-bold\" datetime=\"1h 40m\">HFF KINO 1<br \/>\n<\/time>Nach dem Film: Q&#038;A mit Irene von Alberti und Karim Sebastian Elias<\/div>\n<\/div><\/section><br \/>\n<div style='height:50px' class='hr hr-invisible   avia-builder-el-18  el_after_av_textblock  el_before_av_textblock  '><span class='hr-inner ' ><span class='hr-inner-style'><\/span><\/span><\/div><br \/>\n<section class=\"av_textblock_section \"  itemscope=\"itemscope\" itemtype=\"https:\/\/schema.org\/CreativeWork\" ><div class='avia_textblock  av_inherit_color '  style='color:#ffffff; '  itemprop=\"text\" ><p style=\"text-align: center;\"><span class=\"\">Eine Bissige Politsatire \u00fcber Macht, Unterdr\u00fcckung und Geschlechterrollen.<\/span><\/p>\n<p style=\"text-align: center;\">Soundtrack auf Spotify, iTunes und allen Streaming Portalen.<\/p>\n<\/div><\/section><br \/>\n<div style='height:50px' class='hr hr-invisible   avia-builder-el-20  el_after_av_textblock  el_before_av_codeblock  '><span class='hr-inner ' ><span class='hr-inner-style'><\/span><\/span><\/div><br \/>\n<br \/>\n<div style='height:50px' class='hr hr-invisible   avia-builder-el-22  el_after_av_codeblock  avia-builder-el-last  '><span class='hr-inner ' ><span class='hr-inner-style'><\/span><\/span><\/div><\/p><\/div><div class=\"flex_column av_one_half  flex_column_div av-zero-column-padding   avia-builder-el-23  el_after_av_one_third  avia-builder-el-last   column-top-margin\" style='border-radius:0px; '><p><div class='avia-image-container  av-styling- av-hover-grow av-hide-overflow   avia-builder-el-24  el_before_av_hr  avia-builder-el-first   avia-align-center '  itemprop=\"image\" itemscope=\"itemscope\" itemtype=\"https:\/\/schema.org\/ImageObject\"  ><div class='avia-image-container-inner'><div class='avia-image-overlay-wrap'><a href='https:\/\/www.filmfest-muenchen.de\/de\/programm\/filme\/film\/?id=7570&f=118' class='avia_image'   target=\"_blank\" ><img class='avia_image ' src='https:\/\/eliasfilmmusik.de\/wp-content\/uploads\/2024\/06\/poster_die-geschuetzten-maenner_72dpi_filmgalerie451.jpg' alt='' title='poster_die-geschuetzten-maenner_72dpi_filmgalerie451'  itemprop=\"thumbnailUrl\"  \/><\/a><\/div><\/div><\/div><br \/>\n<div style='height:50px' class='hr hr-invisible   avia-builder-el-25  el_after_av_image  avia-builder-el-last  '><span class='hr-inner ' ><span class='hr-inner-style'><\/span><\/span><\/div><\/p><\/div>\n\n<\/div><\/div><\/div><!-- close content main div --><\/div><\/div><div id='av_section_3' class='avia-section main_color avia-section-huge avia-no-border-styling avia-bg-style-scroll  avia-builder-el-26  el_after_av_section  el_before_av_section    container_wrap fullsize' style='background-color: #fefaef;background-image: linear-gradient(to bottom right,#fefaef,#ffe8c6); '  ><div class='container' ><div class='template-page content  av-content-full alpha units'><div class='post-entry post-entry-type-page post-entry-15191'><div class='entry-content-wrapper clearfix'>\n<div class=\"flex_column av_one_full  flex_column_div av-zero-column-padding first  avia-builder-el-27  el_before_av_two_fifth  avia-builder-el-first  \" style='border-radius:0px; '><section class=\"av_textblock_section \"  itemscope=\"itemscope\" itemtype=\"https:\/\/schema.org\/CreativeWork\" ><div class='avia_textblock  av_inherit_color '  style='color:#f26f2b; '  itemprop=\"text\" ><h1 style=\"text-align: center;\">Die Ironie des Lebens<\/h1>\n<h3 style=\"text-align: center;\">Filmsong mit <span class=\"\"><i class=\"\">Corinna Harfouch und Uwe Ochsenknecht<\/i><\/span><\/h3>\n<\/div><\/section><br \/>\n<div style='height:75px' class='hr hr-invisible   avia-builder-el-29  el_after_av_textblock  avia-builder-el-last  '><span class='hr-inner ' ><span class='hr-inner-style'><\/span><\/span><\/div><\/p><\/div><div class='flex_column_table av-equal-height-column-flextable -flextable' ><div class=\"flex_column av_two_fifth  flex_column_table_cell av-equal-height-column av-align-middle av-zero-column-padding first  avia-builder-el-30  el_after_av_one_full  el_before_av_three_fifth   column-top-margin\" style='border-radius:0px; '><p><div class='avia-image-container  av-styling- av-hover-grow av-hide-overflow   avia-builder-el-31  el_before_av_hr  avia-builder-el-first   avia-align-center '  itemprop=\"image\" itemscope=\"itemscope\" itemtype=\"https:\/\/schema.org\/ImageObject\"  ><div class='avia-image-container-inner'><div class='avia-image-overlay-wrap'><a href='https:\/\/www.imdb.com\/title\/tt27869502\/' class='avia_image'   target=\"_blank\" ><img class='avia_image ' src='https:\/\/eliasfilmmusik.de\/wp-content\/uploads\/2024\/09\/ironie-des-lebens-1.jpg' alt='' title='ironie-des-lebens'  itemprop=\"thumbnailUrl\"  \/><\/a><\/div><\/div><\/div><br \/>\n<div style='height:50px' class='hr hr-invisible   avia-builder-el-32  el_after_av_image  avia-builder-el-last  '><span class='hr-inner ' ><span class='hr-inner-style'><\/span><\/span><\/div><\/p><\/div><div class='av-flex-placeholder'><\/div><div class=\"flex_column av_three_fifth  flex_column_table_cell av-equal-height-column av-align-middle av-zero-column-padding   avia-builder-el-33  el_after_av_two_fifth  avia-builder-el-last  column-top-margin\" style='border-radius:0px; '><p><div style='height:50px' class='hr hr-invisible   avia-builder-el-34  el_before_av_textblock  avia-builder-el-first  '><span class='hr-inner ' ><span class='hr-inner-style'><\/span><\/span><\/div><br \/>\n<section class=\"av_textblock_section \"  itemscope=\"itemscope\" itemtype=\"https:\/\/schema.org\/CreativeWork\" ><div class='avia_textblock  av_inherit_color '  style='color:#f26f2b; '  itemprop=\"text\" ><p class=\"large-text\" style=\"text-align: center;\"><em>\u201e<span class=\"\"><i class=\"\">Sitzen eine Frau und ein Mann vor einem wei\u00dfen Fl\u00fcgel und singen ein Duett. Das k\u00f6nnte schrecklich kitschig sein, wenn nicht Corinna Harfouch s\u00e4nge &#8211; v\u00f6llig ungek\u00fcnstelt. Uwe Ochsenknecht muss da nur noch vorsichtig mit einstimmen in \u201aHalt Dich an Deiner Liebe fest\u2018 von Ton Steine Scherben. Es ist einer der sch\u00f6nsten Momente in \u201aDie Ironie des Lebens\u2018, weil w\u00e4hrend des Songs zwei, die sich weit voneinander entfernt hatten, auf dem Klavierhocker wieder etwas n\u00e4her zusammenr\u00fccken.<\/i><\/span><\/em><em>\u201c<\/em><\/p>\n<p class=\"large-text\" style=\"text-align: center;\"><em>\u2014 <span class=\"\"><i class=\"\">Walli M\u00fcller, NDR Kultur<\/i><\/span><\/em><\/p>\n<\/div><\/section><br \/>\n<div style='height:75px' class='hr hr-invisible   avia-builder-el-36  el_after_av_textblock  el_before_av_textblock  '><span class='hr-inner ' ><span class='hr-inner-style'><\/span><\/span><\/div><br \/>\n<section class=\"av_textblock_section \"  itemscope=\"itemscope\" itemtype=\"https:\/\/schema.org\/CreativeWork\" ><div class='avia_textblock  av_inherit_color '  style='color:#f26f2b; '  itemprop=\"text\" ><div style=\"text-align: center;\"><\/div>\n<h3 style=\"text-align: center;\"><b class=\"\">Die Ironie des Lebens<\/b><\/h3>\n<h6 style=\"text-align: center;\">Kinostart am 5.09.<\/h6>\n<\/div><\/section><br \/>\n<div style='height:75px' class='hr hr-invisible   avia-builder-el-38  el_after_av_textblock  el_before_av_textblock  '><span class='hr-inner ' ><span class='hr-inner-style'><\/span><\/span><\/div><br \/>\n<section class=\"av_textblock_section \"  itemscope=\"itemscope\" itemtype=\"https:\/\/schema.org\/CreativeWork\" ><div class='avia_textblock  av_inherit_color '  style='color:#f26f2b; '  itemprop=\"text\" ><div style=\"text-align: center;\"><\/div>\n<h6 style=\"text-align: center;\">Song Producer &#8211; Karim Sebastian Elias<\/h6>\n<\/div><\/section><br \/>\n<div style='height:50px' class='hr hr-invisible   avia-builder-el-40  el_after_av_textblock  avia-builder-el-last  '><span class='hr-inner ' ><span class='hr-inner-style'><\/span><\/span><\/div><\/p><\/div><\/div><!--close column table wrapper. Autoclose: 1 -->\n\n<\/div><\/div><\/div><!-- close content main div --><\/div><\/div><div id='av_section_4' class='avia-section main_color avia-section-huge avia-no-border-styling avia-full-stretch av-parallax-section avia-bg-style-parallax  avia-builder-el-41  el_after_av_section  el_before_av_section    container_wrap fullsize' style=' '  data-section-bg-repeat='stretch'><div class='av-parallax' data-avia-parallax-ratio='0.3' ><div class='av-parallax-inner main_color  avia-full-stretch' style = 'background-repeat: no-repeat; background-image: url(https:\/\/eliasfilmmusik.de\/wp-content\/uploads\/2024\/02\/FarukBG-big_plainBlue.jpg);background-attachment: scroll; background-position: center center; ' ><\/div><\/div><div class='container' ><div class='template-page content  av-content-full alpha units'><div class='post-entry post-entry-type-page post-entry-15191'><div class='entry-content-wrapper clearfix'>\n<div class=\"flex_column av_one_full  flex_column_div av-zero-column-padding first  avia-builder-el-42  el_before_av_one_half  avia-builder-el-first  \" style='border-radius:0px; '><section class=\"av_textblock_section \"  itemscope=\"itemscope\" itemtype=\"https:\/\/schema.org\/CreativeWork\" ><div class='avia_textblock  av_inherit_color '  style='color:#ffffff; '  itemprop=\"text\" ><h1 style=\"text-align: center;\">\u00bbFaruk\u00ab im Programm der Berlinale<\/h1>\n<h3 style=\"text-align: center;\">Films<span class=\"\">core mit Streichquintett<\/span> der Staatskapelle Halle<\/h3>\n<\/div><\/section><br \/>\n<div style='height:75px' class='hr hr-invisible   avia-builder-el-44  el_after_av_textblock  avia-builder-el-last  '><span class='hr-inner ' ><span class='hr-inner-style'><\/span><\/span><\/div><\/p><\/div><div class='flex_column_table av-equal-height-column-flextable -flextable' ><div class=\"flex_column av_one_half  flex_column_table_cell av-equal-height-column av-align-top av-zero-column-padding first  avia-builder-el-45  el_after_av_one_full  el_before_av_two_fifth   column-top-margin\" style='border-radius:0px; '><p><div class='avia-image-container  av-styling- av-hover-grow av-hide-overflow   avia-builder-el-46  el_before_av_hr  avia-builder-el-first   avia-align-center '  itemprop=\"image\" itemscope=\"itemscope\" itemtype=\"https:\/\/schema.org\/ImageObject\"  ><div class='avia-image-container-inner'><div class='avia-image-overlay-wrap'><a href='https:\/\/lnk.to\/ythdeVjz' class='avia_image'   target=\"_blank\" ><img class='avia_image ' src='https:\/\/eliasfilmmusik.de\/wp-content\/uploads\/2018\/01\/FarukOST-Poster-1-1030x1030.jpg' alt='' title=''  itemprop=\"thumbnailUrl\"  \/><\/a><\/div><\/div><\/div><br \/>\n<div style='height:100px' class='hr hr-invisible   avia-builder-el-47  el_after_av_image  el_before_av_textblock  '><span class='hr-inner ' ><span class='hr-inner-style'><\/span><\/span><\/div><br \/>\n<section class=\"av_textblock_section \"  itemscope=\"itemscope\" itemtype=\"https:\/\/schema.org\/CreativeWork\" ><div class='avia_textblock  av_inherit_color '  style='color:#ffffff; '  itemprop=\"text\" ><p style=\"text-align: center; padding-bottom: 1em;\"><img decoding=\"async\" src=\"https:\/\/eliasfilmmusik.de\/wp-content\/uploads\/2024\/03\/fipresci_award_SVG-600px.png\" alt=\"\" width=\"350\" \/><\/p>\n<p class=\"large-text\" style=\"text-align: center; padding-bottom: 1em;\"><a style=\"text-decoration: none;\" href=\"https:\/\/www.filmuniversitaet.de\/artikel\/detail\/berlinale-2024\" target=\"_blank\" rel=\"noopener\"><em>Faruk<\/em> gewinnt den Preis der internationalen Filmkritik, den<br \/>\nFIPRESCI JURY AWARD als <em>Bester Film in der Berlinale Panorama Sektion<\/em>.<\/a><\/p>\n<p style=\"text-align: center; max-width: 75%; margin: auto;\"><a href=\"https:\/\/www.filmuniversitaet.de\/artikel\/detail\/berlinale-2024\" target=\"_blank\" rel=\"noopener\"><img decoding=\"async\" loading=\"lazy\" src=\"https:\/\/eliasfilmmusik.de\/wp-content\/uploads\/2024\/03\/csm_Team_Faruk_FIPRESCI_JURY_AWARD_0588290dfb-1030x579.jpg\" alt=\"\" width=\"1030\" height=\"579\" \/><\/a><\/p>\n<\/div><\/section><br \/>\n<div style='height:50px' class='hr hr-invisible  av-desktop-hide av-medium-hide  avia-builder-el-49  el_after_av_textblock  el_before_av_hr  '><span class='hr-inner ' ><span class='hr-inner-style'><\/span><\/span><\/div><br \/>\n<div style='height:50px' class='hr hr-invisible   avia-builder-el-50  el_after_av_hr  avia-builder-el-last  '><span class='hr-inner ' ><span class='hr-inner-style'><\/span><\/span><\/div><\/p><\/div><div class='av-flex-placeholder'><\/div><div class=\"flex_column av_two_fifth  flex_column_table_cell av-equal-height-column av-align-top av-zero-column-padding   avia-builder-el-51  el_after_av_one_half  avia-builder-el-last   column-top-margin\" style='border-radius:0px; '><p><div style='height:1px; margin-top:0px'  class='hr hr-invisible   avia-builder-el-52  el_before_av_image  avia-builder-el-first  '><span class='hr-inner ' ><span class='hr-inner-style'><\/span><\/span><\/div><br \/>\n<div class='avia-image-container avia_animated_image avia_animate_when_almost_visible pop-up av-styling- av-hover-grow   avia-builder-el-53  el_after_av_hr  el_before_av_hr   avia-align-center '  itemprop=\"image\" itemscope=\"itemscope\" itemtype=\"https:\/\/schema.org\/ImageObject\"  ><div class='avia-image-container-inner'><div class='avia-image-overlay-wrap'><a href='https:\/\/www.berlinale.de\/en\/2024\/programme\/202405855.html' class='avia_image'   target=\"_blank\" ><img class='avia_image ' src='https:\/\/eliasfilmmusik.de\/wp-content\/uploads\/2024\/02\/Berlinale06-300x96.png' alt='' title='Berlinale06'  itemprop=\"thumbnailUrl\"  \/><\/a><\/div><\/div><\/div><br \/>\n<div style='height:10px' class='hr hr-invisible   avia-builder-el-54  el_after_av_image  el_before_av_textblock  '><span class='hr-inner ' ><span class='hr-inner-style'><\/span><\/span><\/div><br \/>\n<section class=\"av_textblock_section \"  itemscope=\"itemscope\" itemtype=\"https:\/\/schema.org\/CreativeWork\" ><div class='avia_textblock  av_inherit_color '  style='color:#ffffff; '  itemprop=\"text\" ><p><a style=\"text-decoration: none;\" href=\"https:\/\/www.berlinale.de\/en\/2024\/programme\/202405855.html\" target=\"_blank\" rel=\"noopener\">Der Film von Asli \u00d6zge l\u00e4uft in der Panorama-Sektion der 74. Berlinale. Das \u201eHerzst\u00fcck\u201c des Scores bildet ein Streichquintett, das mit Musiker*innen der Staatskapelle Halle eingespielt wurde.<\/a><\/p>\n<\/div><\/section><br \/>\n<div style='height:20px' class='hr hr-invisible   avia-builder-el-56  el_after_av_textblock  el_before_av_textblock  '><span class='hr-inner ' ><span class='hr-inner-style'><\/span><\/span><\/div><br \/>\n<section class=\"av_textblock_section \"  itemscope=\"itemscope\" itemtype=\"https:\/\/schema.org\/CreativeWork\" ><div class='avia_textblock  av_inherit_color '  style='color:#ffffff; '  itemprop=\"text\" ><p class=\"large-text\" style=\"text-align: center;\"><em>\u201eHeutzutage einen Soundtrack mit einem Streichquintett gestalten zu d\u00fcrfen \u2013 ohne jegliche Elektronik \u2013 war ein k\u00fcnstlerisches Geschenk.\u201c<\/em><\/p>\n<p class=\"large-text\" style=\"text-align: center;\"><em>\u2014 K.S. Elias<\/em><\/p>\n<\/div><\/section><br \/>\n<div style='height:100px' class='hr hr-invisible   avia-builder-el-58  el_after_av_textblock  el_before_av_textblock  '><span class='hr-inner ' ><span class='hr-inner-style'><\/span><\/span><\/div><br \/>\n<section class=\"av_textblock_section \"  itemscope=\"itemscope\" itemtype=\"https:\/\/schema.org\/CreativeWork\" ><div class='avia_textblock  av_inherit_color '  style='color:#ffffff; '  itemprop=\"text\" ><h3 style=\"text-align: center;\">Pressestimmen<\/h3>\n<\/div><\/section><br \/>\n<div style='height:40px' class='hr hr-invisible   avia-builder-el-60  el_after_av_textblock  el_before_av_textblock  '><span class='hr-inner ' ><span class='hr-inner-style'><\/span><\/span><\/div><br \/>\n<section class=\"av_textblock_section \"  itemscope=\"itemscope\" itemtype=\"https:\/\/schema.org\/CreativeWork\" ><div class='avia_textblock  av_inherit_color '  style='color:#ffffff; '  itemprop=\"text\" ><p style=\"text-align: left; max-width: 300px; margin: auto;\">Tagesspiegel und Tip Berlin z\u00e4hlen <em>Faruk<\/em> zu den empfehlenswerten Filmen auf der diesj\u00e4hrigen Berlinale.<\/p>\n<\/div><\/section><br \/>\n<div style='height:40px' class='hr hr-invisible   avia-builder-el-62  el_after_av_textblock  el_before_av_image  '><span class='hr-inner ' ><span class='hr-inner-style'><\/span><\/span><\/div><br \/>\n<div class='avia-image-container avia_animated_image avia_animate_when_almost_visible left-to-right av-styling- av-hover-grow   avia-builder-el-63  el_after_av_hr  el_before_av_hr   avia-align-center '  itemprop=\"image\" itemscope=\"itemscope\" itemtype=\"https:\/\/schema.org\/ImageObject\"  ><div class='avia-image-container-inner'><div class='avia-image-overlay-wrap'><a href='https:\/\/www.rollingstone.de\/faruk-berlinale-k-s-elias-2700773\/' class='avia_image'   target=\"_blank\" ><img class='avia_image ' src='https:\/\/eliasfilmmusik.de\/wp-content\/uploads\/2020\/11\/Rolling_Stone-Logo_big-300x61.png' alt='' title='Rolling_Stone-Logo_big'  itemprop=\"thumbnailUrl\"  \/><\/a><\/div><\/div><\/div><br \/>\n<div style='height:25px' class='hr hr-invisible   avia-builder-el-64  el_after_av_image  el_before_av_image  '><span class='hr-inner ' ><span class='hr-inner-style'><\/span><\/span><\/div><br \/>\n<div class='avia-image-container avia_animated_image avia_animate_when_almost_visible left-to-right av-styling- av-hover-grow   avia-builder-el-65  el_after_av_hr  el_before_av_hr   avia-align-center '  itemprop=\"image\" itemscope=\"itemscope\" itemtype=\"https:\/\/schema.org\/ImageObject\"  ><div class='avia-image-container-inner'><div class='avia-image-overlay-wrap'><a href='https:\/\/www.tagesspiegel.de\/kultur\/berlinale-empfehlungen-diese-25-filme-sollten-sie-sehen-11164627.html' class='avia_image'   target=\"_blank\" ><img class='avia_image ' src='https:\/\/eliasfilmmusik.de\/wp-content\/uploads\/2020\/11\/Tagesspiegel-300x45.png' alt='' title='Tagesspiegel'  itemprop=\"thumbnailUrl\"  \/><\/a><\/div><\/div><\/div><br \/>\n<div style='height:15px' class='hr hr-invisible   avia-builder-el-66  el_after_av_image  el_before_av_image  '><span class='hr-inner ' ><span class='hr-inner-style'><\/span><\/span><\/div><br \/>\n<div class='avia-image-container avia_animated_image avia_animate_when_almost_visible left-to-right av-styling- av-hover-grow   avia-builder-el-67  el_after_av_hr  el_before_av_hr   avia-align-center '  itemprop=\"image\" itemscope=\"itemscope\" itemtype=\"https:\/\/schema.org\/ImageObject\"  ><div class='avia-image-container-inner'><div class='avia-image-overlay-wrap'><a href='https:\/\/www.tip-berlin.de\/kino-stream\/berlinale\/berlinale-2024\/berlinale-filme-sektionen-tipps-empfehlungen\/' class='avia_image'   target=\"_blank\" ><img class='avia_image ' src='https:\/\/eliasfilmmusik.de\/wp-content\/uploads\/2024\/02\/tipBerlin_Logopadding-300x55.png' alt='' title='tipBerlin_Logo+padding'  itemprop=\"thumbnailUrl\"  \/><\/a><\/div><\/div><\/div><br \/>\n<div style='height:25px' class='hr hr-invisible   avia-builder-el-68  el_after_av_image  el_before_av_image  '><span class='hr-inner ' ><span class='hr-inner-style'><\/span><\/span><\/div><br \/>\n<div class='avia-image-container avia_animated_image avia_animate_when_almost_visible left-to-right av-styling- av-hover-grow   avia-builder-el-69  el_after_av_hr  el_before_av_hr   avia-align-center '  itemprop=\"image\" itemscope=\"itemscope\" itemtype=\"https:\/\/schema.org\/ImageObject\"  ><div class='avia-image-container-inner'><div class='avia-image-overlay-wrap'><a href='https:\/\/www.maz-online.de\/lokales\/potsdam\/feierflaute-in-potsdam-filmuni-studenten-feiern-berlinale-lieber-in-berlin-HKSQ7NN4RRENPN3PKX7EZQM7IM.html' class='avia_image'   target=\"_blank\" ><img class='avia_image ' src='https:\/\/eliasfilmmusik.de\/wp-content\/uploads\/2024\/02\/Logo-MaerkischeAllgemeine-neu.svg_-300x35.png' alt='' title='Logo-MaerkischeAllgemeine-neu.svg'  itemprop=\"thumbnailUrl\"  \/><\/a><\/div><\/div><\/div><br \/>\n<div style='height:100px' class='hr hr-invisible   avia-builder-el-70  el_after_av_image  el_before_av_codeblock  '><span class='hr-inner ' ><span class='hr-inner-style'><\/span><\/span><\/div><br \/>\n<br \/>\n<div style='height:50px' class='hr hr-invisible   avia-builder-el-72  el_after_av_codeblock  avia-builder-el-last  '><span class='hr-inner ' ><span class='hr-inner-style'><\/span><\/span><\/div><\/p><\/div><\/div><!--close column table wrapper. Autoclose: 1 -->\n\n<\/div><\/div><\/div><!-- close content main div --><\/div><\/div><div id='av_section_5' class='avia-section main_color avia-section-huge avia-no-border-styling avia-bg-style-scroll  avia-builder-el-73  el_after_av_section  el_before_av_section    container_wrap fullsize' style='background-color: #92041a;background-image: linear-gradient(45deg,#92041a,#fe5981); '  ><div class='container' ><div class='template-page content  av-content-full alpha units'><div class='post-entry post-entry-type-page post-entry-15191'><div class='entry-content-wrapper clearfix'>\n<div class=\"flex_column av_one_full  flex_column_div av-zero-column-padding first  avia-builder-el-74  el_before_av_one_fourth  avia-builder-el-first  \" style='border-radius:0px; '><section class=\"av_textblock_section \"  itemscope=\"itemscope\" itemtype=\"https:\/\/schema.org\/CreativeWork\" ><div class='avia_textblock  av_inherit_color '  style='color:#ffffff; '  itemprop=\"text\" ><h1 style=\"text-align: center;\"><span class=\"\">Musik zur neuen SWR-Serie \u00bbBad Influencer\u00ab<\/span><\/h1>\n<\/div><\/section><br \/>\n<div style='height:75px' class='hr hr-invisible   avia-builder-el-76  el_after_av_textblock  avia-builder-el-last  '><span class='hr-inner ' ><span class='hr-inner-style'><\/span><\/span><\/div><\/p><\/div><div class='flex_column_table av-equal-height-column-flextable -flextable' ><div class=\"flex_column av_one_fourth  flex_column_table_cell av-equal-height-column av-align-middle av-zero-column-padding first  avia-builder-el-77  el_after_av_one_full  el_before_av_one_half   column-top-margin\" style='border-radius:0px; '><p><section class=\"av_textblock_section \"  itemscope=\"itemscope\" itemtype=\"https:\/\/schema.org\/CreativeWork\" ><div class='avia_textblock  av_inherit_color '  style='color:#ffffff; '  itemprop=\"text\" ><p>Komposition f\u00fcr die neue SWR-Serie \u201eBad Influencer\u201c mit \u201eEldorado KaDeWe\u201c-Star Lia von Blarer sind jetzt die Dreharbeiten losgegangen. Es ist die Deb\u00fctserie von Lilli Tautfest und Melanie Waelde, die ihr vielversprechendes Kinodeb\u00fct im Encounters-Wettbewerb der Berlinale 2020 mit \u201eNackte Tiere\u201c gab. Tautfest schrieb die B\u00fccher von \u201eBad Influencer\u201c zusammen mit Anika Soisson.<\/p>\n<\/div><\/section><br \/>\n<div style='height:20px' class='hr hr-invisible   avia-builder-el-79  el_after_av_textblock  avia-builder-el-last  '><span class='hr-inner ' ><span class='hr-inner-style'><\/span><\/span><\/div><\/p><\/div><div class='av-flex-placeholder'><\/div><div class=\"flex_column av_one_half  flex_column_table_cell av-equal-height-column av-align-middle av-zero-column-padding   avia-builder-el-80  el_after_av_one_fourth  avia-builder-el-last   column-top-margin\" style='border-radius:0px; '><p><div class='avia-image-container  av-styling- av-hover-grow av-hide-overflow   avia-builder-el-81  el_before_av_hr  avia-builder-el-first   avia-align-center '  itemprop=\"image\" itemscope=\"itemscope\" itemtype=\"https:\/\/schema.org\/ImageObject\"  ><div class='avia-image-container-inner'><div class='avia-image-overlay-wrap'><a href='https:\/\/www.blickpunktfilm.de\/tv\/swr-projekt-drehstart-fuer-bad-influencer-serie-mit-lia-von-blarer-e320cc2a6604d741af27e66917c1c726' class='avia_image'   target=\"_blank\" ><img class='avia_image ' src='https:\/\/eliasfilmmusik.de\/wp-content\/uploads\/2024\/02\/BadInfluencer-1030x579.jpg' alt='' title='BadInfluencer'  itemprop=\"thumbnailUrl\"  \/><\/a><\/div><\/div><\/div><br \/>\n<div style='height:50px' class='hr hr-invisible   avia-builder-el-82  el_after_av_image  avia-builder-el-last  '><span class='hr-inner ' ><span class='hr-inner-style'><\/span><\/span><\/div><\/p><\/div><\/div><!--close column table wrapper. Autoclose: 1 -->\n\n<\/div><\/div><\/div><!-- close content main div --><\/div><\/div><div id='av_section_6' class='avia-section main_color avia-section-huge avia-no-border-styling avia-bg-style-scroll  avia-builder-el-83  el_after_av_section  el_before_av_section    container_wrap fullsize' style='background-color: #2b595b;background-image: linear-gradient(to bottom right,#2b595b,#02232d); '  ><div class='container' ><div class='template-page content  av-content-full alpha units'><div class='post-entry post-entry-type-page post-entry-15191'><div class='entry-content-wrapper clearfix'>\n<div class=\"flex_column av_one_full  flex_column_div av-zero-column-padding first  avia-builder-el-84  el_before_av_two_fifth  avia-builder-el-first  \" style='border-radius:0px; '><section class=\"av_textblock_section \"  itemscope=\"itemscope\" itemtype=\"https:\/\/schema.org\/CreativeWork\" ><div class='avia_textblock  av_inherit_color '  style='color:#ffffff; '  itemprop=\"text\" ><h1 style=\"text-align: center;\"><span class=\"\">Komposition zur ZDF-Mediatheken-Serie \u00bbDie zweite Welle\u00ab<\/span><\/h1>\n<h3 style=\"text-align: center;\"><\/h3>\n<\/div><\/section><br \/>\n<div style='height:75px' class='hr hr-invisible   avia-builder-el-86  el_after_av_textblock  avia-builder-el-last  '><span class='hr-inner ' ><span class='hr-inner-style'><\/span><\/span><\/div><\/p><\/div><div class='flex_column_table av-equal-height-column-flextable -flextable' ><div class=\"flex_column av_two_fifth  flex_column_table_cell av-equal-height-column av-align-middle av-zero-column-padding first  avia-builder-el-87  el_after_av_one_full  el_before_av_two_fifth   column-top-margin\" style='border-radius:0px; '><p><div class='avia-image-container  av-styling- av-hover-grow av-hide-overflow   avia-builder-el-88  el_before_av_hr  avia-builder-el-first   avia-align-center '  itemprop=\"image\" itemscope=\"itemscope\" itemtype=\"https:\/\/schema.org\/ImageObject\"  ><div class='avia-image-container-inner'><div class='avia-image-overlay-wrap'><a href='https:\/\/lnk.to\/6FqwyESp' class='avia_image'   target=\"_blank\" ><img class='avia_image ' src='https:\/\/eliasfilmmusik.de\/wp-content\/uploads\/2024\/02\/DieZweiteWelle-1030x1030.jpg' alt='' title='DieZweiteWelle'  itemprop=\"thumbnailUrl\"  \/><\/a><\/div><\/div><\/div><br \/>\n<div style='height:50px' class='hr hr-invisible   avia-builder-el-89  el_after_av_image  avia-builder-el-last  '><span class='hr-inner ' ><span class='hr-inner-style'><\/span><\/span><\/div><\/p><\/div><div class='av-flex-placeholder'><\/div><div class=\"flex_column av_two_fifth  flex_column_table_cell av-equal-height-column av-align-middle av-zero-column-padding   avia-builder-el-90  el_after_av_two_fifth  el_before_av_one_fifth  column-top-margin\" style='border-radius:0px; '><p><div class='avia-image-container avia_animated_image avia_animate_when_almost_visible left-to-right av-styling- av-hover-grow   avia-builder-el-91  el_before_av_hr  avia-builder-el-first   avia-align-center '  itemprop=\"image\" itemscope=\"itemscope\" itemtype=\"https:\/\/schema.org\/ImageObject\"  ><div class='avia-image-container-inner'><div class='avia-image-overlay-wrap'><a href='https:\/\/www.rollingstone.de\/die-zweite-welle-karim-sebastian-elias-veroeffentlicht-soundtrack-2682421\/' class='avia_image'   target=\"_blank\" ><img class='avia_image ' src='https:\/\/eliasfilmmusik.de\/wp-content\/uploads\/2020\/11\/Rolling_Stone-Logo_big-300x61.png' alt='' title='Rolling_Stone-Logo_big'  itemprop=\"thumbnailUrl\"  \/><\/a><\/div><\/div><\/div><br \/>\n<div style='height:25px' class='hr hr-invisible   avia-builder-el-92  el_after_av_image  el_before_av_textblock  '><span class='hr-inner ' ><span class='hr-inner-style'><\/span><\/span><\/div><br \/>\n<section class=\"av_textblock_section \"  itemscope=\"itemscope\" itemtype=\"https:\/\/schema.org\/CreativeWork\" ><div class='avia_textblock  av_inherit_color '  style='color:#ffffff; '  itemprop=\"text\" ><p class=\"large-text\" style=\"text-align: center;\"><em>\u201eIn \u201aDie zweite Welle\u2018 konfrontiere ich meine Figuren mit den blinden Flecken in ihrem Selbstbild, zwinge sie, sich einer alten Schuld zu stellen &#8211; w\u00e4hrend Karim sie mit seiner wunderbaren und sensiblen Musik immer wieder auff\u00e4ngt, sie durch die Geschichte tr\u00e4gt und sicherstellt, dass sie ihre W\u00fcrde nie verlieren.\u201c<\/em><\/p>\n<p class=\"large-text\" style=\"text-align: center;\"><em>\u2014 Sarah Schnier<br \/>\n(Autorin, Showrunner, Creative Producer)<\/em><\/p>\n<\/div><\/section><br \/>\n<div style='height:50px' class='hr hr-invisible   avia-builder-el-94  el_after_av_textblock  avia-builder-el-last  '><span class='hr-inner ' ><span class='hr-inner-style'><\/span><\/span><\/div><\/p><\/div><div class='av-flex-placeholder'><\/div><div class=\"flex_column av_one_fifth  flex_column_table_cell av-equal-height-column av-align-middle av-zero-column-padding   avia-builder-el-95  el_after_av_two_fifth  el_before_av_one_half  column-top-margin\" style='border-radius:0px; '><p><div class='avia-image-container  av-styling-circle av-hover-grow av-hide-overflow  av-small-hide av-mini-hide  avia-builder-el-96  el_before_av_image  avia-builder-el-first   avia-align-center '  itemprop=\"image\" itemscope=\"itemscope\" itemtype=\"https:\/\/schema.org\/ImageObject\"  ><div class='avia-image-container-inner'><div class='avia-image-overlay-wrap'><a href='https:\/\/eliasfilmmusik.de\/wp-content\/uploads\/2024\/02\/DieZweiteWelle-Premiere.jpeg' class='avia_image'  ><img class='avia_image ' src='https:\/\/eliasfilmmusik.de\/wp-content\/uploads\/2024\/02\/DieZweiteWelle-PremiereThumb-592x1030.jpg' alt='' title='Die Zweite Welle - Premiere in Cologne'  itemprop=\"thumbnailUrl\"  \/><\/a><\/div><\/div><\/div><br \/>\n<div class='avia-image-container  av-styling- av-hover-grow av-hide-overflow  av-desktop-hide av-medium-hide  avia-builder-el-97  el_after_av_image  el_before_av_hr   avia-align-center '  itemprop=\"image\" itemscope=\"itemscope\" itemtype=\"https:\/\/schema.org\/ImageObject\"  ><div class='avia-image-container-inner'><div class='avia-image-overlay-wrap'><img class='avia_image' src='https:\/\/eliasfilmmusik.de\/wp-content\/uploads\/2024\/02\/DieZweiteWelle-Premiere-1030x773.jpeg' alt='' title='DieZweiteWelle-Premiere' height=\"773\" width=\"1030\"  itemprop=\"thumbnailUrl\"  \/><\/div><\/div><\/div><br \/>\n<div style='height:75px' class='hr hr-invisible  av-desktop-hide av-medium-hide  avia-builder-el-98  el_after_av_image  avia-builder-el-last  '><span class='hr-inner ' ><span class='hr-inner-style'><\/span><\/span><\/div><\/p><\/div><\/div><!--close column table wrapper. Autoclose: 1 --><div class=\"flex_column av_one_half  flex_column_div av-zero-column-padding first  avia-builder-el-99  el_after_av_one_fifth  el_before_av_one_half  column-top-margin\" style='border-radius:0px; '><br \/>\n<div style='height:30px' class='hr hr-invisible   avia-builder-el-101  el_after_av_codeblock  el_before_av_textblock  '><span class='hr-inner ' ><span class='hr-inner-style'><\/span><\/span><\/div><br \/>\n<section class=\"av_textblock_section \"  itemscope=\"itemscope\" itemtype=\"https:\/\/schema.org\/CreativeWork\" ><div class='avia_textblock  av_inherit_color '  style='color:#ffffff; '  itemprop=\"text\" ><p>Im November 2023 war \u201eDie Zweite Welle\u201c die meist gestreamte ZDF-Mediathekenserie.<\/p>\n<p>F\u00fcr die Filmmusik habe ich mit Musiker:innen in Bangkok mit traditionelle thail\u00e4ndische Instrumenten aufgenommen, und diese mit Fieldrecording und elektronischen Sounds verbunden.<\/p>\n<\/div><\/section><\/p><\/div><div class=\"flex_column av_one_half  flex_column_div av-zero-column-padding   avia-builder-el-103  el_after_av_one_half  avia-builder-el-last  column-top-margin\" style='border-radius:0px; '><p><div  data-size='portfolio'  data-lightbox_size='large'  data-animation='slide'  data-conditional_play=''  data-ids='12606,12614,12643,12618,12628,12626,12672,12622,12620,12616,12670,12668,12664,12674,12666,12645'  data-video_counter='0'  data-autoplay='true'  data-bg_slider='false'  data-slide_height=''  data-handle='av_slideshow'  data-interval='3'  data-class=' avia-builder-el-104  el_before_av_hr  avia-builder-el-first    avia-small-width-slider'  data-css_id=''  data-scroll_down=''  data-control_layout='av-control-default'  data-custom_markup=''  data-perma_caption=''  data-autoplay_stopper=''  data-image_attachment=''  data-min_height='0px'  data-default-height='80.808080808081'  class='avia-slideshow avia-slideshow-1  av-control-default av-default-height-applied avia-slideshow-portfolio av_slideshow  avia-builder-el-104  el_before_av_hr  avia-builder-el-first    avia-small-width-slider avia-slide-slider '  itemprop=\"image\" itemscope=\"itemscope\" itemtype=\"https:\/\/schema.org\/ImageObject\" ><ul class='avia-slideshow-inner ' style='padding-bottom: 80.808080808081%;' ><li  class=' slide-1 ' ><div data-rel='slideshow-1' class='avia-slide-wrap '   ><img src='https:\/\/eliasfilmmusik.de\/wp-content\/uploads\/2022\/08\/Was-Zaehlt_FieldrecordingStudioSession-Bangkok_Thailand_01-495x400.jpg' width='495' height='400' title='Was Zaehlt_Fieldrecording+StudioSession Bangkok_Thailand_01' alt=''  itemprop=\"thumbnailUrl\"   \/><\/div><\/li><li  class=' slide-2 ' ><div data-rel='slideshow-1' class='avia-slide-wrap '   ><img src='https:\/\/eliasfilmmusik.de\/wp-content\/uploads\/2022\/08\/Was-Zaehlt_FieldrecordingStudioSession-Bangkok_Thailand_04-495x400.jpg' width='495' height='400' title='Was Zaehlt_Fieldrecording+StudioSession Bangkok_Thailand_04' alt=''  itemprop=\"thumbnailUrl\"   \/><\/div><\/li><li  class=' slide-3 ' ><div data-rel='slideshow-1' class='avia-slide-wrap '   ><img src='https:\/\/eliasfilmmusik.de\/wp-content\/uploads\/2022\/08\/Was-Zaehlt_FieldrecordingStudioSession-Bangkok_Thailand_09-495x400.jpg' width='495' height='400' title='Was Zaehlt_Fieldrecording+StudioSession Bangkok_Thailand_09' alt=''  itemprop=\"thumbnailUrl\"   \/><\/div><\/li><li  class=' slide-4 ' ><div data-rel='slideshow-1' class='avia-slide-wrap '   ><img src='https:\/\/eliasfilmmusik.de\/wp-content\/uploads\/2022\/08\/Was-Zaehlt_FieldrecordingStudioSession-Bangkok_Thailand_08-495x400.jpg' width='495' height='400' title='Was Zaehlt_Fieldrecording+StudioSession Bangkok_Thailand_08' alt=''  itemprop=\"thumbnailUrl\"   \/><\/div><\/li><li  class=' slide-5 ' ><div data-rel='slideshow-1' class='avia-slide-wrap '   ><img src='https:\/\/eliasfilmmusik.de\/wp-content\/uploads\/2022\/08\/Was-Zaehlt_FieldrecordingStudioSession-Bangkok_Thailand_15-495x400.jpg' width='495' height='400' title='Was Zaehlt_Fieldrecording+StudioSession Bangkok_Thailand_15' alt=''  itemprop=\"thumbnailUrl\"   \/><\/div><\/li><li  class=' slide-6 ' ><div data-rel='slideshow-1' class='avia-slide-wrap '   ><img src='https:\/\/eliasfilmmusik.de\/wp-content\/uploads\/2022\/08\/Was-Zaehlt_FieldrecordingStudioSession-Bangkok_Thailand_13-495x400.jpg' width='495' height='400' title='Was Zaehlt_Fieldrecording+StudioSession Bangkok_Thailand_13' alt=''  itemprop=\"thumbnailUrl\"   \/><\/div><\/li><li  class=' slide-7 ' ><div data-rel='slideshow-1' class='avia-slide-wrap '   ><img src='https:\/\/eliasfilmmusik.de\/wp-content\/uploads\/2022\/08\/Was-Zaehlt_FieldrecordingStudioSession-Bangkok_Thailand_02-495x400.jpg' width='495' height='400' title='Was Zaehlt_Fieldrecording+StudioSession Bangkok_Thailand_02' alt=''  itemprop=\"thumbnailUrl\"   \/><\/div><\/li><li  class=' slide-8 ' ><div data-rel='slideshow-1' class='avia-slide-wrap '   ><img src='https:\/\/eliasfilmmusik.de\/wp-content\/uploads\/2022\/08\/Was-Zaehlt_FieldrecordingStudioSession-Bangkok_Thailand_11-495x400.jpg' width='495' height='400' title='Was Zaehlt_Fieldrecording+StudioSession Bangkok_Thailand_11' alt=''  itemprop=\"thumbnailUrl\"   \/><\/div><\/li><li  class=' slide-9 ' ><div data-rel='slideshow-1' class='avia-slide-wrap '   ><img src='https:\/\/eliasfilmmusik.de\/wp-content\/uploads\/2022\/08\/Was-Zaehlt_FieldrecordingStudioSession-Bangkok_Thailand_10-495x400.jpg' width='495' height='400' title='Was Zaehlt_Fieldrecording+StudioSession Bangkok_Thailand_10' alt=''  itemprop=\"thumbnailUrl\"   \/><\/div><\/li><li  class=' slide-10 ' ><div data-rel='slideshow-1' class='avia-slide-wrap '   ><img src='https:\/\/eliasfilmmusik.de\/wp-content\/uploads\/2022\/08\/Was-Zaehlt_FieldrecordingStudioSession-Bangkok_Thailand_07-495x400.jpg' width='495' height='400' title='Was Zaehlt_Fieldrecording+StudioSession Bangkok_Thailand_07' alt=''  itemprop=\"thumbnailUrl\"   \/><\/div><\/li><li  class=' slide-11 ' ><div data-rel='slideshow-1' class='avia-slide-wrap '   ><img src='https:\/\/eliasfilmmusik.de\/wp-content\/uploads\/2022\/08\/Was-Zaehlt_FieldrecordingStudioSession-Bangkok_Thailand_22-495x400.jpg' width='495' height='400' title='Was Zaehlt_Fieldrecording+StudioSession Bangkok_Thailand_22' alt=''  itemprop=\"thumbnailUrl\"   \/><\/div><\/li><li  class=' slide-12 ' ><div data-rel='slideshow-1' class='avia-slide-wrap '   ><img src='https:\/\/eliasfilmmusik.de\/wp-content\/uploads\/2022\/08\/Was-Zaehlt_FieldrecordingStudioSession-Bangkok_Thailand_05-1-495x400.png' width='495' height='400' title='Was Zaehlt_Fieldrecording+StudioSession Bangkok_Thailand_05' alt=''  itemprop=\"thumbnailUrl\"   \/><\/div><\/li><li  class=' slide-13 ' ><div data-rel='slideshow-1' class='avia-slide-wrap '   ><img src='https:\/\/eliasfilmmusik.de\/wp-content\/uploads\/2022\/08\/Was-Zaehlt_FieldrecordingStudioSession-Bangkok_Thailand_23-1-495x400.jpeg' width='495' height='400' title='Was Zaehlt_Fieldrecording+StudioSession Bangkok_Thailand_23' alt=''  itemprop=\"thumbnailUrl\"   \/><\/div><\/li><li  class=' slide-14 ' ><div data-rel='slideshow-1' class='avia-slide-wrap '   ><img src='https:\/\/eliasfilmmusik.de\/wp-content\/uploads\/2022\/08\/Was-Zaehlt_FieldrecordingStudioSession-Bangkok_Thailand_03-1-495x400.jpg' width='495' height='400' title='Was Zaehlt_Fieldrecording+StudioSession Bangkok_Thailand_03' alt=''  itemprop=\"thumbnailUrl\"   \/><\/div><\/li><li  class=' slide-15 ' ><div data-rel='slideshow-1' class='avia-slide-wrap '   ><img src='https:\/\/eliasfilmmusik.de\/wp-content\/uploads\/2022\/08\/Was-Zaehlt_FieldrecordingStudioSession-Bangkok_Thailand_20-1-495x400.jpeg' width='495' height='400' title='Was Zaehlt_Fieldrecording+StudioSession Bangkok_Thailand_20' alt=''  itemprop=\"thumbnailUrl\"   \/><\/div><\/li><li  class=' slide-16 ' ><div data-rel='slideshow-1' class='avia-slide-wrap '   ><img src='https:\/\/eliasfilmmusik.de\/wp-content\/uploads\/2022\/08\/Was-Zaehlt_FieldrecordingStudioSession-Bangkok_Thailand_16-495x400.jpg' width='495' height='400' title='Was Zaehlt_Fieldrecording+StudioSession Bangkok_Thailand_16' alt=''  itemprop=\"thumbnailUrl\"   \/><\/div><\/li><\/ul><div class='avia-slideshow-arrows avia-slideshow-controls'><a href='#prev' class='prev-slide' aria-hidden='true' data-av_icon='\ue87c' data-av_iconfont='entypo-fontello'>Previous<\/a><a href='#next' class='next-slide' aria-hidden='true' data-av_icon='\ue87d' data-av_iconfont='entypo-fontello'>Next<\/a><\/div><div class='avia-slideshow-dots avia-slideshow-controls'><a href='#1' class='goto-slide active' >1<\/a><a href='#2' class='goto-slide ' >2<\/a><a href='#3' class='goto-slide ' >3<\/a><a href='#4' class='goto-slide ' >4<\/a><a href='#5' class='goto-slide ' >5<\/a><a href='#6' class='goto-slide ' >6<\/a><a href='#7' class='goto-slide ' >7<\/a><a href='#8' class='goto-slide ' >8<\/a><a href='#9' class='goto-slide ' >9<\/a><a href='#10' class='goto-slide ' >10<\/a><a href='#11' class='goto-slide ' >11<\/a><a href='#12' class='goto-slide ' >12<\/a><a href='#13' class='goto-slide ' >13<\/a><a href='#14' class='goto-slide ' >14<\/a><a href='#15' class='goto-slide ' >15<\/a><a href='#16' class='goto-slide ' >16<\/a><\/div><\/div><br \/>\n<div style='height:75px' class='hr hr-invisible   avia-builder-el-105  el_after_av_slideshow  avia-builder-el-last  '><span class='hr-inner ' ><span class='hr-inner-style'><\/span><\/span><\/div><\/p><\/div>\n\n<\/div><\/div><\/div><!-- close content main div --><\/div><\/div><div id='av_section_7' class='avia-section main_color avia-section-huge avia-no-border-styling avia-bg-style-scroll  avia-builder-el-106  el_after_av_section  el_before_av_section    container_wrap fullsize' style='background-color: #271f1a;background-image: linear-gradient(45deg,#271f1a,#0c0c0a); '  ><div class='container' ><div class='template-page content  av-content-full alpha units'><div class='post-entry post-entry-type-page post-entry-15191'><div class='entry-content-wrapper clearfix'>\n<div class=\"flex_column av_one_full  flex_column_div av-zero-column-padding first  avia-builder-el-107  el_before_av_one_third  avia-builder-el-first  \" style='border-radius:0px; '><section class=\"av_textblock_section \"  itemscope=\"itemscope\" itemtype=\"https:\/\/schema.org\/CreativeWork\" ><div class='avia_textblock  av_inherit_color '  style='color:#ffffff; '  itemprop=\"text\" ><h1 style=\"text-align: center;\">Masterclass Film: \u00bbIm Westen nichts Neues\u00ab<\/h1>\n<\/div><\/section><br \/>\n<div style='height:50px' class='hr hr-invisible   avia-builder-el-109  el_after_av_textblock  avia-builder-el-last  '><span class='hr-inner ' ><span class='hr-inner-style'><\/span><\/span><\/div><\/p><\/div><div class=\"flex_column av_one_third  flex_column_div av-zero-column-padding first  avia-builder-el-110  el_after_av_one_full  el_before_av_three_fifth  column-top-margin\" style='border-radius:0px; '><p><div style='height:1px; margin-top:0px'  class='hr hr-invisible   avia-builder-el-111  el_before_av_image  avia-builder-el-first  '><span class='hr-inner ' ><span class='hr-inner-style'><\/span><\/span><\/div><br \/>\n<div class='avia-image-container  av-styling- av-hover-grow   avia-builder-el-112  el_after_av_hr  el_before_av_hr   avia-align-center '  itemprop=\"image\" itemscope=\"itemscope\" itemtype=\"https:\/\/schema.org\/ImageObject\"  ><div class='avia-image-container-inner'><div class='avia-image-overlay-wrap'><a href='https:\/\/presseportal.zdf.de\/pressemappe\/masterclass-neue-staffel-zu-im-westen-nichts-neues' class='avia_image'   target=\"_blank\" ><img class='avia_image ' src='https:\/\/eliasfilmmusik.de\/wp-content\/uploads\/2024\/02\/ZDF_Logo_Presse2-300x79.png' alt='' title='ZDF_Logo_Presse2'  itemprop=\"thumbnailUrl\"  \/><\/a><\/div><\/div><\/div><br \/>\n<div style='height:35px' class='hr hr-invisible   avia-builder-el-113  el_after_av_image  el_before_av_textblock  '><span class='hr-inner ' ><span class='hr-inner-style'><\/span><\/span><\/div><br \/>\n<section class=\"av_textblock_section \"  itemscope=\"itemscope\" itemtype=\"https:\/\/schema.org\/CreativeWork\" ><div class='avia_textblock  av_inherit_color '  style='color:#ffffff; '  itemprop=\"text\" ><p class=\"large-text\" style=\"text-align: center; max-width: 300px; margin: auto;\"><em>\u201e\u00bbIm Westen nichts Neues\u00ab konnte nur mit Team-Spirit ein Welterfolg werden\u201c<\/em><\/p>\n<\/div><\/section><br \/>\n<div style='height:35px' class='hr hr-invisible   avia-builder-el-115  el_after_av_textblock  el_before_av_textblock  '><span class='hr-inner ' ><span class='hr-inner-style'><\/span><\/span><\/div><br \/>\n<section class=\"av_textblock_section \"  itemscope=\"itemscope\" itemtype=\"https:\/\/schema.org\/CreativeWork\" ><div class='avia_textblock  av_inherit_color '  style='color:#ffffff; '  itemprop=\"text\" ><p>Der deutsche Antikriegsfilm &#8220;Im Westen nichts Neues&#8221; (2022) ist ein internationaler Filmerfolg. Er wurde unter anderem mit sieben BAFTAs (British Academy Film Awards), neun Lolas und vier Oscars ausgezeichnet. &#8220;Im Westen nichts Neues&#8221; ist der erste deutsche Film \u00fcberhaupt, der in der Kategorie Bester Film bei den Oscars nominiert war. Was ist das Geheimnis hinter diesem beispiellosen Erfolg?<\/p>\n<p>Die neue Staffel der &#8220;Masterclass&#8221; geht dieser Frage nach. In insgesamt neun Folgen spricht Karim Sebastian Elias mit: Edward Berger (Regie), Volker Bertelmann alias Hauschka (Musik), Malte Grunert (Produktion), James Friend (Kamera), Lisy Christl (Kost\u00fcmbild), Heike Merker (Maskenbild), Frank Petzold (VFX), Frank Kruse (Sound) und Christian Goldbeck (Szenenbild).<\/p>\n<\/div><\/section><br \/>\n<div style='height:50px' class='hr hr-invisible   avia-builder-el-117  el_after_av_textblock  avia-builder-el-last  '><span class='hr-inner ' ><span class='hr-inner-style'><\/span><\/span><\/div><\/p><\/div><div class=\"flex_column av_three_fifth  flex_column_div av-zero-column-padding   avia-builder-el-118  el_after_av_one_third  el_before_av_two_fifth   column-top-margin\" style='border-radius:0px; '><p><div style='height:50px' class='hr hr-invisible  av-small-hide av-mini-hide  avia-builder-el-119  el_before_av_slideshow  avia-builder-el-first  '><span class='hr-inner ' ><span class='hr-inner-style'><\/span><\/span><\/div><br \/>\n<div  data-size='no scaling'  data-lightbox_size='large'  data-animation='slide'  data-conditional_play=''  data-ids='13495,13471,13499,13497,13493'  data-video_counter='0'  data-autoplay='true'  data-bg_slider='false'  data-slide_height=''  data-handle='av_slideshow'  data-interval='3'  data-class=' avia-builder-el-120  el_after_av_hr  el_before_av_hr   '  data-css_id=''  data-scroll_down=''  data-control_layout='av-control-default'  data-custom_markup=''  data-perma_caption=''  data-autoplay_stopper=''  data-image_attachment=''  data-min_height='0px'  class='avia-slideshow avia-slideshow-2  av-control-default av-default-height-applied avia-slideshow-no scaling av_slideshow  avia-builder-el-120  el_after_av_hr  el_before_av_hr    avia-slide-slider '  itemprop=\"image\" itemscope=\"itemscope\" itemtype=\"https:\/\/schema.org\/ImageObject\" ><ul class='avia-slideshow-inner ' style='padding-bottom: 57.6171875%;' ><li  class=' slide-1 ' ><div data-rel='slideshow-2' class='avia-slide-wrap '   ><img src='https:\/\/eliasfilmmusik.de\/wp-content\/uploads\/2024\/02\/InterviewEdwardBerger-1.jpeg' width='1024' height='590' title='InterviewEdwardBerger' alt=''  itemprop=\"thumbnailUrl\"   \/><\/div><\/li><li  class=' slide-2 ' ><div data-rel='slideshow-2' class='avia-slide-wrap '   ><img src='https:\/\/eliasfilmmusik.de\/wp-content\/uploads\/2024\/02\/Interview_grunert.jpeg' width='1024' height='590' title='Interview_grunert' alt=''  itemprop=\"thumbnailUrl\"   \/><\/div><\/li><li  class=' slide-3 ' ><div data-rel='slideshow-2' class='avia-slide-wrap '   ><img src='https:\/\/eliasfilmmusik.de\/wp-content\/uploads\/2024\/02\/sebastian-elias-1.jpg' width='1024' height='590' title='sebastian-elias' alt=''  itemprop=\"thumbnailUrl\"   \/><\/div><\/li><li  class=' slide-4 ' ><div data-rel='slideshow-2' class='avia-slide-wrap '   ><img src='https:\/\/eliasfilmmusik.de\/wp-content\/uploads\/2024\/02\/InterviewKostuem-1.jpg' width='1024' height='590' title='InterviewKostuem' alt=''  itemprop=\"thumbnailUrl\"   \/><\/div><\/li><li  class=' slide-5 ' ><div data-rel='slideshow-2' class='avia-slide-wrap '   ><img src='https:\/\/eliasfilmmusik.de\/wp-content\/uploads\/2024\/02\/Interview_heike-merker-1.jpg' width='1024' height='590' title='Interview_heike-merker' alt=''  itemprop=\"thumbnailUrl\"   \/><\/div><\/li><\/ul><div class='avia-slideshow-arrows avia-slideshow-controls'><a href='#prev' class='prev-slide' aria-hidden='true' data-av_icon='\ue87c' data-av_iconfont='entypo-fontello'>Previous<\/a><a href='#next' class='next-slide' aria-hidden='true' data-av_icon='\ue87d' data-av_iconfont='entypo-fontello'>Next<\/a><\/div><div class='avia-slideshow-dots avia-slideshow-controls'><a href='#1' class='goto-slide active' >1<\/a><a href='#2' class='goto-slide ' >2<\/a><a href='#3' class='goto-slide ' >3<\/a><a href='#4' class='goto-slide ' >4<\/a><a href='#5' class='goto-slide ' >5<\/a><\/div><\/div><br \/>\n<div style='height:15px' class='hr hr-invisible   avia-builder-el-121  el_after_av_slideshow  el_before_av_button  '><span class='hr-inner ' ><span class='hr-inner-style'><\/span><\/span><\/div><br \/>\n<div class='avia-button-wrap avia-button-center  avia-builder-el-122  el_after_av_hr  el_before_av_hr  '><a href='https:\/\/www.zdf.de\/kultur\/masterclass'  class='avia-button av-icon-on-hover  avia-icon_select-no avia-color-light avia-size-medium avia-position-center '  target=\"_blank\"   ><span class='avia_iconbox_title' >ZUR MASTERCLASS<\/span><\/a><\/div><br \/>\n<div style='height:75px' class='hr hr-invisible   avia-builder-el-123  el_after_av_button  avia-builder-el-last  '><span class='hr-inner ' ><span class='hr-inner-style'><\/span><\/span><\/div><\/p><\/div><div class=\"flex_column av_two_fifth  flex_column_div av-zero-column-padding first  avia-builder-el-124  el_after_av_three_fifth  el_before_av_one_half  \" style='border-radius:0px; '><p><div style='height:50px' class='hr hr-invisible  av-small-hide av-mini-hide  avia-builder-el-125  el_before_av_image  avia-builder-el-first  '><span class='hr-inner ' ><span class='hr-inner-style'><\/span><\/span><\/div><br \/>\n<div class='avia-image-container avia_animated_image avia_animate_when_almost_visible left-to-right av-styling- av-hover-grow   avia-builder-el-126  el_after_av_hr  el_before_av_hr   avia-align-center '  itemprop=\"image\" itemscope=\"itemscope\" itemtype=\"https:\/\/schema.org\/ImageObject\"  ><div class='avia-image-container-inner'><div class='avia-image-overlay-wrap'><a href='https:\/\/www.blickpunktfilm.de\/kino\/nachgefragt-filmkomponist-karim-sebastian-elias-ueber-die-masterclass-film-inspirierende-wechselwirkung-928ee98bba348157569812ca90524f72' class='avia_image'   target=\"_blank\" ><img class='avia_image ' src='https:\/\/eliasfilmmusik.de\/wp-content\/uploads\/2024\/02\/Blickpunkt_Film_Logo_weiss-300x48.png' alt='' title='Blickpunkt_Film_Logo_weiss'  itemprop=\"thumbnailUrl\"  \/><\/a><\/div><\/div><\/div><br \/>\n<div style='height:10px' class='hr hr-invisible   avia-builder-el-127  el_after_av_image  el_before_av_textblock  '><span class='hr-inner ' ><span class='hr-inner-style'><\/span><\/span><\/div><br \/>\n<section class=\"av_textblock_section \"  itemscope=\"itemscope\" itemtype=\"https:\/\/schema.org\/CreativeWork\" ><div class='avia_textblock  av_inherit_color '  style='color:#ffffff; '  itemprop=\"text\" ><p style=\"text-align: left; max-width: 300px; margin: auto;\">Karim Sebastian Elias im Interview mit Blickpunkt:Film zur neuen Reihe der Masterclass Film.<\/p>\n<\/div><\/section><br \/>\n<div style='height:50px' class='hr hr-invisible   avia-builder-el-129  el_after_av_textblock  el_before_av_image  '><span class='hr-inner ' ><span class='hr-inner-style'><\/span><\/span><\/div><br \/>\n<div class='avia-image-container avia_animated_image avia_animate_when_almost_visible left-to-right av-styling- av-hover-grow   avia-builder-el-130  el_after_av_hr  el_before_av_textblock   avia-align-center '  itemprop=\"image\" itemscope=\"itemscope\" itemtype=\"https:\/\/schema.org\/ImageObject\"  ><div class='avia-image-container-inner'><div class='avia-image-overlay-wrap'><a href='https:\/\/www.rollingstone.de\/im-westen-nichts-neues-konnte-nur-mit-team-spirit-ein-welterfolg-werden-2625925\/' class='avia_image'   target=\"_blank\" ><img class='avia_image ' src='https:\/\/eliasfilmmusik.de\/wp-content\/uploads\/2020\/11\/Rolling_Stone-Logo_big-300x61.png' alt='' title='Rolling_Stone-Logo_big'  itemprop=\"thumbnailUrl\"  \/><\/a><\/div><\/div><\/div><br \/>\n<section class=\"av_textblock_section \"  itemscope=\"itemscope\" itemtype=\"https:\/\/schema.org\/CreativeWork\" ><div class='avia_textblock  av_inherit_color '  style='color:#ffffff; '  itemprop=\"text\" ><p style=\"text-align: left; max-width: 300px; margin: auto;\">Der Rolling Stone \u00fcber die Masterclass und die Gespr\u00e4che mit den Machern von &#8220;Im Westen Nichts Neues&#8221;.<\/p>\n<\/div><\/section><br \/>\n<div style='height:75px' class='hr hr-invisible   avia-builder-el-132  el_after_av_textblock  avia-builder-el-last  '><span class='hr-inner ' ><span class='hr-inner-style'><\/span><\/span><\/div><\/p><\/div><div class=\"flex_column av_one_half  flex_column_div av-zero-column-padding   avia-builder-el-133  el_after_av_two_fifth  avia-builder-el-last  \" style='border-radius:0px; '><section class=\"av_textblock_section \"  itemscope=\"itemscope\" itemtype=\"https:\/\/schema.org\/CreativeWork\" ><div class='avia_textblock  av_inherit_color '  style='color:#ffffff; '  itemprop=\"text\" ><h3>\u00dcber die Masterclass Film<\/h3>\n<\/div><\/section><br \/>\n<section class=\"av_textblock_section \"  itemscope=\"itemscope\" itemtype=\"https:\/\/schema.org\/CreativeWork\" ><div class='avia_textblock  av_inherit_color '  style='color:#ffffff; '  itemprop=\"text\" ><p>Seit 2017 gew\u00e4hrt Prof. Karim Sebastian Elias mit seiner Masterclass Film einen einzigartigen Einblick in die k\u00fcnstlerische Arbeit, in Abl\u00e4ufe, Inspiration und Herausforderungen, in Fragen der \u00c4sthetik, spezifische Techniken oder den Bezug zum Publikum, vor allem aber in die F\u00fclle an individuellen kreativen Bewertungen und Entscheidungen von der ersten Idee bis hin zur finalen Fassung preisgekr\u00f6nter Filmproduktionen.<\/p>\n<p>Die Masterclass Film ist eine Kooperation der Filmuniversit\u00e4t Babelsberg KONRAD WOLF mit ZDFKultur, der Deutschen Filmakademie und der GEMA Stiftung.<\/p>\n<\/div><\/section><br \/>\n<div style='height:75px' class='hr hr-invisible   avia-builder-el-136  el_after_av_textblock  avia-builder-el-last  '><span class='hr-inner ' ><span class='hr-inner-style'><\/span><\/span><\/div><\/p><\/div>\n\n<\/div><\/div><\/div><!-- close content main div --><\/div><\/div><div id='av_section_8' class='avia-section main_color avia-section-huge avia-no-border-styling avia-full-stretch av-parallax-section avia-bg-style-parallax  avia-builder-el-137  el_after_av_section  el_before_av_section    container_wrap fullsize' style=' '  data-section-bg-repeat='stretch'><div class='av-parallax' data-avia-parallax-ratio='0.3' ><div class='av-parallax-inner main_color  avia-full-stretch' style = 'background-color: #2b595b;background-repeat: no-repeat; background-image: url(https:\/\/eliasfilmmusik.de\/wp-content\/uploads\/2024\/02\/club-las-piranjas_BGblurred_dark-210x300.jpg), linear-gradient(#2b595b,#02232d);background-attachment: scroll; background-position: center center; ' ><\/div><\/div><div class='container' ><div class='template-page content  av-content-full alpha units'><div class='post-entry post-entry-type-page post-entry-15191'><div class='entry-content-wrapper clearfix'>\n<div class=\"flex_column av_one_full  flex_column_div av-zero-column-padding first  avia-builder-el-138  el_before_av_two_fifth  avia-builder-el-first  \" style='border-radius:0px; '><section class=\"av_textblock_section \"  itemscope=\"itemscope\" itemtype=\"https:\/\/schema.org\/CreativeWork\" ><div class='avia_textblock  av_inherit_color '  style='color:#ffffff; '  itemprop=\"text\" ><h1 style=\"text-align: center;\">Musik zur Hape Kerkeling Serie bei RTL+<\/h1>\n<h3 style=\"text-align: center;\">\u00bbClub las Piranjas\u00ab<\/h3>\n<\/div><\/section><br \/>\n<div style='height:75px' class='hr hr-invisible   avia-builder-el-140  el_after_av_textblock  avia-builder-el-last  '><span class='hr-inner ' ><span class='hr-inner-style'><\/span><\/span><\/div><\/p><\/div><div class=\"flex_column av_two_fifth  flex_column_div av-zero-column-padding first  avia-builder-el-141  el_after_av_one_full  el_before_av_one_half  column-top-margin\" style='border-radius:0px; '><p><div class='avia-image-container  av-styling- av-hover-grow av-hide-overflow   avia-builder-el-142  el_before_av_hr  avia-builder-el-first   avia-align-center '  itemprop=\"image\" itemscope=\"itemscope\" itemtype=\"https:\/\/schema.org\/ImageObject\"  ><div class='avia-image-container-inner'><div class='avia-image-overlay-wrap'><a href='https:\/\/open.spotify.com\/album\/2jNOsvAZKbipWqVKjZYk7k?si=Ag6nBnvHQg6Zpibfq77FkA' class='avia_image'   target=\"_blank\" ><img class='avia_image ' src='https:\/\/eliasfilmmusik.de\/wp-content\/uploads\/2024\/02\/ClubLasPiranjas-1030x1030.jpg' alt='' title='ClubLasPiranjas'  itemprop=\"thumbnailUrl\"  \/><\/a><\/div><\/div><\/div><br \/>\n<div style='height:50px' class='hr hr-invisible   avia-builder-el-143  el_after_av_image  avia-builder-el-last  '><span class='hr-inner ' ><span class='hr-inner-style'><\/span><\/span><\/div><\/p><\/div><div class=\"flex_column av_one_half  flex_column_div av-zero-column-padding   avia-builder-el-144  el_after_av_two_fifth  avia-builder-el-last  column-top-margin\" style='border-radius:0px; '><p><div style='height:100px' class='hr hr-invisible  av-small-hide av-mini-hide  avia-builder-el-145  el_before_av_textblock  avia-builder-el-first  '><span class='hr-inner ' ><span class='hr-inner-style'><\/span><\/span><\/div><br \/>\n<section class=\"av_textblock_section \"  itemscope=\"itemscope\" itemtype=\"https:\/\/schema.org\/CreativeWork\" ><div class='avia_textblock  av_inherit_color '  style='color:#ffffff; '  itemprop=\"text\" ><p style=\"text-align: center;\"><em>\u201e\u00bbClub Las Piranjas\u00ab ist eine kurzweilige Comedy, die sich gl\u00fccklicherweise selbst nicht allzu ernst nimmt. Der gro\u00dfartig schreckliche Soundtrack (Musik: Karim Sebastian Elias, Originalsongs: Christian Geller) erinnert an eine Mischung aus schlechtem Schlager und dem Soundtrack des Kult-Computerspiels \u201eDie Sims\u201c. Hinzukommt ein fantastisches Ensemble, in dem neben den bereits Erw\u00e4hnten vor allem Rick Kavanian, Karin Lischka, Isabell Polak und Matthias Lamp (in seiner letzten Rolle) als unzufriedene Urlauber gl\u00e4nzen.\u201c<\/em><\/p>\n<p style=\"text-align: center;\"><em>\u2014 EXPRESS<\/em><\/p>\n<\/div><\/section><br \/>\n<div style='height:50px' class='hr hr-invisible   avia-builder-el-147  el_after_av_textblock  avia-builder-el-last  '><span class='hr-inner ' ><span class='hr-inner-style'><\/span><\/span><\/div><\/p><\/div>\n\n<\/div><\/div><\/div><!-- close content main div --><\/div><\/div><div id='av_section_9' class='avia-section main_color avia-section-huge avia-no-border-styling avia-full-stretch avia-bg-style-scroll  avia-builder-el-148  el_after_av_section  el_before_av_section    container_wrap fullsize' style='background-repeat: no-repeat; background-image: url(https:\/\/eliasfilmmusik.de\/wp-content\/uploads\/2021\/11\/filmpreis_bg.jpg);background-attachment: scroll; background-position: center center;  '  data-section-bg-repeat='stretch'><div class='container' ><div class='template-page content  av-content-full alpha units'><div class='post-entry post-entry-type-page post-entry-15191'><div class='entry-content-wrapper clearfix'>\n<div class=\"flex_column av_one_full  flex_column_div av-zero-column-padding first  avia-builder-el-149  el_before_av_one_half  avia-builder-el-first  \" style='border-radius:0px; '><section class=\"av_textblock_section \"  itemscope=\"itemscope\" itemtype=\"https:\/\/schema.org\/CreativeWork\" ><div class='avia_textblock  av_inherit_color '  style='color:#ffffff; '  itemprop=\"text\" ><h1 style=\"text-align: center;\">Deutscher Filmpreis 2022<\/h1>\n<h3 style=\"text-align: center;\">Komposition und musikalische Leitung<\/h3>\n<\/div><\/section><br \/>\n<div style='height:75px' class='hr hr-invisible   avia-builder-el-151  el_after_av_textblock  avia-builder-el-last  '><span class='hr-inner ' ><span class='hr-inner-style'><\/span><\/span><\/div><\/p><\/div><div class='flex_column_table av-equal-height-column-flextable -flextable' ><div class=\"flex_column av_one_half  flex_column_table_cell av-equal-height-column av-align-middle av-zero-column-padding first  avia-builder-el-152  el_after_av_one_full  el_before_av_one_half   column-top-margin\" style='border-radius:0px; '><p><div class='avia-image-container  av-styling-    avia-builder-el-153  el_before_av_hr  avia-builder-el-first   avia-align-right '  itemprop=\"image\" itemscope=\"itemscope\" itemtype=\"https:\/\/schema.org\/ImageObject\"  ><div class='avia-image-container-inner'><div class='avia-image-overlay-wrap'><a href='https:\/\/eliasfilmmusik.de\/wp-content\/uploads\/2022\/08\/Filmpreis-1-1030x664.jpg' class='avia_image'  ><img class='avia_image ' src='https:\/\/eliasfilmmusik.de\/wp-content\/uploads\/2022\/08\/Filmpreis-1-1030x664.jpg' alt='' title='Filmpreis 1'  itemprop=\"thumbnailUrl\"  \/><\/a><\/div><\/div><\/div><br \/>\n<div style='height:75px' class='hr hr-invisible   avia-builder-el-154  el_after_av_image  avia-builder-el-last  '><span class='hr-inner ' ><span class='hr-inner-style'><\/span><\/span><\/div><\/p><\/div><div class='av-flex-placeholder'><\/div><div class=\"flex_column av_one_half  flex_column_table_cell av-equal-height-column av-align-middle av-zero-column-padding   avia-builder-el-155  el_after_av_one_half  avia-builder-el-last   column-top-margin\" style='border-radius:0px; '><p><div class='avia-image-container  av-styling-    avia-builder-el-156  el_before_av_hr  avia-builder-el-first   avia-align-left '  itemprop=\"image\" itemscope=\"itemscope\" itemtype=\"https:\/\/schema.org\/ImageObject\"  ><div class='avia-image-container-inner'><div class='avia-image-overlay-wrap'><a href='https:\/\/eliasfilmmusik.de\/wp-content\/uploads\/2022\/08\/Filmpreis-2-1030x665.jpg' class='avia_image'  ><img class='avia_image ' src='https:\/\/eliasfilmmusik.de\/wp-content\/uploads\/2022\/08\/Filmpreis-2-1030x665.jpg' alt='' title='Filmpreis 2'  itemprop=\"thumbnailUrl\"  \/><\/a><\/div><\/div><\/div><br \/>\n<div style='height:75px' class='hr hr-invisible   avia-builder-el-157  el_after_av_image  avia-builder-el-last  '><span class='hr-inner ' ><span class='hr-inner-style'><\/span><\/span><\/div><\/p><\/div><\/div><!--close column table wrapper. Autoclose: 1 -->\n\n<\/div><\/div><\/div><!-- close content main div --><\/div><\/div><div id='av_section_10' class='avia-section main_color avia-section-huge avia-no-border-styling avia-full-stretch avia-bg-style-scroll  avia-builder-el-158  el_after_av_section  el_before_av_section    container_wrap fullsize' style='background-repeat: no-repeat; background-image: url(https:\/\/eliasfilmmusik.de\/wp-content\/uploads\/2021\/11\/Filmmusiktage_bgDunkler.jpg);background-attachment: scroll; background-position: center center;  '  data-section-bg-repeat='stretch'><div class='container' ><div class='template-page content  av-content-full alpha units'><div class='post-entry post-entry-type-page post-entry-15191'><div class='entry-content-wrapper clearfix'>\n<div class=\"flex_column av_one_full  flex_column_div av-zero-column-padding first  avia-builder-el-159  el_before_av_one_half  avia-builder-el-first  \" style='border-radius:0px; '><section class=\"av_textblock_section \"  itemscope=\"itemscope\" itemtype=\"https:\/\/schema.org\/CreativeWork\" ><div class='avia_textblock  av_inherit_color '  style='color:#ffffff; '  itemprop=\"text\" ><h3 style=\"text-align: center;\"><img decoding=\"async\" loading=\"lazy\" class=\"wp-image-11531 size-full aligncenter\" src=\"https:\/\/eliasfilmmusik.de\/wp-content\/uploads\/2021\/11\/fmt-colored-normal_150.png\" alt=\"\" width=\"360\" height=\"81\" srcset=\"https:\/\/eliasfilmmusik.de\/wp-content\/uploads\/2021\/11\/fmt-colored-normal_150.png 360w, https:\/\/eliasfilmmusik.de\/wp-content\/uploads\/2021\/11\/fmt-colored-normal_150-300x68.png 300w\" sizes=\"(max-width: 360px) 100vw, 360px\" \/><\/h3>\n<\/div><\/section><br \/>\n<div style='height:75px' class='hr hr-invisible   avia-builder-el-161  el_after_av_textblock  avia-builder-el-last  '><span class='hr-inner ' ><span class='hr-inner-style'><\/span><\/span><\/div><\/p><\/div><div class='flex_column_table av-equal-height-column-flextable -flextable' ><div class=\"flex_column av_one_half  flex_column_table_cell av-equal-height-column av-align-top av-zero-column-padding first  avia-builder-el-162  el_after_av_one_full  el_before_av_one_half   column-top-margin\" style='border-radius:0px; '><section class=\"av_textblock_section \"  itemscope=\"itemscope\" itemtype=\"https:\/\/schema.org\/CreativeWork\" ><div class='avia_textblock  av_inherit_color '  style='color:#ffffff; '  itemprop=\"text\" ><h3 style=\"text-align: center;\">Speaker beim Kongress \u201eZukunftsmusik\u201c<\/h3>\n<\/div><\/section><br \/>\n<div style='height:10px' class='hr hr-invisible   avia-builder-el-164  el_after_av_textblock  el_before_av_textblock  '><span class='hr-inner ' ><span class='hr-inner-style'><\/span><\/span><\/div><br \/>\n<section class=\"av_textblock_section \"  itemscope=\"itemscope\" itemtype=\"https:\/\/schema.org\/CreativeWork\" ><div class='avia_textblock  av_inherit_color '  style='color:#ffffff; '  itemprop=\"text\" ><p style=\"text-align: center;\">Der Kongress geht der Frage nach, welche technischen, musikalischen und wirtschaftlichen Entwicklungen die Zukunft von Film und Musik bestimmen werden. Unter dem Motto \u201eWie klingt die Zukunft?\u201c wird das Programm mit Impulsvortr\u00e4gen und einer anschlie\u00dfenden Podiumsdiskussion mit Marcel Barsotti, Franziska Kollinger und Karim Sebastian Elias abgerundet.<\/p>\n<\/div><\/section><br \/>\n<div style='height:10px' class='hr hr-invisible   avia-builder-el-166  el_after_av_textblock  el_before_av_button  '><span class='hr-inner ' ><span class='hr-inner-style'><\/span><\/span><\/div><br \/>\n<div class='avia-button-wrap avia-button-center  avia-builder-el-167  el_after_av_hr  el_before_av_hr  '><a href='https:\/\/filmmusiktage.de\/kongress\/'  class='avia-button av-icon-on-hover  avia-icon_select-no avia-color-light avia-size-medium avia-position-center '  target=\"_blank\"   ><span class='avia_iconbox_title' >WEITERE INFOS<\/span><\/a><\/div><br \/>\n<div style='height:75px' class='hr hr-invisible   avia-builder-el-168  el_after_av_button  avia-builder-el-last  '><span class='hr-inner ' ><span class='hr-inner-style'><\/span><\/span><\/div><\/p><\/div><div class='av-flex-placeholder'><\/div><div class=\"flex_column av_one_half  flex_column_table_cell av-equal-height-column av-align-top av-zero-column-padding   avia-builder-el-169  el_after_av_one_half  avia-builder-el-last   column-top-margin\" style='border-radius:0px; '><section class=\"av_textblock_section \"  itemscope=\"itemscope\" itemtype=\"https:\/\/schema.org\/CreativeWork\" ><div class='avia_textblock  av_inherit_color '  style='color:#ffffff; '  itemprop=\"text\" ><h3 style=\"text-align: center;\">Galakonzert mit der Filmmusik von Ku&#8217;damm 63<\/h3>\n<\/div><\/section><br \/>\n<div style='height:10px' class='hr hr-invisible   avia-builder-el-171  el_after_av_textblock  el_before_av_textblock  '><span class='hr-inner ' ><span class='hr-inner-style'><\/span><\/span><\/div><br \/>\n<section class=\"av_textblock_section \"  itemscope=\"itemscope\" itemtype=\"https:\/\/schema.org\/CreativeWork\" ><div class='avia_textblock  av_inherit_color '  style='color:#ffffff; '  itemprop=\"text\" ><p style=\"text-align: center;\">Die Filmmusiktage begeben sich auf kulturelle Spurensuche und pr\u00e4sentieren die musikalische Vielfalt europ\u00e4ischer L\u00e4nder und Kulturkreise im diesj\u00e4hrigen Galakonzert der 14. Filmmusiktage. \u00dcber Mikis Theodorakis (Griechenland) von Bj\u00f6rk (Island) \u00fcber Karim Sebastian Elias (Deutschland &#8211; Ku\u2019damm 63) spielen wir europ\u00e4ische Filmmusiken.<\/p>\n<\/div><\/section><br \/>\n<div style='height:10px' class='hr hr-invisible   avia-builder-el-173  el_after_av_textblock  el_before_av_button  '><span class='hr-inner ' ><span class='hr-inner-style'><\/span><\/span><\/div><br \/>\n<div class='avia-button-wrap avia-button-center  avia-builder-el-174  el_after_av_hr  el_before_av_hr  '><a href='https:\/\/filmmusiktage.de\/konzerte\/'  class='avia-button av-icon-on-hover  avia-icon_select-no avia-color-light avia-size-medium avia-position-center '  target=\"_blank\"   ><span class='avia_iconbox_title' >WEITERE INFOS<\/span><\/a><\/div><br \/>\n<div style='height:50px' class='hr hr-invisible   avia-builder-el-175  el_after_av_button  avia-builder-el-last  '><span class='hr-inner ' ><span class='hr-inner-style'><\/span><\/span><\/div><\/p><\/div><\/div><!--close column table wrapper. Autoclose: 1 -->\n\n<\/div><\/div><\/div><!-- close content main div --><\/div><\/div><div id='av_section_11' class='avia-section main_color avia-section-huge avia-no-border-styling avia-full-stretch avia-bg-style-scroll  avia-builder-el-176  el_after_av_section  el_before_av_section    container_wrap fullsize' style='background-repeat: no-repeat; background-image: url(https:\/\/eliasfilmmusik.de\/wp-content\/uploads\/2021\/11\/filmpreis_bg.jpg);background-attachment: scroll; background-position: center center;  '  data-section-bg-repeat='stretch'><div class='container' ><div class='template-page content  av-content-full alpha units'><div class='post-entry post-entry-type-page post-entry-15191'><div class='entry-content-wrapper clearfix'>\n<div class=\"flex_column av_one_full  flex_column_div av-zero-column-padding first  avia-builder-el-177  el_before_av_one_half  avia-builder-el-first  \" style='border-radius:0px; '><section class=\"av_textblock_section \"  itemscope=\"itemscope\" itemtype=\"https:\/\/schema.org\/CreativeWork\" ><div class='avia_textblock  av_inherit_color '  style='color:#ffffff; '  itemprop=\"text\" ><h1 style=\"text-align: center;\">Musik f\u00fcr Deutschen Filmpreis<\/h1>\n<h3 style=\"text-align: center;\">Komposition und Leitung der Lola-Band<\/h3>\n<\/div><\/section><br \/>\n<div style='height:75px' class='hr hr-invisible   avia-builder-el-179  el_after_av_textblock  avia-builder-el-last  '><span class='hr-inner ' ><span class='hr-inner-style'><\/span><\/span><\/div><\/p><\/div><div class='flex_column_table av-equal-height-column-flextable -flextable' ><div class=\"flex_column av_one_half  flex_column_table_cell av-equal-height-column av-align-middle av-zero-column-padding first  avia-builder-el-180  el_after_av_one_full  el_before_av_one_half   column-top-margin\" style='border-radius:0px; '><p><div class='avia-image-container  av-styling-    avia-builder-el-181  el_before_av_hr  avia-builder-el-first   avia-align-center '  itemprop=\"image\" itemscope=\"itemscope\" itemtype=\"https:\/\/schema.org\/ImageObject\"  ><div class='avia-image-container-inner'><div class='avia-image-overlay-wrap'><a href='https:\/\/eliasfilmmusik.de\/wp-content\/uploads\/2021\/11\/Filmpreis_foto-1030x577.jpg' class='avia_image'  ><img class='avia_image ' src='https:\/\/eliasfilmmusik.de\/wp-content\/uploads\/2021\/11\/Filmpreis_foto-1030x577.jpg' alt='' title='Deutscher Filmpreis award ceremony'  itemprop=\"thumbnailUrl\"  \/><\/a><\/div><\/div><\/div><br \/>\n<div style='height:75px' class='hr hr-invisible   avia-builder-el-182  el_after_av_image  avia-builder-el-last  '><span class='hr-inner ' ><span class='hr-inner-style'><\/span><\/span><\/div><\/p><\/div><div class='av-flex-placeholder'><\/div><div class=\"flex_column av_one_half  flex_column_table_cell av-equal-height-column av-align-middle av-zero-column-padding   avia-builder-el-183  el_after_av_one_half  avia-builder-el-last   column-top-margin\" style='border-radius:0px; '><section class=\"av_textblock_section \"  itemscope=\"itemscope\" itemtype=\"https:\/\/schema.org\/CreativeWork\" ><div class='avia_textblock  av_inherit_color '  style='color:#ffffff; '  itemprop=\"text\" ><p style=\"text-align: center;\"><em>\u201e[\u2026] Und tats\u00e4chlich war die Show, die unter K\u00fcnstlerischer Leitung von Nico Hofmann und Komponist und Akademie-Mitglied Karim Sebastian Elias entstand ein \u00e4sthetisches und musikalisches Feuerwerk mit zahlreichen kraftvollen Musical Elementen. Ausserdem sorgten neues B\u00fchnenlicht- und Visualdesign, sowie die Neukomposition aller musikalischen Themen, gespielt von der Lola-Band, f\u00fcr einen ganz neuen Anstrich unserer Veranstaltung. Vielen Dank Nico, vielen Dank Karim und allen im Team herzlichen Dank f\u00fcr Euer Engagement.\u201c<\/em><\/p>\n<p style=\"text-align: center;\">Deutsche Filmakademie<\/p>\n<\/div><\/section><br \/>\n<div style='height:50px' class='hr hr-invisible   avia-builder-el-185  el_after_av_textblock  avia-builder-el-last  '><span class='hr-inner ' ><span class='hr-inner-style'><\/span><\/span><\/div><\/p><\/div><\/div><!--close column table wrapper. Autoclose: 1 -->\n\n<\/div><\/div><\/div><!-- close content main div --><\/div><\/div><div id='av_section_12' class='avia-section main_color avia-section-huge avia-no-border-styling avia-full-stretch avia-bg-style-scroll  avia-builder-el-186  el_after_av_section  el_before_av_section    container_wrap fullsize' style='background-repeat: no-repeat; background-image: url(https:\/\/eliasfilmmusik.de\/wp-content\/uploads\/2021\/09\/DFP_2020_Logo_blanko_blur.jpg);background-attachment: scroll; background-position: center center;  '  data-section-bg-repeat='stretch'><div class='container' ><div class='template-page content  av-content-full alpha units'><div class='post-entry post-entry-type-page post-entry-15191'><div class='entry-content-wrapper clearfix'>\n<div class=\"flex_column av_one_full  flex_column_div av-zero-column-padding first  avia-builder-el-187  el_before_av_one_half  avia-builder-el-first  \" style='border-radius:0px; '><section class=\"av_textblock_section \"  itemscope=\"itemscope\" itemtype=\"https:\/\/schema.org\/CreativeWork\" ><div class='avia_textblock  av_inherit_color '  style='color:#ffffff; '  itemprop=\"text\" ><h1 style=\"text-align: center;\">Nominierung Deutscher Fernsehpreis<\/h1>\n<h3 style=\"text-align: center;\">f\u00fcr den Score zu Ku\u2019damm 63<\/h3>\n<\/div><\/section><br \/>\n<div style='height:75px' class='hr hr-invisible   avia-builder-el-189  el_after_av_textblock  avia-builder-el-last  '><span class='hr-inner ' ><span class='hr-inner-style'><\/span><\/span><\/div><\/p><\/div><div class='flex_column_table av-equal-height-column-flextable -flextable' ><div class=\"flex_column av_one_half  flex_column_table_cell av-equal-height-column av-align-top av-zero-column-padding first  avia-builder-el-190  el_after_av_one_full  el_before_av_one_half   column-top-margin\" style='border-radius:0px; '><section class=\"av_textblock_section \"  itemscope=\"itemscope\" itemtype=\"https:\/\/schema.org\/CreativeWork\" ><div class='avia_textblock  av_inherit_color '  style='color:#ffffff; '  itemprop=\"text\" ><h3 style=\"text-align: center;\"><a href=\"https:\/\/www.deutscher-fernsehpreis.de\/nominierte\/#beste-musik\" target=\"_blank\" rel=\"noopener\">Kategorie: Beste Musik Fiktion<\/a><\/h3>\n<\/div><\/section><br \/>\n<div style='height:15px' class='hr hr-invisible   avia-builder-el-192  el_after_av_textblock  el_before_av_textblock  '><span class='hr-inner ' ><span class='hr-inner-style'><\/span><\/span><\/div><br \/>\n<section class=\"av_textblock_section \"  itemscope=\"itemscope\" itemtype=\"https:\/\/schema.org\/CreativeWork\" ><div class='avia_textblock  av_inherit_color '  style='color:#ffffff; '  itemprop=\"text\" ><p style=\"text-align: center;\"><em>\u201ePassend zum Aufbruch in eine neue Zeit und zu den gro\u00dfen Gef\u00fchlen und Dramen des Alltags gestaltete Komponist Karim Sebastian Elias die Musik zu \u201eKu\u2019damm 63\u201c in symphonischer Opulenz. Zum Klingen gebracht wird dieser kraftvolle Soundtrack zwischen Tradition und Moderne vom Brandenburgischen Staatsorchester Frankfurt.\u201c<\/em><\/p>\n<p style=\"text-align: center;\">Begr\u00fcndung der Jury f\u00fcr die Nominierung<\/p>\n<\/div><\/section><br \/>\n<div style='height:75px' class='hr hr-invisible   avia-builder-el-194  el_after_av_textblock  avia-builder-el-last  '><span class='hr-inner ' ><span class='hr-inner-style'><\/span><\/span><\/div><\/p><\/div><div class='av-flex-placeholder'><\/div><div class=\"flex_column av_one_half  flex_column_table_cell av-equal-height-column av-align-top av-zero-column-padding   avia-builder-el-195  el_after_av_one_half  avia-builder-el-last   column-top-margin\" style='border-radius:0px; '><section class=\"av_textblock_section \"  itemscope=\"itemscope\" itemtype=\"https:\/\/schema.org\/CreativeWork\" ><div class='avia_textblock  av_inherit_color '  style='color:#ffffff; '  itemprop=\"text\" ><h3 style=\"text-align: center;\">Pressestimmen (externe Links)<\/h3>\n<\/div><\/section><br \/>\n<div style='height:10px' class='hr hr-invisible   avia-builder-el-197  el_after_av_textblock  el_before_av_textblock  '><span class='hr-inner ' ><span class='hr-inner-style'><\/span><\/span><\/div><br \/>\n<section class=\"av_textblock_section \"  itemscope=\"itemscope\" itemtype=\"https:\/\/schema.org\/CreativeWork\" ><div class='avia_textblock  av_inherit_color '  style='color:#ffffff; '  itemprop=\"text\" ><p><a href=\"https:\/\/www.rollingstone.de\/deutscher-fernsehpreis-k-s-elias-fuer-score-zu-kudamm-63-nominiert-2351733\/\" target=\"_blank\" rel=\"noopener\"><img decoding=\"async\" loading=\"lazy\" class=\"aligncenter wp-image-9767 size-medium\" src=\"https:\/\/eliasfilmmusik.de\/wp-content\/uploads\/2020\/11\/Rolling_Stone-Logo_big-300x61.png\" alt=\"\" width=\"300\" height=\"61\" srcset=\"https:\/\/eliasfilmmusik.de\/wp-content\/uploads\/2020\/11\/Rolling_Stone-Logo_big-300x61.png 300w, https:\/\/eliasfilmmusik.de\/wp-content\/uploads\/2020\/11\/Rolling_Stone-Logo_big-768x157.png 768w, https:\/\/eliasfilmmusik.de\/wp-content\/uploads\/2020\/11\/Rolling_Stone-Logo_big-1030x210.png 1030w, https:\/\/eliasfilmmusik.de\/wp-content\/uploads\/2020\/11\/Rolling_Stone-Logo_big-1500x306.png 1500w, https:\/\/eliasfilmmusik.de\/wp-content\/uploads\/2020\/11\/Rolling_Stone-Logo_big-705x144.png 705w, https:\/\/eliasfilmmusik.de\/wp-content\/uploads\/2020\/11\/Rolling_Stone-Logo_big-450x92.png 450w\" sizes=\"(max-width: 300px) 100vw, 300px\" \/><\/a><\/p>\n<\/div><\/section><br \/>\n<section class=\"av_textblock_section \"  itemscope=\"itemscope\" itemtype=\"https:\/\/schema.org\/CreativeWork\" ><div class='avia_textblock  av_inherit_color '  style='color:#ffffff; '  itemprop=\"text\" ><p><a href=\"https:\/\/www.pnn.de\/kultur\/fuer-zdf-serie-kudamm-63-potsdamer-komponist-elias-fuer-deutschen-fernsehpreis-nominiert\/27573680.html\" target=\"_blank\" rel=\"noopener\"><img decoding=\"async\" loading=\"lazy\" class=\"aligncenter wp-image-9925 size-medium\" src=\"https:\/\/eliasfilmmusik.de\/wp-content\/uploads\/2020\/11\/Tagesspiegel-300x45.png\" alt=\"\" width=\"300\" height=\"45\" srcset=\"https:\/\/eliasfilmmusik.de\/wp-content\/uploads\/2020\/11\/Tagesspiegel-300x45.png 300w, https:\/\/eliasfilmmusik.de\/wp-content\/uploads\/2020\/11\/Tagesspiegel-768x115.png 768w, https:\/\/eliasfilmmusik.de\/wp-content\/uploads\/2020\/11\/Tagesspiegel-1030x155.png 1030w, https:\/\/eliasfilmmusik.de\/wp-content\/uploads\/2020\/11\/Tagesspiegel-1500x225.png 1500w, https:\/\/eliasfilmmusik.de\/wp-content\/uploads\/2020\/11\/Tagesspiegel-705x106.png 705w, https:\/\/eliasfilmmusik.de\/wp-content\/uploads\/2020\/11\/Tagesspiegel-450x68.png 450w, https:\/\/eliasfilmmusik.de\/wp-content\/uploads\/2020\/11\/Tagesspiegel.png 2000w\" sizes=\"(max-width: 300px) 100vw, 300px\" \/><\/a><\/p>\n<\/div><\/section><br \/>\n<div style='height:50px' class='hr hr-invisible   avia-builder-el-200  el_after_av_textblock  avia-builder-el-last  '><span class='hr-inner ' ><span class='hr-inner-style'><\/span><\/span><\/div><\/p><\/div><\/div><!--close column table wrapper. Autoclose: 1 -->\n\n<\/div><\/div><\/div><!-- close content main div --><\/div><\/div><div id='av_section_13' class='avia-section main_color avia-section-huge avia-no-border-styling avia-full-stretch avia-bg-style-scroll  avia-builder-el-201  el_after_av_section  el_before_av_section    container_wrap fullsize' style='background-repeat: no-repeat; background-image: url(https:\/\/eliasfilmmusik.de\/wp-content\/uploads\/2021\/06\/Nachschuss03Big_blurred.jpg);background-attachment: scroll; background-position: center center;  '  data-section-bg-repeat='stretch'><div class='container' ><div class='template-page content  av-content-full alpha units'><div class='post-entry post-entry-type-page post-entry-15191'><div class='entry-content-wrapper clearfix'>\n<div class='flex_column_table av-equal-height-column-flextable -flextable' ><div class=\"flex_column av_one_half  flex_column_table_cell av-equal-height-column av-align-middle av-zero-column-padding first  avia-builder-el-202  el_before_av_one_half  avia-builder-el-first   \" style='border-radius:0px; '><p><div class='avia-image-container  av-styling-    avia-builder-el-203  el_before_av_hr  avia-builder-el-first   avia-align-center '  itemprop=\"image\" itemscope=\"itemscope\" itemtype=\"https:\/\/schema.org\/ImageObject\"  ><div class='avia-image-container-inner'><div class='avia-image-overlay-wrap'><a href='https:\/\/eliasfilmmusik.de\/filmmusik\/the-last-execution\/' class='avia_image'  ><img class='avia_image ' src='https:\/\/eliasfilmmusik.de\/wp-content\/uploads\/2021\/06\/Nahschuss_Poster400x570-211x300.jpg' alt='' title='Nahschuss_Poster400x570'  itemprop=\"thumbnailUrl\"  \/><\/a><\/div><\/div><\/div><br \/>\n<div style='height:50px' class='hr hr-invisible   avia-builder-el-204  el_after_av_image  avia-builder-el-last '><span class='hr-inner ' ><span class='hr-inner-style'><\/span><\/span><\/div><\/p><\/div><div class='av-flex-placeholder'><\/div><div class=\"flex_column av_one_half  flex_column_table_cell av-equal-height-column av-align-middle av-zero-column-padding   avia-builder-el-205  el_after_av_one_half  avia-builder-el-last   \" style='border-radius:0px; '><section class=\"av_textblock_section \"  itemscope=\"itemscope\" itemtype=\"https:\/\/schema.org\/CreativeWork\" ><div class='avia_textblock  av_inherit_color '  style='color:#ffffff; '  itemprop=\"text\" ><h1 style=\"text-align: center;\">Nahschuss<\/h1>\n<\/div><\/section><br \/>\n<div style='height:50px' class='hr hr-invisible   avia-builder-el-207  el_after_av_textblock  el_before_av_textblock  '><span class='hr-inner ' ><span class='hr-inner-style'><\/span><\/span><\/div><br \/>\n<section class=\"av_textblock_section \"  itemscope=\"itemscope\" itemtype=\"https:\/\/schema.org\/CreativeWork\" ><div class='avia_textblock  av_inherit_color '  style='color:#ffffff; '  itemprop=\"text\" ><h3 style=\"text-align: center;\"><a href=\"https:\/\/www.filmfest-muenchen.de\/de\/programm\/filme\/film\/?id=6669&#038;f=112\" target=\"_blank\" rel=\"noopener\">Premiere auf dem Filmfest M\u00fcnchen<\/a><\/h3>\n<p style=\"text-align: center;\">Screening 4. und 5. Juli 2021<\/p>\n<\/div><\/section><br \/>\n<div style='height:50px' class='hr hr-invisible   avia-builder-el-209  el_after_av_textblock  el_before_av_textblock  '><span class='hr-inner ' ><span class='hr-inner-style'><\/span><\/span><\/div><br \/>\n<section class=\"av_textblock_section \"  itemscope=\"itemscope\" itemtype=\"https:\/\/schema.org\/CreativeWork\" ><div class='avia_textblock  av_inherit_color '  style='color:#ffffff; '  itemprop=\"text\" ><h3 style=\"text-align: center;\"><a href=\"https:\/\/www.fbw-filmbewertung.com\/film\/nahschuss\" target=\"_blank\" rel=\"noopener\">Pr\u00e4dikat besonders wertvoll<\/a><\/h3>\n<p style=\"text-align: center;\"><em>\u201c[&#8230;] Die sepiafarbenen Bilder schaffen eine bedr\u00fcckende Atmosph\u00e4re, die musikalische Untermalung durch den Score von Sebastian Karim Elias h\u00e4lt eine gute Balance zwischen Dramatik und subtil bedrohlicher Stimmung. [&#8230;]\u201d<\/em><\/p>\n<p style=\"text-align: center;\">Deutsche Film- und Medienbewertung. FBW<\/p>\n<\/div><\/section><\/p><\/div><\/div><!--close column table wrapper. Autoclose: 1 -->\n\n<\/div><\/div><\/div><!-- close content main div --><\/div><\/div><div id='av_section_14' class='avia-section main_color avia-section-huge avia-no-border-styling avia-full-stretch avia-bg-style-scroll  avia-builder-el-211  el_after_av_section  el_before_av_section    av-minimum-height av-minimum-height-100  container_wrap fullsize' style='background-repeat: no-repeat; background-image: url(https:\/\/eliasfilmmusik.de\/wp-content\/uploads\/2021\/03\/kudamm63_blurred-300x300.jpg);background-attachment: scroll; background-position: top right;  '  data-section-bg-repeat='stretch' data-av_minimum_height_pc='100'><div class='container' ><div class='template-page content  av-content-full alpha units'><div class='post-entry post-entry-type-page post-entry-15191'><div class='entry-content-wrapper clearfix'>\n<div class=\"flex_column av_one_half  flex_column_div av-zero-column-padding first  avia-builder-el-212  el_before_av_one_half  avia-builder-el-first   \" style='border-radius:0px; '><p><div style='height:30px' class='hr hr-invisible   avia-builder-el-213  el_before_av_image  avia-builder-el-first  '><span class='hr-inner ' ><span class='hr-inner-style'><\/span><\/span><\/div><br \/>\n<div class='avia-image-container  av-styling-    avia-builder-el-214  el_after_av_hr  el_before_av_hr   avia-align-center '  itemprop=\"image\" itemscope=\"itemscope\" itemtype=\"https:\/\/schema.org\/ImageObject\"  ><div class='avia-image-container-inner'><div class='avia-image-overlay-wrap'><img class='avia_image' src='https:\/\/eliasfilmmusik.de\/wp-content\/uploads\/2021\/03\/kudamm63-1030x1030.jpg' alt='' title='kudamm63' height=\"1030\" width=\"1030\"  itemprop=\"thumbnailUrl\"  \/><\/div><\/div><\/div><br \/>\n<div style='height:50px' class='hr hr-invisible   avia-builder-el-215  el_after_av_image  avia-builder-el-last '><span class='hr-inner ' ><span class='hr-inner-style'><\/span><\/span><\/div><\/p><\/div><div class=\"flex_column av_one_half  flex_column_div av-zero-column-padding   avia-builder-el-216  el_after_av_one_half  el_before_av_one_half   \" style='border-radius:0px; '><section class=\"av_textblock_section \"  itemscope=\"itemscope\" itemtype=\"https:\/\/schema.org\/CreativeWork\" ><div class='avia_textblock  av_inherit_color '  style='color:#131313; '  itemprop=\"text\" ><h1 style=\"text-align: center;\">Ku&#8217;damm 63<\/h1>\n<\/div><\/section><br \/>\n<div style='height:25px' class='hr hr-invisible   avia-builder-el-218  el_after_av_textblock  el_before_av_textblock  '><span class='hr-inner ' ><span class='hr-inner-style'><\/span><\/span><\/div><br \/>\n<section class=\"av_textblock_section \"  itemscope=\"itemscope\" itemtype=\"https:\/\/schema.org\/CreativeWork\" ><div class='avia_textblock  av_inherit_color '  style='color:#131313; '  itemprop=\"text\" ><p style=\"text-align: center;\"><em>\u201eWelchen Sound hat das Jahr 1963? Auf diese Reise haben wir uns begeben. Mit den Songs dieser Zeit, und in unserer Filmmusik. Karim Sebastain Elias hat ihr den Sound der fr\u00fchen 60er gegeben. Schwungvoll und modern bringen uns seine wundervollen Kompositionen ins West-Berlin 1963, und lassen uns nun mit dem Brandenburgischen Staatsorchester Frankfurt eintauchen in die emotionale Welt der Sch\u00f6llack Familie\u201c<\/em><\/p>\n<p style=\"text-align: center;\">Sabine Bernardi, Regisseurin von Ku&#8217;damm 63<\/p>\n<\/div><\/section><br \/>\n<div style='height:50px' class='hr hr-invisible   avia-builder-el-220  el_after_av_textblock  el_before_av_button '><span class='hr-inner ' ><span class='hr-inner-style'><\/span><\/span><\/div><br \/>\n<div class='avia-button-wrap avia-button-center  avia-builder-el-221  el_after_av_hr  el_before_av_hr  '><a href='https:\/\/presseportal.zdf.de\/pm\/kudamm-63\/'  class='avia-button av-icon-on-hover  avia-icon_select-no avia-color-dark avia-size-medium avia-position-center '  target=\"_blank\"   ><span class='avia_iconbox_title' >WEITERE INFOS<\/span><\/a><\/div><br \/>\n<div style='height:50px' class='hr hr-invisible   avia-builder-el-222  el_after_av_button  el_before_av_codeblock '><span class='hr-inner ' ><span class='hr-inner-style'><\/span><\/span><\/div><br \/>\n<br \/>\n<div style='height:30px' class='hr hr-invisible   avia-builder-el-224  el_after_av_codeblock  avia-builder-el-last  '><span class='hr-inner ' ><span class='hr-inner-style'><\/span><\/span><\/div><\/p><\/div><div class=\"flex_column av_one_half  flex_column_div av-zero-column-padding first  avia-builder-el-225  el_after_av_one_half  el_before_av_one_half  column-top-margin\" style='border-radius:0px; '><section class=\"av_textblock_section \"  itemscope=\"itemscope\" itemtype=\"https:\/\/schema.org\/CreativeWork\" ><div class='avia_textblock  av_inherit_color '  style='color:#131313; '  itemprop=\"text\" ><p style=\"text-align: center;\"><em><img decoding=\"async\" loading=\"lazy\" class=\"aligncenter wp-image-9925\" src=\"https:\/\/eliasfilmmusik.de\/wp-content\/uploads\/2020\/11\/Tagesspiegel-300x45.png\" alt=\"\" width=\"200\" height=\"30\" srcset=\"https:\/\/eliasfilmmusik.de\/wp-content\/uploads\/2020\/11\/Tagesspiegel-300x45.png 300w, https:\/\/eliasfilmmusik.de\/wp-content\/uploads\/2020\/11\/Tagesspiegel-768x115.png 768w, https:\/\/eliasfilmmusik.de\/wp-content\/uploads\/2020\/11\/Tagesspiegel-1030x155.png 1030w, https:\/\/eliasfilmmusik.de\/wp-content\/uploads\/2020\/11\/Tagesspiegel-1500x225.png 1500w, https:\/\/eliasfilmmusik.de\/wp-content\/uploads\/2020\/11\/Tagesspiegel-705x106.png 705w, https:\/\/eliasfilmmusik.de\/wp-content\/uploads\/2020\/11\/Tagesspiegel-450x68.png 450w, https:\/\/eliasfilmmusik.de\/wp-content\/uploads\/2020\/11\/Tagesspiegel.png 2000w\" sizes=\"(max-width: 200px) 100vw, 200px\" \/><\/em><\/p>\n<p style=\"text-align: center;\"><em>\u201eOhne Neugier w\u00e4re ich l\u00e4ngst tot\u201c<\/em><\/p>\n<p style=\"text-align: center;\">Karim Sebastian Elias im Interview mit dem Tagesspiegel und der<br \/>\nM\u00e4rkischen Oderzeitung (MOZ) \u00fcber seine Arbeit am Soundtrack f\u00fcr Ku&#8217;damm 63.<\/p>\n<\/div><\/section><br \/>\n<div style='height:20px' class='hr hr-invisible   avia-builder-el-227  el_after_av_textblock  el_before_av_button  '><span class='hr-inner ' ><span class='hr-inner-style'><\/span><\/span><\/div><br \/>\n<div class='avia-button-wrap avia-button-center  avia-builder-el-228  el_after_av_hr  el_before_av_button  '><a href='https:\/\/eliasfilmmusik.de\/wp-content\/uploads\/2021\/05\/Der-Tagesspiegel-Interview.jpg'  class='avia-button av-icon-on-hover  avia-icon_select-no avia-color-dark avia-size-medium avia-position-center '  target=\"_blank\"   ><span class='avia_iconbox_title' >INTERVIEW TAGESSPIEGEL<\/span><\/a><\/div><br \/>\n<div class='avia-button-wrap avia-button-center  avia-builder-el-229  el_after_av_button  avia-builder-el-last  '><a href='https:\/\/eliasfilmmusik.de\/wp-content\/uploads\/2021\/05\/MOZ-Interview.pdf'  class='avia-button av-icon-on-hover  avia-icon_select-no avia-color-dark avia-size-medium avia-position-center '  target=\"_blank\"   ><span class='avia_iconbox_title' >INTERVIEW MOZ<\/span><\/a><\/div><\/p><\/div><div class=\"flex_column av_one_half  flex_column_div av-zero-column-padding   avia-builder-el-230  el_after_av_one_half  avia-builder-el-last  column-top-margin\" style='border-radius:0px; '><p><div style='height:45px' class='hr hr-invisible   avia-builder-el-231  el_before_av_textblock  avia-builder-el-first  '><span class='hr-inner ' ><span class='hr-inner-style'><\/span><\/span><\/div><br \/>\n<section class=\"av_textblock_section \"  itemscope=\"itemscope\" itemtype=\"https:\/\/schema.org\/CreativeWork\" ><div class='avia_textblock  av_inherit_color '  style='color:#131313; '  itemprop=\"text\" ><h3 class=\"p1\" style=\"text-align: center;\"><a href=\"https:\/\/eliasfilmmusik.de\/wp-content\/uploads\/2021\/05\/Amazon-Platzierung.png\"><span class=\"s1\"><img decoding=\"async\" loading=\"lazy\" class=\"alignnone wp-image-10529\" src=\"https:\/\/eliasfilmmusik.de\/wp-content\/uploads\/2021\/05\/amazonMusicLogo1.png\" alt=\"\" width=\"200\" height=\"38\" \/><\/span><\/a><\/h3>\n<h3 class=\"p1\" style=\"text-align: center;\"><a href=\"https:\/\/eliasfilmmusik.de\/wp-content\/uploads\/2021\/05\/Amazon-Platzierung.png\"><span class=\"s1\">Erfolgreicher Soundtrack<\/span><\/a><\/h3>\n<p style=\"text-align: center;\">erreichte Platz #2 in den Amazon Music Charts in der Kategorie Soundtracks<\/p>\n<\/div><\/section><\/p><\/div>\n\n<\/div><\/div><\/div><!-- close content main div --><\/div><\/div><div id='ofas' class='avia-section main_color avia-section-huge avia-no-border-styling avia-full-stretch avia-bg-style-scroll  avia-builder-el-233  el_after_av_section  el_before_av_section    av-minimum-height av-minimum-height-100  container_wrap fullsize' style='background-repeat: no-repeat; background-image: url(https:\/\/eliasfilmmusik.de\/wp-content\/uploads\/2018\/01\/sundance_blured.jpg);background-attachment: scroll; background-position: center center;  '  data-section-bg-repeat='stretch' data-av_minimum_height_pc='100'><div class='container' ><div class='template-page content  av-content-full alpha units'><div class='post-entry post-entry-type-page post-entry-15191'><div class='entry-content-wrapper clearfix'>\n<section class=\"av_textblock_section \"  itemscope=\"itemscope\" itemtype=\"https:\/\/schema.org\/CreativeWork\" ><div class='avia_textblock  av_inherit_color '  style='color:#ffffff; '  itemprop=\"text\" ><h1 style=\"text-align: center;\">Of Fathers and Sons<\/h1>\n<h3 style=\"text-align: center;\">\u00fcber 30 Auszeichnungen, mehr als 100 Festivals<\/h3>\n<\/div><\/section>\n<div style='height:50px' class='hr hr-invisible   avia-builder-el-235  el_after_av_textblock  el_before_av_one_full '><span class='hr-inner ' ><span class='hr-inner-style'><\/span><\/span><\/div>\n<div class='flex_column_table av-equal-height-column-flextable -flextable' ><div class=\"flex_column av_one_full  flex_column_table_cell av-equal-height-column av-align-top av-zero-column-padding first  avia-builder-el-236  el_after_av_hr  el_before_av_hr  \" style='border-radius:0px; '><section class=\"av_textblock_section \"  itemscope=\"itemscope\" itemtype=\"https:\/\/schema.org\/CreativeWork\" ><div class='avia_textblock  av_inherit_color '  style='color:#ffffff; '  itemprop=\"text\" ><h3><img decoding=\"async\" loading=\"lazy\" class=\"aligncenter wp-image-9934\" src=\"https:\/\/eliasfilmmusik.de\/wp-content\/uploads\/2020\/11\/Oscars-300x75.png\" alt=\"\" width=\"200\" height=\"50\" srcset=\"https:\/\/eliasfilmmusik.de\/wp-content\/uploads\/2020\/11\/Oscars-300x75.png 300w, https:\/\/eliasfilmmusik.de\/wp-content\/uploads\/2020\/11\/Oscars-768x192.png 768w, https:\/\/eliasfilmmusik.de\/wp-content\/uploads\/2020\/11\/Oscars-1030x257.png 1030w, https:\/\/eliasfilmmusik.de\/wp-content\/uploads\/2020\/11\/Oscars-705x176.png 705w, https:\/\/eliasfilmmusik.de\/wp-content\/uploads\/2020\/11\/Oscars-450x112.png 450w, https:\/\/eliasfilmmusik.de\/wp-content\/uploads\/2020\/11\/Oscars.png 1170w\" sizes=\"(max-width: 200px) 100vw, 200px\" \/><\/h3>\n<h3 style=\"text-align: center;\">\u201eOf Fathers and Sons\u201c f\u00fcr den Oscar \u201eBester Dokumentarfilm\u201c nominiert<\/h3>\n<\/div><\/section><br \/>\n<div class='avia-button-wrap avia-button-center  avia-builder-el-238  el_after_av_textblock  el_before_av_hr '><a href='https:\/\/oscar.go.com\/nominees\/documentary-feature\/of-fathers-and-sons'  class='avia-button av-icon-on-hover  avia-icon_select-no avia-color-light avia-size-medium avia-position-center '  target=\"_blank\"   ><span class='avia_iconbox_title' >WEITERE INFOS<\/span><\/a><\/div><br \/>\n<div style=' margin-top:30px; margin-bottom:30px;'  class='hr hr-custom hr-center hr-icon-no   avia-builder-el-239  el_after_av_button  el_before_av_textblock '><span class='hr-inner   inner-border-av-border-thin' style=' width:25px; border-color:#ffffff;' ><span class='hr-inner-style'><\/span><\/span><\/div><br \/>\n<section class=\"av_textblock_section \"  itemscope=\"itemscope\" itemtype=\"https:\/\/schema.org\/CreativeWork\" ><div class='avia_textblock  av_inherit_color '  style='color:#ffffff; '  itemprop=\"text\" ><h3 style=\"text-align: center;\"><strong>&#8220;Of Fathers and Sons&#8221;\u00a0<\/strong>gewinnt &#8220;World Cinema Documentary Grand Jury Prize&#8221; beim<br \/>\nSundance Filmfestival 2018<\/h3>\n<\/div><\/section><br \/>\n<div class='avia-button-wrap avia-button-center  avia-builder-el-241  el_after_av_textblock  el_before_av_hr '><a href='https:\/\/eliasfilmmusik.de\/of-fathers-and-sons-sundance\/'  class='avia-button av-icon-on-hover  avia-icon_select-no avia-color-light avia-size-medium avia-position-center '   ><span class='avia_iconbox_title' >WEITERE INFOS<\/span><\/a><\/div><br \/>\n<div style=' margin-top:30px; margin-bottom:30px;'  class='hr hr-custom hr-center hr-icon-no   avia-builder-el-242  el_after_av_button  el_before_av_textblock '><span class='hr-inner   inner-border-av-border-thin' style=' width:25px; border-color:#ffffff;' ><span class='hr-inner-style'><\/span><\/span><\/div><br \/>\n<section class=\"av_textblock_section \"  itemscope=\"itemscope\" itemtype=\"https:\/\/schema.org\/CreativeWork\" ><div class='avia_textblock  av_inherit_color '  style='color:#ffffff; '  itemprop=\"text\" ><h3><img decoding=\"async\" loading=\"lazy\" class=\"aligncenter wp-image-9742\" src=\"https:\/\/eliasfilmmusik.de\/wp-content\/uploads\/2020\/11\/The_Hollywood_Reporter_logo.svg_-300x70.png\" alt=\"\" width=\"200\" height=\"47\" srcset=\"https:\/\/eliasfilmmusik.de\/wp-content\/uploads\/2020\/11\/The_Hollywood_Reporter_logo.svg_-300x70.png 300w, https:\/\/eliasfilmmusik.de\/wp-content\/uploads\/2020\/11\/The_Hollywood_Reporter_logo.svg_-768x179.png 768w, https:\/\/eliasfilmmusik.de\/wp-content\/uploads\/2020\/11\/The_Hollywood_Reporter_logo.svg_-1030x241.png 1030w, https:\/\/eliasfilmmusik.de\/wp-content\/uploads\/2020\/11\/The_Hollywood_Reporter_logo.svg_-705x165.png 705w, https:\/\/eliasfilmmusik.de\/wp-content\/uploads\/2020\/11\/The_Hollywood_Reporter_logo.svg_-450x105.png 450w, https:\/\/eliasfilmmusik.de\/wp-content\/uploads\/2020\/11\/The_Hollywood_Reporter_logo.svg_.png 1280w\" sizes=\"(max-width: 200px) 100vw, 200px\" \/><\/h3>\n<h3 style=\"text-align: center;\">&#8220;&#8230; K.S. Elias\u2018 electronica-dominated score sounds warning notes of downbeat dread.&#8221;<\/h3>\n<\/div><\/section><br \/>\n<div class='avia-button-wrap avia-button-center  avia-builder-el-244  el_after_av_textblock  el_before_av_hr '><a href='https:\/\/www.hollywoodreporter.com\/review\/fathers-sons-1071207'  class='avia-button av-icon-on-hover  avia-icon_select-no avia-color-light avia-size-medium avia-position-center '  target=\"_blank\"   ><span class='avia_iconbox_title' >WEITERE INFOS<\/span><\/a><\/div><br \/>\n<div style=' margin-top:30px; margin-bottom:30px;'  class='hr hr-custom hr-center hr-icon-no   avia-builder-el-245  el_after_av_button  el_before_av_image '><span class='hr-inner   inner-border-av-border-thin' style=' width:25px; border-color:#ffffff;' ><span class='hr-inner-style'><\/span><\/span><\/div><br \/>\n<div class='avia-image-container  av-styling-    avia-builder-el-246  el_after_av_hr  el_before_av_hr  avia-align-center '  itemprop=\"image\" itemscope=\"itemscope\" itemtype=\"https:\/\/schema.org\/ImageObject\"  ><div class='avia-image-container-inner'><div class='avia-image-overlay-wrap'><a href='https:\/\/eliasfilmmusik.de\/filmmusik\/of-fathers-and-sons\/' class='avia_image'  ><img class='avia_image ' src='https:\/\/eliasfilmmusik.de\/wp-content\/uploads\/2019\/02\/ofas_cd.jpg' alt='' title='ofas_cd'  itemprop=\"thumbnailUrl\"  \/><\/a><\/div><\/div><\/div><br \/>\n<div style='height:25px' class='hr hr-invisible   avia-builder-el-247  el_after_av_image  el_before_av_textblock '><span class='hr-inner ' ><span class='hr-inner-style'><\/span><\/span><\/div><br \/>\n<section class=\"av_textblock_section \"  itemscope=\"itemscope\" itemtype=\"https:\/\/schema.org\/CreativeWork\" ><div class='avia_textblock  av_inherit_color '  style='color:#ffffff; '  itemprop=\"text\" ><h3 style=\"text-align: center;\">The &#8220;Of Fathers and Sons\u201c original soundtrack<br \/>\nwill be digitally available from February 8th 2019<\/h3>\n<\/div><\/section><br \/>\n<div style='height:25px' class='hr hr-invisible   avia-builder-el-249  el_after_av_textblock  el_before_av_button '><span class='hr-inner ' ><span class='hr-inner-style'><\/span><\/span><\/div><br \/>\n<div class='avia-button-wrap avia-button-center  avia-builder-el-250  el_after_av_hr  avia-builder-el-last '><a href='https:\/\/eliasfilmmusik.de\/filmmusik\/of-fathers-and-sons\/'  class='avia-button   avia-icon_select-yes-left-icon avia-color-light avia-size-medium avia-position-center '   ><span class='avia_button_icon avia_button_icon_left ' aria-hidden='true' data-av_icon='\ue802' data-av_iconfont='entypo-fontello'><\/span><span class='avia_iconbox_title' >ANH\u00d6REN<\/span><\/a><\/div><\/p><\/div><\/div><!--close column table wrapper. Autoclose: 1 --><div style='height:50px' class='hr hr-invisible   avia-builder-el-251  el_after_av_one_full  avia-builder-el-last '><span class='hr-inner ' ><span class='hr-inner-style'><\/span><\/span><\/div>\n\n<\/div><\/div><\/div><!-- close content main div --><\/div><\/div><div id='start' class='avia-section main_color avia-section-huge avia-no-border-styling avia-full-stretch avia-bg-style-scroll  avia-builder-el-252  el_after_av_section  el_before_av_section    av-minimum-height av-minimum-height-100  container_wrap fullsize' style='background-repeat: no-repeat; background-image: url(https:\/\/eliasfilmmusik.de\/wp-content\/uploads\/2021\/03\/MusikautorenPreis_blurred3.jpg);background-attachment: scroll; background-position: center center;  '  data-section-bg-repeat='stretch' data-av_minimum_height_pc='100'><div class='container' ><div class='template-page content  av-content-full alpha units'><div class='post-entry post-entry-type-page post-entry-15191'><div class='entry-content-wrapper clearfix'>\n<section class=\"av_textblock_section \"  itemscope=\"itemscope\" itemtype=\"https:\/\/schema.org\/CreativeWork\" ><div class='avia_textblock  av_inherit_color '  style='color:#ffffff; '  itemprop=\"text\" ><h1 style=\"text-align: center;\">Nominierung Deutscher Musikautorenpreis 2020\/2021<\/h1>\n<\/div><\/section>\n<div style='height:50px' class='hr hr-invisible   avia-builder-el-254  el_after_av_textblock  el_before_av_one_half '><span class='hr-inner ' ><span class='hr-inner-style'><\/span><\/span><\/div>\n<div class=\"flex_column av_one_half  flex_column_div av-zero-column-padding first  avia-builder-el-255  el_after_av_hr  el_before_av_one_half   \" style='border-radius:0px; '><div class='avia-image-container  av-styling-    avia-builder-el-256  avia-builder-el-no-sibling   avia-align-center '  itemprop=\"image\" itemscope=\"itemscope\" itemtype=\"https:\/\/schema.org\/ImageObject\"  ><div class='avia-image-container-inner'><div class='avia-image-overlay-wrap'><a href='https:\/\/www.musikautorenpreis.de\/nominierte' class='avia_image'   target=\"_blank\" ><img class='avia_image ' src='https:\/\/eliasfilmmusik.de\/wp-content\/uploads\/2020\/11\/MusikautorenPreis_small_400px.jpg' alt='' title='MusikautorenPreis_small_400px'  itemprop=\"thumbnailUrl\"  \/><\/a><\/div><\/div><\/div><\/div><div class=\"flex_column av_one_half  flex_column_div av-zero-column-padding   avia-builder-el-257  el_after_av_one_half  avia-builder-el-last   \" style='border-radius:0px; '><p><div style='height:25px' class='hr hr-invisible   avia-builder-el-258  el_before_av_textblock  avia-builder-el-first '><span class='hr-inner ' ><span class='hr-inner-style'><\/span><\/span><\/div><br \/>\n<section class=\"av_textblock_section \"  itemscope=\"itemscope\" itemtype=\"https:\/\/schema.org\/CreativeWork\" ><div class='avia_textblock  av_inherit_color '  style='color:#ffffff; '  itemprop=\"text\" ><div style=\"text-align: center;\"><em><span class=\"s1\">\u201eAls international anerkannter und hoch dekorierter Filmkomponist haben Sie bereits etlichen Produktionen Ihren unverwechselbaren Sound gegeben. Mit musikalischem K\u00f6nnen, Leidenschaft und viel Einf\u00fchlungsverm\u00f6gen untermalen Sie Kino- und Fernsehst\u00fccke aller Genres &#8211; und beweisen dabei stets Respekt vor dem Stoff.\u201c<\/span><\/em><\/div>\n<p style=\"text-align: center;\">Begr\u00fcndung der Jury f\u00fcr die Nominierung <em><br \/>\n<\/em><\/p>\n<\/div><\/section><br \/>\n<div style='height:25px' class='hr hr-invisible   avia-builder-el-260  el_after_av_textblock  el_before_av_button '><span class='hr-inner ' ><span class='hr-inner-style'><\/span><\/span><\/div><br \/>\n<div class='avia-button-wrap avia-button-center  avia-builder-el-261  el_after_av_hr  avia-builder-el-last  '><a href='https:\/\/www.musikautorenpreis.de\/nominierte'  class='avia-button av-icon-on-hover  avia-icon_select-no avia-color-light avia-size-medium avia-position-center '  target=\"_blank\"   ><span class='avia_iconbox_title' >WEITERE INFOS<\/span><\/a><\/div><\/p><\/div>\n\n<\/div><\/div><\/div><!-- close content main div --><\/div><\/div><div id='start' class='avia-section main_color avia-section-huge avia-no-border-styling avia-full-stretch avia-bg-style-scroll  avia-builder-el-262  el_after_av_section  el_before_av_section    av-minimum-height av-minimum-height-100  container_wrap fullsize' style='background-repeat: no-repeat; background-image: url(https:\/\/eliasfilmmusik.de\/wp-content\/uploads\/2020\/11\/P7_9TageWach_blurred.jpg);background-attachment: scroll; background-position: top center;  '  data-section-bg-repeat='stretch' data-av_minimum_height_pc='100'><div class='container' ><div class='template-page content  av-content-full alpha units'><div class='post-entry post-entry-type-page post-entry-15191'><div class='entry-content-wrapper clearfix'>\n<section class=\"av_textblock_section \"  itemscope=\"itemscope\" itemtype=\"https:\/\/schema.org\/CreativeWork\" ><div class='avia_textblock  av_inherit_color '  style='color:#ffffff; '  itemprop=\"text\" ><h1 style=\"text-align: center;\">Nominierung Fernsehfilmfestival Baden Baden<\/h1>\n<h3 style=\"text-align: center;\">f\u00fcr 9 Tage wach<\/h3>\n<\/div><\/section>\n<div style='height:50px' class='hr hr-invisible   avia-builder-el-264  el_after_av_textblock  el_before_av_one_full '><span class='hr-inner ' ><span class='hr-inner-style'><\/span><\/span><\/div>\n<div class=\"flex_column av_one_full  flex_column_div av-zero-column-padding first  avia-builder-el-265  el_after_av_hr  avia-builder-el-last  \" style='border-radius:0px; '><p><div class='avia-image-container  av-styling-    avia-builder-el-266  el_before_av_hr  avia-builder-el-first   avia-align-center '  itemprop=\"image\" itemscope=\"itemscope\" itemtype=\"https:\/\/schema.org\/ImageObject\"  ><div class='avia-image-container-inner'><div class='avia-image-overlay-wrap'><a href='https:\/\/www.fernsehfilmfestival.de\/9-tage-wach.html' class='avia_image'   target=\"_blank\" ><img class='avia_image ' src='https:\/\/eliasfilmmusik.de\/wp-content\/uploads\/2020\/11\/9TageWach_DVDcover-216x300.jpg' alt='' title='9TageWach_DVDcover'  itemprop=\"thumbnailUrl\"  \/><\/a><\/div><\/div><\/div><br \/>\n<div style='height:25px' class='hr hr-invisible   avia-builder-el-267  el_after_av_image  el_before_av_button '><span class='hr-inner ' ><span class='hr-inner-style'><\/span><\/span><\/div><br \/>\n<div class='avia-button-wrap avia-button-center  avia-builder-el-268  el_after_av_hr  el_before_av_hr  '><a href='https:\/\/www.fernsehfilmfestival.de\/9-tage-wach.html'  class='avia-button av-icon-on-hover  avia-icon_select-no avia-color-light avia-size-medium avia-position-center '  target=\"_blank\"   ><span class='avia_iconbox_title' >WEITERE INFOS<\/span><\/a><\/div><br \/>\n<div style=' margin-top:30px; margin-bottom:30px;'  class='hr hr-custom hr-center hr-icon-no   avia-builder-el-269  el_after_av_button  el_before_av_textblock  '><span class='hr-inner   inner-border-av-border-thin' style=' width:25px; border-color:#ffffff;' ><span class='hr-inner-style'><\/span><\/span><\/div><br \/>\n<section class=\"av_textblock_section \"  itemscope=\"itemscope\" itemtype=\"https:\/\/schema.org\/CreativeWork\" ><div class='avia_textblock  av_inherit_color '  style='color:#ffffff; '  itemprop=\"text\" ><h3 style=\"text-align: center;\">Presse:<\/h3>\n<p style=\"text-align: center;\">\u201eDavon abgesehen liegt ein gro\u00dfer Reiz des Films in seinem Kontrastreichtum, und zwar inhaltlich, optisch und akustisch: hier die innigen Liebesszenen, dort die h\u00e4ssliche Trennung; hier die emotionalen Momente in der Schauspielschule, dort die Drogenexzesse; hier die sehr bewusst und mit konkretem Bezug zur Handlung eingesetzten Klassiker der Pop- und Rockgeschichte (Moody Blues, Rolling Stones, Jefferson Airplane), dort industrieller Techno, beides verbunden durch die Filmmusik von Karim Sebastian Elias. Besonders verbl\u00fcffend ist eine musikalische Mischszene mit Sch\u00fcmann und Baumeister: In Erics Welt erklingt \u201eNights In White Satin\u201c von den Moody Blues, auf Anjas B\u00fchne l\u00e4uft der Eurythmics-Hit \u201eSweet Dreams\u201c.&#8221;<\/p>\n<\/div><\/section><br \/>\n<div style=' margin-top:30px; margin-bottom:30px;'  class='hr hr-custom hr-center hr-icon-no   avia-builder-el-271  el_after_av_textblock  el_before_av_image  '><span class='hr-inner   inner-border-av-border-thin' style=' width:25px; border-color:#ffffff;' ><span class='hr-inner-style'><\/span><\/span><\/div><br \/>\n<div class='avia-image-container  av-styling-    avia-builder-el-272  el_after_av_hr  el_before_av_hr   avia-align-center '  itemprop=\"image\" itemscope=\"itemscope\" itemtype=\"https:\/\/schema.org\/ImageObject\"  ><div class='avia-image-container-inner'><div class='avia-image-overlay-wrap'><a href='https:\/\/open.spotify.com\/album\/7fJkmPlHmYGQK6PwY1s0Vw' class='avia_image'   target=\"_blank\" ><img class='avia_image ' src='https:\/\/eliasfilmmusik.de\/wp-content\/uploads\/2020\/11\/9TageWach_Soundtrack-300x300.jpg' alt='' title='9TageWach_Soundtrack'  itemprop=\"thumbnailUrl\"  \/><\/a><\/div><\/div><\/div><br \/>\n<div style='height:25px' class='hr hr-invisible   avia-builder-el-273  el_after_av_image  el_before_av_textblock '><span class='hr-inner ' ><span class='hr-inner-style'><\/span><\/span><\/div><br \/>\n<section class=\"av_textblock_section \"  itemscope=\"itemscope\" itemtype=\"https:\/\/schema.org\/CreativeWork\" ><div class='avia_textblock  av_inherit_color '  style='color:#ffffff; '  itemprop=\"text\" ><h3 style=\"text-align: center;\">Der Soundtrack auf Spotify<\/h3>\n<\/div><\/section><br \/>\n<div style='height:25px' class='hr hr-invisible   avia-builder-el-275  el_after_av_textblock  el_before_av_button '><span class='hr-inner ' ><span class='hr-inner-style'><\/span><\/span><\/div><br \/>\n<div class='avia-button-wrap avia-button-center  avia-builder-el-276  el_after_av_hr  avia-builder-el-last  '><a href='https:\/\/open.spotify.com\/album\/7fJkmPlHmYGQK6PwY1s0Vw'  class='avia-button   avia-icon_select-yes-left-icon avia-color-light avia-size-medium avia-position-center '  target=\"_blank\"   ><span class='avia_button_icon avia_button_icon_left ' aria-hidden='true' data-av_icon='\ue802' data-av_iconfont='entypo-fontello'><\/span><span class='avia_iconbox_title' >ANH\u00d6REN<\/span><\/a><\/div><\/p><\/div>\n\n<\/div><\/div><\/div><!-- close content main div --><\/div><\/div><div id='start' class='avia-section main_color avia-section-huge avia-no-border-styling avia-full-stretch avia-bg-style-scroll  avia-builder-el-277  el_after_av_section  el_before_av_section    av-minimum-height av-minimum-height-100  container_wrap fullsize' style='background-repeat: no-repeat; background-image: url(https:\/\/eliasfilmmusik.de\/wp-content\/uploads\/2021\/05\/PlakatSaudiRunaway_ohneTitel_blurred_left.jpg);background-attachment: scroll; background-position: center center;  '  data-section-bg-repeat='stretch' data-av_minimum_height_pc='100'><div class='container' ><div class='template-page content  av-content-full alpha units'><div class='post-entry post-entry-type-page post-entry-15191'><div class='entry-content-wrapper clearfix'>\n<div class='flex_column_table av-equal-height-column-flextable -flextable' ><div class=\"flex_column av_one_full  no_margin flex_column_table_cell av-equal-height-column av-align-bottom av-zero-column-padding first  avia-builder-el-278  el_before_av_one_half  avia-builder-el-first   \" style='border-radius:0px; '><section class=\"av_textblock_section \"  itemscope=\"itemscope\" itemtype=\"https:\/\/schema.org\/CreativeWork\" ><div class='avia_textblock  av_inherit_color '  style='color:#ffffff; '  itemprop=\"text\" ><h1 style=\"text-align: center;\">Saudi Runaway<\/h1>\n<h3 style=\"text-align: center;\">im Wettbewerb des Europ\u00e4ischen Filmpreises<\/h3>\n<\/div><\/section><br \/>\n<div style='height:75px' class='hr hr-invisible   avia-builder-el-280  el_after_av_textblock  avia-builder-el-last  '><span class='hr-inner ' ><span class='hr-inner-style'><\/span><\/span><\/div><\/p><\/div><\/div><!--close column table wrapper. Autoclose: 1 --><div class='flex_column_table av-equal-height-column-flextable -flextable' ><div class=\"flex_column av_one_half  no_margin flex_column_table_cell av-equal-height-column av-align-top av-zero-column-padding first  avia-builder-el-281  el_after_av_one_full  el_before_av_one_half   column-top-margin\" style='border-radius:0px; '><section class=\"av_textblock_section \"  itemscope=\"itemscope\" itemtype=\"https:\/\/schema.org\/CreativeWork\" ><div class='avia_textblock  av_inherit_color '  style='color:#ffffff; '  itemprop=\"text\" ><h3 style=\"text-align: center;\"><\/h3>\n<h3 style=\"text-align: center;\"><img decoding=\"async\" loading=\"lazy\" class=\"alignnone wp-image-11202\" src=\"https:\/\/eliasfilmmusik.de\/wp-content\/uploads\/2021\/05\/Plakat-Saudi-Runaway-HiRes.jpg\" alt=\"\" width=\"460\" height=\"650\" srcset=\"https:\/\/eliasfilmmusik.de\/wp-content\/uploads\/2021\/05\/Plakat-Saudi-Runaway-HiRes.jpg 1306w, https:\/\/eliasfilmmusik.de\/wp-content\/uploads\/2021\/05\/Plakat-Saudi-Runaway-HiRes-212x300.jpg 212w, https:\/\/eliasfilmmusik.de\/wp-content\/uploads\/2021\/05\/Plakat-Saudi-Runaway-HiRes-768x1084.jpg 768w, https:\/\/eliasfilmmusik.de\/wp-content\/uploads\/2021\/05\/Plakat-Saudi-Runaway-HiRes-729x1030.jpg 729w, https:\/\/eliasfilmmusik.de\/wp-content\/uploads\/2021\/05\/Plakat-Saudi-Runaway-HiRes-1062x1500.jpg 1062w, https:\/\/eliasfilmmusik.de\/wp-content\/uploads\/2021\/05\/Plakat-Saudi-Runaway-HiRes-499x705.jpg 499w, https:\/\/eliasfilmmusik.de\/wp-content\/uploads\/2021\/05\/Plakat-Saudi-Runaway-HiRes-450x635.jpg 450w\" sizes=\"(max-width: 460px) 100vw, 460px\" \/><\/h3>\n<\/div><\/section><\/div><div class=\"flex_column av_one_half  no_margin flex_column_table_cell av-equal-height-column av-align-top av-zero-column-padding   avia-builder-el-283  el_after_av_one_half  el_before_av_one_full   column-top-margin\" style='border-radius:0px; '><p><div style='height:50px' class='hr hr-invisible   avia-builder-el-284  el_before_av_textblock  avia-builder-el-first  '><span class='hr-inner ' ><span class='hr-inner-style'><\/span><\/span><\/div><br \/>\n<section class=\"av_textblock_section \"  itemscope=\"itemscope\" itemtype=\"https:\/\/schema.org\/CreativeWork\" ><div class='avia_textblock  av_inherit_color '  style='color:#ffffff; '  itemprop=\"text\" ><h3><img decoding=\"async\" loading=\"lazy\" class=\"aligncenter wp-image-9961\" src=\"https:\/\/eliasfilmmusik.de\/wp-content\/uploads\/2020\/12\/efa_red-300x110.png\" alt=\"\" width=\"150\" height=\"55\" srcset=\"https:\/\/eliasfilmmusik.de\/wp-content\/uploads\/2020\/12\/efa_red-300x110.png 300w, https:\/\/eliasfilmmusik.de\/wp-content\/uploads\/2020\/12\/efa_red-768x281.png 768w, https:\/\/eliasfilmmusik.de\/wp-content\/uploads\/2020\/12\/efa_red-1030x377.png 1030w, https:\/\/eliasfilmmusik.de\/wp-content\/uploads\/2020\/12\/efa_red-1500x549.png 1500w, https:\/\/eliasfilmmusik.de\/wp-content\/uploads\/2020\/12\/efa_red-705x258.png 705w, https:\/\/eliasfilmmusik.de\/wp-content\/uploads\/2020\/12\/efa_red-450x165.png 450w\" sizes=\"(max-width: 150px) 100vw, 150px\" \/><\/h3>\n<h3 style=\"text-align: center;\">Nominierung &#8211; Bester Dokumentarfilm<\/h3>\n<h3 style=\"text-align: center;\"><\/h3>\n<\/div><\/section><br \/>\n<div style='height:30px' class='hr hr-invisible   avia-builder-el-286  el_after_av_textblock  el_before_av_textblock  '><span class='hr-inner ' ><span class='hr-inner-style'><\/span><\/span><\/div><br \/>\n<section class=\"av_textblock_section \"  itemscope=\"itemscope\" itemtype=\"https:\/\/schema.org\/CreativeWork\" ><div class='avia_textblock  av_inherit_color '  style='color:#ffffff; '  itemprop=\"text\" ><h3 style=\"text-align: center;\"><\/h3>\n<h3 style=\"text-align: center;\"><img decoding=\"async\" loading=\"lazy\" class=\"aligncenter wp-image-9954\" src=\"https:\/\/eliasfilmmusik.de\/wp-content\/uploads\/2020\/12\/EUFA_200-180x180.png\" alt=\"\" width=\"100\" height=\"100\" srcset=\"https:\/\/eliasfilmmusik.de\/wp-content\/uploads\/2020\/12\/EUFA_200-180x180.png 180w, https:\/\/eliasfilmmusik.de\/wp-content\/uploads\/2020\/12\/EUFA_200-80x80.png 80w, https:\/\/eliasfilmmusik.de\/wp-content\/uploads\/2020\/12\/EUFA_200-36x36.png 36w, https:\/\/eliasfilmmusik.de\/wp-content\/uploads\/2020\/12\/EUFA_200-120x120.png 120w, https:\/\/eliasfilmmusik.de\/wp-content\/uploads\/2020\/12\/EUFA_200.png 200w\" sizes=\"(max-width: 100px) 100vw, 100px\" \/><\/h3>\n<h3 style=\"text-align: center;\">Winner &#8211; European University Film Award<\/h3>\n<\/div><\/section><br \/>\n<div style='height:75px' class='hr hr-invisible   avia-builder-el-288  el_after_av_textblock  el_before_av_button  '><span class='hr-inner ' ><span class='hr-inner-style'><\/span><\/span><\/div><br \/>\n<div class='avia-button-wrap avia-button-center  avia-builder-el-289  el_after_av_hr  el_before_av_hr  '><a href='https:\/\/www.europeanfilmawards.eu\/en_EN\/eufa-winner-2020'  class='avia-button av-icon-on-hover  avia-icon_select-no avia-color-light avia-size-medium avia-position-center '  target=\"_blank\"   ><span class='avia_iconbox_title' >WEITERE INFOS<\/span><\/a><\/div><br \/>\n<div style='height:25px' class='hr hr-invisible   avia-builder-el-290  el_after_av_button  avia-builder-el-last  '><span class='hr-inner ' ><span class='hr-inner-style'><\/span><\/span><\/div><\/p><\/div><\/div><!--close column table wrapper. Autoclose: 1 --><div class=\"flex_column av_one_full  flex_column_div av-zero-column-padding first  avia-builder-el-291  el_after_av_one_half  el_before_av_one_half  column-top-margin\" style='border-radius:0px; '><p><div style='height:75px' class='hr hr-invisible   avia-builder-el-292  el_before_av_image  avia-builder-el-first  '><span class='hr-inner ' ><span class='hr-inner-style'><\/span><\/span><\/div><br \/>\n<div class='avia-image-container  av-styling-no-styling    avia-builder-el-293  el_after_av_hr  el_before_av_textblock   avia-align-center '  itemprop=\"image\" itemscope=\"itemscope\" itemtype=\"https:\/\/schema.org\/ImageObject\"  ><div class='avia-image-container-inner'><div class='avia-image-overlay-wrap'><a href='https:\/\/www.hollywoodreporter.com\/review\/saudi-runaway-1270944' class='avia_image'  ><img class='avia_image ' src='https:\/\/eliasfilmmusik.de\/wp-content\/uploads\/2020\/11\/The_Hollywood_Reporter_logo_150px_white.png' alt='' title='The_Hollywood_Reporter_logo_150px_white'  itemprop=\"thumbnailUrl\"  \/><\/a><\/div><\/div><\/div><br \/>\n<section class=\"av_textblock_section \"  itemscope=\"itemscope\" itemtype=\"https:\/\/schema.org\/CreativeWork\" ><div class='avia_textblock  av_inherit_color '  style='color:#ffffff; '  itemprop=\"text\" ><h3 style=\"text-align: center;\">\u201eThe music score unfolds with a gorgeous ache, and the film ends with the sound of a voice,<br \/>\ndelivering a simple but deeply affecting message.\u201c<\/h3>\n<\/div><\/section><br \/>\n<div style='height:25px' class='hr hr-invisible   avia-builder-el-295  el_after_av_textblock  el_before_av_button '><span class='hr-inner ' ><span class='hr-inner-style'><\/span><\/span><\/div><br \/>\n<div class='avia-button-wrap avia-button-center  avia-builder-el-296  el_after_av_hr  el_before_av_hr  '><a href='https:\/\/www.hollywoodreporter.com\/review\/saudi-runaway-1270944'  class='avia-button av-icon-on-hover  avia-icon_select-no avia-color-light avia-size-medium avia-position-center '  target=\"_blank\"   ><span class='avia_iconbox_title' >WEITERE INFOS<\/span><\/a><\/div><br \/>\n<div style='height:80px' class='hr hr-invisible   avia-builder-el-297  el_after_av_button  avia-builder-el-last  '><span class='hr-inner ' ><span class='hr-inner-style'><\/span><\/span><\/div><\/p><\/div><div class='flex_column_table av-equal-height-column-flextable -flextable' ><div class=\"flex_column av_one_half  flex_column_table_cell av-equal-height-column av-align-middle av-zero-column-padding first  avia-builder-el-298  el_after_av_one_full  el_before_av_one_half   column-top-margin\" style='border-radius:0px; '><section class=\"av_textblock_section \"  itemscope=\"itemscope\" itemtype=\"https:\/\/schema.org\/CreativeWork\" ><div class='avia_textblock  av_inherit_color '  style='color:#ffffff; '  itemprop=\"text\" ><p style=\"text-align: center;\"><a href=\"https:\/\/variety.com\/2020\/film\/news\/national-geographic-saudi-runaway-1203514466\/\" target=\"_blank\" rel=\"noopener\"><img decoding=\"async\" loading=\"lazy\" class=\"alignnone wp-image-11186\" src=\"https:\/\/eliasfilmmusik.de\/wp-content\/uploads\/2021\/05\/National-Geo-logoWhite-300x102.png\" alt=\"\" width=\"148\" height=\"50\" srcset=\"https:\/\/eliasfilmmusik.de\/wp-content\/uploads\/2021\/05\/National-Geo-logoWhite-300x102.png 300w, https:\/\/eliasfilmmusik.de\/wp-content\/uploads\/2021\/05\/National-Geo-logoWhite-768x260.png 768w, https:\/\/eliasfilmmusik.de\/wp-content\/uploads\/2021\/05\/National-Geo-logoWhite-1030x349.png 1030w, https:\/\/eliasfilmmusik.de\/wp-content\/uploads\/2021\/05\/National-Geo-logoWhite-1500x508.png 1500w, https:\/\/eliasfilmmusik.de\/wp-content\/uploads\/2021\/05\/National-Geo-logoWhite-705x239.png 705w, https:\/\/eliasfilmmusik.de\/wp-content\/uploads\/2021\/05\/National-Geo-logoWhite-450x152.png 450w, https:\/\/eliasfilmmusik.de\/wp-content\/uploads\/2021\/05\/National-Geo-logoWhite.png 2000w\" sizes=\"(max-width: 148px) 100vw, 148px\" \/><\/a>\u00a0 \u00a0<a href=\"https:\/\/variety.com\/2020\/film\/news\/national-geographic-saudi-runaway-1203514466\/\" target=\"_blank\" rel=\"noopener\"><img decoding=\"async\" loading=\"lazy\" class=\"alignnone wp-image-11189\" src=\"https:\/\/eliasfilmmusik.de\/wp-content\/uploads\/2021\/05\/Disney_logoWhite-300x164.png\" alt=\"\" width=\"137\" height=\"75\" srcset=\"https:\/\/eliasfilmmusik.de\/wp-content\/uploads\/2021\/05\/Disney_logoWhite-300x164.png 300w, https:\/\/eliasfilmmusik.de\/wp-content\/uploads\/2021\/05\/Disney_logoWhite-768x421.png 768w, https:\/\/eliasfilmmusik.de\/wp-content\/uploads\/2021\/05\/Disney_logoWhite-1030x564.png 1030w, https:\/\/eliasfilmmusik.de\/wp-content\/uploads\/2021\/05\/Disney_logoWhite-705x386.png 705w, https:\/\/eliasfilmmusik.de\/wp-content\/uploads\/2021\/05\/Disney_logoWhite-450x246.png 450w, https:\/\/eliasfilmmusik.de\/wp-content\/uploads\/2021\/05\/Disney_logoWhite.png 1320w\" sizes=\"(max-width: 137px) 100vw, 137px\" \/><\/a><\/p>\n<p style=\"text-align: center;\">Im Februar 2021 wurden die weltweiten Rechte von National Geographic Documentary Films\u00a0erworben.<\/p>\n<\/div><\/section><br \/>\n<div style='height:30px' class='hr hr-invisible   avia-builder-el-300  el_after_av_textblock  avia-builder-el-last  '><span class='hr-inner ' ><span class='hr-inner-style'><\/span><\/span><\/div><\/p><\/div><div class='av-flex-placeholder'><\/div><div class=\"flex_column av_one_half  flex_column_table_cell av-equal-height-column av-align-middle av-zero-column-padding   avia-builder-el-301  el_after_av_one_half  avia-builder-el-last  column-top-margin\" style='border-radius:0px; '><section class=\"av_textblock_section \"  itemscope=\"itemscope\" itemtype=\"https:\/\/schema.org\/CreativeWork\" ><div class='avia_textblock  av_inherit_color '  style='color:#ffffff; '  itemprop=\"text\" ><p style=\"text-align: center;\">Der Film feierte im Februar 2020 auf dem Sundance Film Festival 2020 Weltpremiere und lief dort unter der Sektion World Cinema Documentary Competition. Beim Panorama Publikumspreis der Berlinale 2020 in der Kategorie Panorama Dokumente erreichte der Film den 2. Platz. Saudi Runaway war dar\u00fcber hinaus f\u00fcr den Amnesty-Filmpreis 2020 nominiert. Im selben Jahr folgten bei der Verleihung des Europ\u00e4ischen Filmpreises eine Nominierung als bester Dokumentarfilm, sowie der gewonnene European University Film Award.<\/p>\n<\/div><\/section><\/div><\/div><!--close column table wrapper. Autoclose: 1 -->\n\n<\/div><\/div><\/div><!-- close content main div --><\/div><\/div><div id='start' class='avia-section main_color avia-section-huge avia-no-border-styling avia-full-stretch avia-bg-style-scroll  avia-builder-el-303  el_after_av_section  el_before_av_section    av-minimum-height av-minimum-height-100  container_wrap fullsize' style='background-repeat: no-repeat; background-image: url(https:\/\/eliasfilmmusik.de\/wp-content\/uploads\/2020\/11\/A_Tunnel_Backdrop_blurred.jpg);background-attachment: scroll; background-position: center center;  '  data-section-bg-repeat='stretch' data-av_minimum_height_pc='100'><div class='container' ><div class='template-page content  av-content-full alpha units'><div class='post-entry post-entry-type-page post-entry-15191'><div class='entry-content-wrapper clearfix'>\n<section class=\"av_textblock_section \"  itemscope=\"itemscope\" itemtype=\"https:\/\/schema.org\/CreativeWork\" ><div class='avia_textblock  av_inherit_color '  style='color:#ffffff; '  itemprop=\"text\" ><h1 style=\"text-align: center;\">A Tunnel<\/h1>\n<\/div><\/section>\n<div style='height:50px' class='hr hr-invisible   avia-builder-el-305  el_after_av_textblock  el_before_av_one_full '><span class='hr-inner ' ><span class='hr-inner-style'><\/span><\/span><\/div>\n<div class=\"flex_column av_one_full  flex_column_div av-zero-column-padding first  avia-builder-el-306  el_after_av_hr  avia-builder-el-last  \" style='border-radius:0px; '><p><div style='height:25px' class='hr hr-invisible   avia-builder-el-307  el_before_av_textblock  avia-builder-el-first '><span class='hr-inner ' ><span class='hr-inner-style'><\/span><\/span><\/div><br \/>\n<section class=\"av_textblock_section \"  itemscope=\"itemscope\" itemtype=\"https:\/\/schema.org\/CreativeWork\" ><div class='avia_textblock  av_inherit_color '  style='color:#ffffff; '  itemprop=\"text\" ><h3 style=\"text-align: center;\">Weltpremiere IDFA Competition 2019<\/h3>\n<\/div><\/section><br \/>\n<div class='avia-image-container  av-styling-    avia-builder-el-309  el_after_av_textblock  el_before_av_hr   avia-align-center '  itemprop=\"image\" itemscope=\"itemscope\" itemtype=\"https:\/\/schema.org\/ImageObject\"  ><div class='avia-image-container-inner'><div class='avia-image-overlay-wrap'><a href='https:\/\/www.idfa.nl\/en\/film\/184c5694-2fbb-490e-9f98-0b943eba2fa4\/a-tunnel' class='avia_image'   target=\"_blank\" ><img class='avia_image ' src='https:\/\/eliasfilmmusik.de\/wp-content\/uploads\/2020\/11\/IDFA_logo_RGB_black_small.png' alt='' title='IDFA_logo_RGB_black_small'  itemprop=\"thumbnailUrl\"  \/><\/a><\/div><\/div><\/div><br \/>\n<div style=' margin-top:30px; margin-bottom:30px;'  class='hr hr-custom hr-center hr-icon-no   avia-builder-el-310  el_after_av_image  el_before_av_textblock  '><span class='hr-inner   inner-border-av-border-thin' style=' width:25px; border-color:#ffffff;' ><span class='hr-inner-style'><\/span><\/span><\/div><br \/>\n<section class=\"av_textblock_section \"  itemscope=\"itemscope\" itemtype=\"https:\/\/schema.org\/CreativeWork\" ><div class='avia_textblock  av_inherit_color '  style='color:#ffffff; '  itemprop=\"text\" ><h3 style=\"text-align: center;\">Festivals &#038; Awards<\/h3>\n<p style=\"text-align: center;\">IDFA<br \/>\nBridges &#8211; East of West Film Days, Bozar<br \/>\nOne World<br \/>\nTempo Documentary Film Festival<br \/>\nDocuDays UA<br \/>\nDOK.Fest Munich<br \/>\nThessaloniki Documentary Film Festival<br \/>\nPelicam, International Film Festival, Romania<br \/>\nBeldocs, International\u00a0Documentary\u00a0Film Festival, Serbia<br \/>\nCineDoc-Tbilisi, Georgia<br \/>\nKassel Documentary Film and Video Festival, Germany<br \/>\nArchitecture Film Festival, Rotterdam<br \/>\nCinemed,\u00a0Festival Cinema Montpellier,\u00a0France<br \/>\nInconvenient Films Documentary Festival, Lithuania<br \/>\nUnderhillFest, Montenegro\u00a0Best Documentary &#8211; International Competition<br \/>\nMakeDox Festival, North Macedonia\u00a0Young Onion Award<br \/>\nTrento Film Festival, Italy\u00a0Grand Prix<\/p>\n<\/div><\/section><\/p><\/div>\n\n<\/div><\/div><\/div><!-- close content main div --><\/div><\/div><div id='av_section_20' class='avia-section main_color avia-section-huge avia-no-border-styling avia-full-stretch avia-bg-style-scroll  avia-builder-el-312  el_after_av_section  el_before_av_section   av-minimum-height av-minimum-height-100  container_wrap fullsize' style='background-repeat: no-repeat; background-image: url(https:\/\/eliasfilmmusik.de\/wp-content\/uploads\/2019\/02\/labaule-1.jpg);background-attachment: scroll; background-position: center center;  '  data-section-bg-repeat='stretch' data-av_minimum_height_pc='100'><div class='container' ><div class='template-page content  av-content-full alpha units'><div class='post-entry post-entry-type-page post-entry-15191'><div class='entry-content-wrapper clearfix'>\n<section class=\"av_textblock_section \"  itemscope=\"itemscope\" itemtype=\"https:\/\/schema.org\/CreativeWork\" ><div class='avia_textblock  av_inherit_color '  style='color:#ffffff; '  itemprop=\"text\" ><h1 style=\"text-align: center;\">LABAULE &#038; ERBEN<\/h1>\n<\/div><\/section>\n<div style='height:25px' class='hr hr-invisible   avia-builder-el-314  el_after_av_textblock  el_before_av_one_full '><span class='hr-inner ' ><span class='hr-inner-style'><\/span><\/span><\/div>\n<div class='flex_column_table av-equal-height-column-flextable -flextable' ><div class=\"flex_column av_one_full  flex_column_table_cell av-equal-height-column av-align-top av-zero-column-padding first  avia-builder-el-315  el_after_av_hr  el_before_av_hr  \" style='border-radius:0px; '><p><div style=' margin-top:30px; margin-bottom:30px;'  class='hr hr-custom hr-center hr-icon-no   avia-builder-el-316  el_before_av_textblock  avia-builder-el-first '><span class='hr-inner   inner-border-av-border-thin' style=' width:25px; border-color:#ffffff;' ><span class='hr-inner-style'><\/span><\/span><\/div><br \/>\n<section class=\"av_textblock_section \"  itemscope=\"itemscope\" itemtype=\"https:\/\/schema.org\/CreativeWork\" ><div class='avia_textblock  av_inherit_color '  style='color:#ffffff; '  itemprop=\"text\" ><h3 style=\"text-align: center;\">\u201e&#8230; Und das mit einem furiosen Soundtrack, der die Story alleine erz\u00e4hlen kann.\u201c<\/h3>\n<p style=\"text-align: center;\">&#8211; Der Tagesspiegel<\/p>\n<\/div><\/section><br \/>\n<div style=' margin-top:30px; margin-bottom:30px;'  class='hr hr-custom hr-center hr-icon-no   avia-builder-el-318  el_after_av_textblock  el_before_av_image '><span class='hr-inner   inner-border-av-border-thin' style=' width:25px; border-color:#ffffff;' ><span class='hr-inner-style'><\/span><\/span><\/div><br \/>\n<div class='avia-image-container  av-styling-    avia-builder-el-319  el_after_av_hr  el_before_av_hr  avia-align-center '  itemprop=\"image\" itemscope=\"itemscope\" itemtype=\"https:\/\/schema.org\/ImageObject\"  ><div class='avia-image-container-inner'><div class='avia-image-overlay-wrap'><a href='https:\/\/eliasfilmmusik.de\/filmmusik\/of-fathers-and-sons\/' class='avia_image'  ><img class='avia_image ' src='https:\/\/eliasfilmmusik.de\/wp-content\/uploads\/2019\/02\/ard-300x32.png' alt='' title='ard'  itemprop=\"thumbnailUrl\"  \/><\/a><\/div><\/div><\/div><br \/>\n<div style='height:25px' class='hr hr-invisible   avia-builder-el-320  el_after_av_image  el_before_av_textblock '><span class='hr-inner ' ><span class='hr-inner-style'><\/span><\/span><\/div><br \/>\n<section class=\"av_textblock_section \"  itemscope=\"itemscope\" itemtype=\"https:\/\/schema.org\/CreativeWork\" ><div class='avia_textblock  av_inherit_color '  style='color:#ffffff; '  itemprop=\"text\" ><h3 style=\"text-align: center;\">\u2026 \u00fcber 1 Mio Abrufe in der ARD Mediathek<\/h3>\n<\/div><\/section><br \/>\n<div style=' margin-top:30px; margin-bottom:30px;'  class='hr hr-custom hr-center hr-icon-no   avia-builder-el-322  el_after_av_textblock  el_before_av_textblock '><span class='hr-inner   inner-border-av-border-thin' style=' width:25px; border-color:#ffffff;' ><span class='hr-inner-style'><\/span><\/span><\/div><br \/>\n<section class=\"av_textblock_section \"  itemscope=\"itemscope\" itemtype=\"https:\/\/schema.org\/CreativeWork\" ><div class='avia_textblock  av_inherit_color '  style='color:#ffffff; '  itemprop=\"text\" ><h3 style=\"text-align: center;\"><\/h3>\n<h3 style=\"text-align: center;\"><a href=\"https:\/\/www.netflix.com\/de\/title\/81321418\"><img decoding=\"async\" loading=\"lazy\" class=\"aligncenter wp-image-9998\" src=\"https:\/\/eliasfilmmusik.de\/wp-content\/uploads\/2020\/12\/2000px-Netflix_2015_logo.svg_-300x81.png\" alt=\"\" width=\"200\" height=\"54\" srcset=\"https:\/\/eliasfilmmusik.de\/wp-content\/uploads\/2020\/12\/2000px-Netflix_2015_logo.svg_-300x81.png 300w, https:\/\/eliasfilmmusik.de\/wp-content\/uploads\/2020\/12\/2000px-Netflix_2015_logo.svg_-768x208.png 768w, https:\/\/eliasfilmmusik.de\/wp-content\/uploads\/2020\/12\/2000px-Netflix_2015_logo.svg_-1030x279.png 1030w, https:\/\/eliasfilmmusik.de\/wp-content\/uploads\/2020\/12\/2000px-Netflix_2015_logo.svg_-1500x406.png 1500w, https:\/\/eliasfilmmusik.de\/wp-content\/uploads\/2020\/12\/2000px-Netflix_2015_logo.svg_-705x191.png 705w, https:\/\/eliasfilmmusik.de\/wp-content\/uploads\/2020\/12\/2000px-Netflix_2015_logo.svg_-450x122.png 450w, https:\/\/eliasfilmmusik.de\/wp-content\/uploads\/2020\/12\/2000px-Netflix_2015_logo.svg_.png 2000w\" sizes=\"(max-width: 200px) 100vw, 200px\" \/><\/a><\/h3>\n<\/div><\/section><br \/>\n<div class='avia-button-wrap avia-button-center  avia-builder-el-324  el_after_av_textblock  el_before_av_hr  '><a href='https:\/\/www.netflix.com\/de\/title\/81231952'  class='avia-button   avia-icon_select-no avia-color-light avia-size-medium avia-position-center '  target=\"_blank\"   ><span class='avia_iconbox_title' >IM STREAM AUF NETFLIX<\/span><\/a><\/div><br \/>\n<div style=' margin-top:30px; margin-bottom:30px;'  class='hr hr-custom hr-center hr-icon-no   avia-builder-el-325  el_after_av_button  el_before_av_image '><span class='hr-inner   inner-border-av-border-thin' style=' width:25px; border-color:#ffffff;' ><span class='hr-inner-style'><\/span><\/span><\/div><br \/>\n<div class='avia-image-container  av-styling-    avia-builder-el-326  el_after_av_hr  el_before_av_textblock  avia-align-center '  itemprop=\"image\" itemscope=\"itemscope\" itemtype=\"https:\/\/schema.org\/ImageObject\"  ><div class='avia-image-container-inner'><div class='avia-image-overlay-wrap'><a href='https:\/\/eliasfilmmusik.de\/filmmusik\/labaule-und-erben\/' class='avia_image'  ><img class='avia_image ' src='https:\/\/eliasfilmmusik.de\/wp-content\/uploads\/2019\/02\/labaule_cd.jpg' alt='' title='labaule_cd'  itemprop=\"thumbnailUrl\"  \/><\/a><\/div><\/div><\/div><br \/>\n<section class=\"av_textblock_section \"  itemscope=\"itemscope\" itemtype=\"https:\/\/schema.org\/CreativeWork\" ><div class='avia_textblock  av_inherit_color '  style='color:#ffffff; '  itemprop=\"text\" ><h3 style=\"text-align: center;\">Hier in den Soundtrack reinh\u00f6ren&#8230;<\/h3>\n<\/div><\/section><br \/>\n<div class='avia-button-wrap avia-button-center  avia-builder-el-328  el_after_av_textblock  avia-builder-el-last '><a href='https:\/\/eliasfilmmusik.de\/filmmusik\/labaule-und-erben\/'  class='avia-button   avia-icon_select-yes-left-icon avia-color-light avia-size-medium avia-position-center '   ><span class='avia_button_icon avia_button_icon_left ' aria-hidden='true' data-av_icon='\ue802' data-av_iconfont='entypo-fontello'><\/span><span class='avia_iconbox_title' >ANH\u00d6REN<\/span><\/a><\/div><\/p><\/div><\/div><!--close column table wrapper. Autoclose: 1 --><div style='height:50px' class='hr hr-invisible   avia-builder-el-329  el_after_av_one_full  avia-builder-el-last '><span class='hr-inner ' ><span class='hr-inner-style'><\/span><\/span><\/div>\n\n<\/div><\/div><\/div><!-- close content main div --><\/div><\/div><div id='av_section_21' class='avia-section main_color avia-section-huge avia-no-border-styling avia-full-stretch avia-bg-style-scroll  avia-builder-el-330  el_after_av_section  el_before_av_section    av-minimum-height av-minimum-height-100  container_wrap fullsize' style='background-repeat: no-repeat; background-image: url(https:\/\/eliasfilmmusik.de\/wp-content\/uploads\/2020\/11\/Dunkelstadt_backdrop.jpg);background-attachment: scroll; background-position: center center;  '  data-section-bg-repeat='stretch' data-av_minimum_height_pc='100'><div class='container' ><div class='template-page content  av-content-full alpha units'><div class='post-entry post-entry-type-page post-entry-15191'><div class='entry-content-wrapper clearfix'>\n<section class=\"av_textblock_section \"  itemscope=\"itemscope\" itemtype=\"https:\/\/schema.org\/CreativeWork\" ><div class='avia_textblock  av_inherit_color '  style='color:#ffffff; '  itemprop=\"text\" ><h1 style=\"text-align: center;\">Dunkelstadt<\/h1>\n<h3 style=\"text-align: center;\">Musik zur ZDFneo Serie<\/h3>\n<\/div><\/section>\n<div style='height:25px' class='hr hr-invisible   avia-builder-el-332  el_after_av_textblock  el_before_av_hr '><span class='hr-inner ' ><span class='hr-inner-style'><\/span><\/span><\/div>\n<div style='height:25px' class='hr hr-invisible   avia-builder-el-333  el_after_av_hr  el_before_av_one_full '><span class='hr-inner ' ><span class='hr-inner-style'><\/span><\/span><\/div>\n<div class='flex_column_table av-equal-height-column-flextable -flextable' ><div class=\"flex_column av_one_full  flex_column_table_cell av-equal-height-column av-align-top av-zero-column-padding first  avia-builder-el-334  el_after_av_hr  el_before_av_two_fifth  \" style='border-radius:0px; '><section class=\"av_textblock_section \"  itemscope=\"itemscope\" itemtype=\"https:\/\/schema.org\/CreativeWork\" ><div class='avia_textblock  av_inherit_color '  style='color:#ffffff; '  itemprop=\"text\" ><h3 style=\"text-align: center;\">Verf\u00fcgbar als Stream in der ZDF Mediathek und auf Netflix<\/h3>\n<\/div><\/section><\/div><\/div><!--close column table wrapper. Autoclose: 1 --><div class=\"flex_column av_two_fifth  av-hide-on-mobile  flex_column_div av-zero-column-padding first  avia-builder-el-336  el_after_av_one_full  el_before_av_one_fifth   column-top-margin\" style='border-radius:0px; '><div class='avia-image-container  av-styling-no-styling    avia-builder-el-337  avia-builder-el-no-sibling   avia-align-right '  itemprop=\"image\" itemscope=\"itemscope\" itemtype=\"https:\/\/schema.org\/ImageObject\"  ><div class='avia-image-container-inner'><div class='avia-image-overlay-wrap'><a href='https:\/\/www.zdf.de\/serien\/dunkelstadt' class='avia_image'  ><img class='avia_image ' src='https:\/\/eliasfilmmusik.de\/wp-content\/uploads\/2020\/11\/Dunkelstadt_Plakat_400x570-211x300.jpg' alt='' title='Dunkelstadt_Plakat_400x570'  itemprop=\"thumbnailUrl\"  \/><\/a><\/div><\/div><\/div><\/div><div class=\"flex_column av_one_fifth  flex_column_div av-zero-column-padding   avia-builder-el-338  el_after_av_two_fifth  el_before_av_one_fifth  column-top-margin\" style='border-radius:0px; '><p><div style='height:50px' class='hr hr-invisible   avia-builder-el-339  el_before_av_image  avia-builder-el-first  '><span class='hr-inner ' ><span class='hr-inner-style'><\/span><\/span><\/div><br \/>\n<div class='avia-image-container  av-styling-no-styling    avia-builder-el-340  el_after_av_hr  el_before_av_hr   avia-align-center '  itemprop=\"image\" itemscope=\"itemscope\" itemtype=\"https:\/\/schema.org\/ImageObject\"  ><div class='avia-image-container-inner'><div class='avia-image-overlay-wrap'><a href='https:\/\/www.zdf.de\/serien\/dunkelstadt' class='avia_image'  ><img class='avia_image ' src='https:\/\/eliasfilmmusik.de\/wp-content\/uploads\/2020\/11\/ZDFneo_logo_small.png' alt='' title='ZDFneo_logo_small'  itemprop=\"thumbnailUrl\"  \/><\/a><\/div><\/div><\/div><br \/>\n<div style='height:30px' class='hr hr-invisible   avia-builder-el-341  el_after_av_image  el_before_av_button  '><span class='hr-inner ' ><span class='hr-inner-style'><\/span><\/span><\/div><br \/>\n<div class='avia-button-wrap avia-button-center  avia-builder-el-342  el_after_av_hr  avia-builder-el-last  '><a href='https:\/\/www.zdf.de\/serien\/dunkelstadt'  class='avia-button   avia-icon_select-no avia-color-light avia-size-medium avia-position-center '   ><span class='avia_iconbox_title' >ZUR ZDF MEDIATHEK<\/span><\/a><\/div><\/p><\/div><div class=\"flex_column av_one_fifth  flex_column_div av-zero-column-padding   avia-builder-el-343  el_after_av_one_fifth  el_before_av_hr  column-top-margin\" style='border-radius:0px; '><p><div style='height:50px' class='hr hr-invisible   avia-builder-el-344  el_before_av_textblock  avia-builder-el-first  '><span class='hr-inner ' ><span class='hr-inner-style'><\/span><\/span><\/div><br \/>\n<section class=\"av_textblock_section \"  itemscope=\"itemscope\" itemtype=\"https:\/\/schema.org\/CreativeWork\" ><div class='avia_textblock  av_inherit_color '  style='color:#ffffff; '  itemprop=\"text\" ><h3 style=\"text-align: center;\"><\/h3>\n<h3 style=\"text-align: center;\"><a href=\"https:\/\/www.netflix.com\/de\/title\/81321418\"><img decoding=\"async\" loading=\"lazy\" class=\"aligncenter wp-image-9998\" src=\"https:\/\/eliasfilmmusik.de\/wp-content\/uploads\/2020\/12\/2000px-Netflix_2015_logo.svg_-300x81.png\" alt=\"\" width=\"200\" height=\"54\" srcset=\"https:\/\/eliasfilmmusik.de\/wp-content\/uploads\/2020\/12\/2000px-Netflix_2015_logo.svg_-300x81.png 300w, https:\/\/eliasfilmmusik.de\/wp-content\/uploads\/2020\/12\/2000px-Netflix_2015_logo.svg_-768x208.png 768w, https:\/\/eliasfilmmusik.de\/wp-content\/uploads\/2020\/12\/2000px-Netflix_2015_logo.svg_-1030x279.png 1030w, https:\/\/eliasfilmmusik.de\/wp-content\/uploads\/2020\/12\/2000px-Netflix_2015_logo.svg_-1500x406.png 1500w, https:\/\/eliasfilmmusik.de\/wp-content\/uploads\/2020\/12\/2000px-Netflix_2015_logo.svg_-705x191.png 705w, https:\/\/eliasfilmmusik.de\/wp-content\/uploads\/2020\/12\/2000px-Netflix_2015_logo.svg_-450x122.png 450w, https:\/\/eliasfilmmusik.de\/wp-content\/uploads\/2020\/12\/2000px-Netflix_2015_logo.svg_.png 2000w\" sizes=\"(max-width: 200px) 100vw, 200px\" \/><\/a><\/h3>\n<\/div><\/section><br \/>\n<div style='height:15px' class='hr hr-invisible   avia-builder-el-346  el_after_av_textblock  el_before_av_button  '><span class='hr-inner ' ><span class='hr-inner-style'><\/span><\/span><\/div><br \/>\n<div class='avia-button-wrap avia-button-center  avia-builder-el-347  el_after_av_hr  avia-builder-el-last  '><a href='https:\/\/www.netflix.com\/de\/title\/81321418'  class='avia-button   avia-icon_select-no avia-color-light avia-size-medium avia-position-center '   ><span class='avia_iconbox_title' >LINK NETFLIX<\/span><\/a><\/div><\/p><\/div><div style='height:50px' class='hr hr-invisible   avia-builder-el-348  el_after_av_one_fifth  avia-builder-el-last '><span class='hr-inner ' ><span class='hr-inner-style'><\/span><\/span><\/div>\n\n<\/div><\/div><\/div><!-- close content main div --><\/div><\/div><div id='av_section_22' class='avia-section main_color avia-section-huge avia-no-border-styling avia-full-stretch avia-bg-style-scroll  avia-builder-el-349  el_after_av_section  el_before_av_section    av-minimum-height av-minimum-height-100  container_wrap fullsize' style='background-repeat: no-repeat; background-image: url(https:\/\/eliasfilmmusik.de\/wp-content\/uploads\/2020\/11\/RollingStone_backdrop_big.jpg);background-attachment: scroll; background-position: center center;  '  data-section-bg-repeat='stretch' data-av_minimum_height_pc='100'><div class='container' ><div class='template-page content  av-content-full alpha units'><div class='post-entry post-entry-type-page post-entry-15191'><div class='entry-content-wrapper clearfix'>\n<div style='height:100px' class='hr hr-invisible   avia-builder-el-350  el_before_av_image  avia-builder-el-first  '><span class='hr-inner ' ><span class='hr-inner-style'><\/span><\/span><\/div>\n<div class='avia-image-container  av-styling-    avia-builder-el-351  el_after_av_hr  el_before_av_hr   avia-align-center '  itemprop=\"image\" itemscope=\"itemscope\" itemtype=\"https:\/\/schema.org\/ImageObject\"  ><div class='avia-image-container-inner'><div class='avia-image-overlay-wrap'><img class='avia_image' src='https:\/\/eliasfilmmusik.de\/wp-content\/uploads\/2020\/11\/Rolling_Stone-Logo_white_600px.png' alt='' title='Rolling_Stone-Logo_white_600px' height=\"129\" width=\"600\"  itemprop=\"thumbnailUrl\"  \/><\/div><\/div><\/div>\n<div style='height:25px' class='hr hr-invisible   avia-builder-el-352  el_after_av_image  el_before_av_hr '><span class='hr-inner ' ><span class='hr-inner-style'><\/span><\/span><\/div>\n<div style='height:25px' class='hr hr-invisible   avia-builder-el-353  el_after_av_hr  el_before_av_textblock '><span class='hr-inner ' ><span class='hr-inner-style'><\/span><\/span><\/div>\n<section class=\"av_textblock_section \"  itemscope=\"itemscope\" itemtype=\"https:\/\/schema.org\/CreativeWork\" ><div class='avia_textblock  av_inherit_color '  style='color:#ffffff; '  itemprop=\"text\" ><h2 id=\"titel\" class=\"ph-article-title p-name\" style=\"text-align: center;\">Interview mit Filmmusik-Komponist und Musikprofessor K.S. Elias:<\/h2>\n<h2 class=\"ph-article-title p-name\" style=\"text-align: center;\">\u201eFilmmusik ist schon immer ein sehr pr\u00e4gender Teil des Filmemachens gewesen\u201c<\/h2>\n<\/div><\/section>\n<div style='height:50px' class='hr hr-invisible   avia-builder-el-355  el_after_av_textblock  el_before_av_button '><span class='hr-inner ' ><span class='hr-inner-style'><\/span><\/span><\/div>\n<div class='avia-button-wrap avia-button-center  avia-builder-el-356  el_after_av_hr  avia-builder-el-last  '><a href='https:\/\/eliasfilmmusik.de\/wp-content\/uploads\/2020\/11\/RollingStone_fullArticle.pdf'  class='avia-button   avia-icon_select-no avia-color-light avia-size-medium avia-position-center '  target=\"_blank\"   ><span class='avia_iconbox_title' >ARTIKEL LESEN<\/span><\/a><\/div>\n\n<\/div><\/div><\/div><!-- close content main div --><\/div><\/div><div id='av_section_23' class='avia-section main_color avia-section-huge avia-no-border-styling avia-full-stretch avia-bg-style-scroll  avia-builder-el-357  el_after_av_section  el_before_av_section    av-minimum-height av-minimum-height-100  container_wrap fullsize' style='background-repeat: no-repeat; background-image: url(https:\/\/eliasfilmmusik.de\/wp-content\/uploads\/2020\/11\/NRZ-Backdrop_big2.jpg);background-attachment: scroll; background-position: center center;  '  data-section-bg-repeat='stretch' data-av_minimum_height_pc='100'><div class='container' ><div class='template-page content  av-content-full alpha units'><div class='post-entry post-entry-type-page post-entry-15191'><div class='entry-content-wrapper clearfix'>\n<div style='height:250px' class='hr hr-invisible   avia-builder-el-358  el_before_av_image  avia-builder-el-first  '><span class='hr-inner ' ><span class='hr-inner-style'><\/span><\/span><\/div>\n<div class='avia-image-container  av-styling-    avia-builder-el-359  el_after_av_hr  el_before_av_hr   avia-align-center '  itemprop=\"image\" itemscope=\"itemscope\" itemtype=\"https:\/\/schema.org\/ImageObject\"  ><div class='avia-image-container-inner'><div class='avia-image-overlay-wrap'><img class='avia_image' src='https:\/\/eliasfilmmusik.de\/wp-content\/uploads\/2020\/11\/NRWWAZ_450px.png' alt='' title='NRW+WAZ_450px' height=\"71\" width=\"450\"  itemprop=\"thumbnailUrl\"  \/><\/div><\/div><\/div>\n<div style='height:25px' class='hr hr-invisible   avia-builder-el-360  el_after_av_image  el_before_av_hr '><span class='hr-inner ' ><span class='hr-inner-style'><\/span><\/span><\/div>\n<div style='height:25px' class='hr hr-invisible   avia-builder-el-361  el_after_av_hr  el_before_av_textblock '><span class='hr-inner ' ><span class='hr-inner-style'><\/span><\/span><\/div>\n<section class=\"av_textblock_section \"  itemscope=\"itemscope\" itemtype=\"https:\/\/schema.org\/CreativeWork\" ><div class='avia_textblock  av_inherit_color '  style='color:#ffffff; '  itemprop=\"text\" ><h2 class=\"ph-article-title p-name\" style=\"text-align: center;\">\u201eFilmmusik-Komponist Sebastian Elias war einst Folkwang-Student.<br \/>\nEr spricht \u00fcber k\u00fcnstlerischen Ehrgeiz, den Erfolg, und was sonst noch wichtig ist im Leben\u201c<\/h2>\n<\/div><\/section>\n<div style='height:50px' class='hr hr-invisible   avia-builder-el-363  el_after_av_textblock  el_before_av_button '><span class='hr-inner ' ><span class='hr-inner-style'><\/span><\/span><\/div>\n<div class='avia-button-wrap avia-button-center  avia-builder-el-364  el_after_av_hr  avia-builder-el-last  '><a href='https:\/\/eliasfilmmusik.de\/wp-content\/uploads\/2020\/11\/NRZ_fullArticle.pdf'  class='avia-button   avia-icon_select-no avia-color-light avia-size-medium avia-position-center '  target=\"_blank\"   ><span class='avia_iconbox_title' >ARTIKEL LESEN<\/span><\/a><\/div>\n\n<\/div><\/div><\/div><!-- close content main div --><\/div><\/div><div id='vita' class='avia-section main_color avia-section-huge avia-no-border-styling avia-full-stretch avia-bg-style-scroll  avia-builder-el-365  el_after_av_section  el_before_av_section   av-minimum-height av-minimum-height-100  container_wrap fullsize' style='background-repeat: no-repeat; background-image: url(https:\/\/eliasfilmmusik.de\/wp-content\/uploads\/2018\/01\/elias_blured.jpg);background-attachment: scroll; background-position: center center;  '  data-section-bg-repeat='stretch' data-av_minimum_height_pc='100'><div class='container' ><div class='template-page content  av-content-full alpha units'><div class='post-entry post-entry-type-page post-entry-15191'><div class='entry-content-wrapper clearfix'>\n<div style='padding-bottom:40px; color:#ffffff;font-size:40px;' class='av-special-heading av-special-heading-h1 custom-color-heading blockquote modern-quote modern-centered  avia-builder-el-366  el_before_av_one_full  avia-builder-el-first   av-inherit-size '><h1 class='av-special-heading-tag '  itemprop=\"headline\"  >Vita<\/h1><div class='special-heading-border'><div class='special-heading-inner-border' style='border-color:#ffffff'><\/div><\/div><\/div>\n<div class=\"flex_column av_one_full  flex_column_div av-zero-column-padding first  avia-builder-el-367  el_after_av_heading  el_before_av_hr  \" style='border-radius:0px; '><section class=\"av_textblock_section \"  itemscope=\"itemscope\" itemtype=\"https:\/\/schema.org\/CreativeWork\" ><div class='avia_textblock  av_inherit_color '  style='font-size:16px; color:#ffffff; '  itemprop=\"text\" ><p style=\"text-align: center;\">Der mehrfach ausgezeichnete Filmkomponist K.S. Elias komponierte die Musik f\u00fcr \u00fcber 100 Kinofilme,<br \/>\nFernsehfilme, Dokumentationen und \u00fcber 400 Serienfolgen &#8211; national und international.<\/p>\n<\/div><\/section><\/div><div style='height:50px' class='hr hr-invisible   avia-builder-el-369  el_after_av_one_full  el_before_av_button '><span class='hr-inner ' ><span class='hr-inner-style'><\/span><\/span><\/div>\n<div class='avia-button-wrap avia-button-center  avia-builder-el-370  el_after_av_hr  avia-builder-el-last '><a href='https:\/\/eliasfilmmusik.de\/vita\/'  class='avia-button av-icon-on-hover  avia-icon_select-no avia-color-light avia-size-medium avia-position-center '   ><span class='avia_iconbox_title' >ZUR VITA<\/span><\/a><\/div>\n\n<\/div><\/div><\/div><!-- close content main div --><\/div><\/div><div id='presse' class='avia-section main_color avia-section-huge avia-no-border-styling avia-full-stretch avia-bg-style-scroll  avia-builder-el-371  el_after_av_section  el_before_av_section   av-minimum-height av-minimum-height-100  container_wrap fullsize' style='background-repeat: no-repeat; background-image: url(https:\/\/eliasfilmmusik.de\/wp-content\/uploads\/2018\/01\/presse.jpg);background-attachment: scroll; background-position: center center;  '  data-section-bg-repeat='stretch' data-av_minimum_height_pc='100'><div class='container' ><div class='template-page content  av-content-full alpha units'><div class='post-entry post-entry-type-page post-entry-15191'><div class='entry-content-wrapper clearfix'>\n<div style='padding-bottom:40px; color:#ffffff;font-size:40px;' class='av-special-heading av-special-heading-h1 custom-color-heading blockquote modern-quote modern-centered  avia-builder-el-372  el_before_av_testimonials  avia-builder-el-first   av-inherit-size '><h1 class='av-special-heading-tag '  itemprop=\"headline\"  >Presse<\/h1><div class='special-heading-border'><div class='special-heading-inner-border' style='border-color:#ffffff'><\/div><\/div><\/div>\n<div  data-autoplay='1'  data-interval='3'  data-animation='fade'  data-hoverpause='1'  class='avia-testimonial-wrapper avia-slider-testimonials avia-slider-2-testimonials avia_animate_when_almost_visible  av-large-testimonial-slider  '>\n<section class ='avia-testimonial-row'><div class='avia-testimonial av_one_half flex_column no_margin avia-testimonial-row-1 avia-first-testimonial'  itemscope=\"itemscope\" itemtype=\"https:\/\/schema.org\/Person\" ><div class='avia-testimonial_inner'><div class='avia-testimonial-content av_inherit_color'   style='color:#ffffff; '  itemscope=\"itemscope\" itemtype=\"https:\/\/schema.org\/CreativeWork\" ><p><img decoding=\"async\" loading=\"lazy\" class=\"aligncenter wp-image-9744\" src=\"https:\/\/eliasfilmmusik.de\/wp-content\/uploads\/2020\/11\/The_Hollywood_Reporter_logo_400px-300x71.png\" alt=\"\" width=\"200\" height=\"47\" srcset=\"https:\/\/eliasfilmmusik.de\/wp-content\/uploads\/2020\/11\/The_Hollywood_Reporter_logo_400px-300x71.png 300w, https:\/\/eliasfilmmusik.de\/wp-content\/uploads\/2020\/11\/The_Hollywood_Reporter_logo_400px.png 400w\" sizes=\"(max-width: 200px) 100vw, 200px\" \/><\/p>\n<h3 style=\"text-align: center;\">Of Fathers and Sons<\/h3>\n<p style=\"text-align: center;\"><em>\u201c\u2026 K.S. Elias\u2018 electronica-dominated score sounds warning notes of downbeat dread.\u201d<\/em><\/p>\n<\/div><div class='avia-testimonial-meta'><div class='avia-testimonial-arrow-wrap'><div class='avia-arrow'><\/div><\/div><div class='avia-testimonial-meta-mini'><strong  class='avia-testimonial-name'   style='color:#ffffff; '  itemprop=\"name\" >Neil Young<\/strong><span  class='avia-testimonial-subtitle av_opacity_variation'  style='color:#ffffff; '   itemprop=\"jobTitle\" >The Hollywood Reporter<\/span><\/div><\/div><\/div><\/div>\n<div class='avia-testimonial av_one_half flex_column no_margin avia-testimonial-row-1 '  itemscope=\"itemscope\" itemtype=\"https:\/\/schema.org\/Person\" ><div class='avia-testimonial_inner'><div class='avia-testimonial-content av_inherit_color'   style='color:#ffffff; '  itemscope=\"itemscope\" itemtype=\"https:\/\/schema.org\/CreativeWork\" ><p><img decoding=\"async\" loading=\"lazy\" class=\"aligncenter wp-image-4307 size-medium\" src=\"http:\/\/eliasfilmmusik.de\/wp-content\/uploads\/2018\/01\/nytimes_white-1-300x44.png\" alt=\"\" width=\"300\" height=\"44\" \/><\/p>\n<h3 style=\"text-align: center;\">In Heaven, Underground<\/h3>\n<p style=\"text-align: center;\"><em>\u00bbIn Heaven, Underground\u00ab captures the aura of the <a title=\"A travel guide to the cemetery\" href=\"http:\/\/www.memorialmuseums.org\/eng\/staettens\/view\/1419\/Wei%C3%9Fensee-Jewish-Cemetery\">Weissensee<\/a>\u00a0in its many layers.<\/em><br \/>\n<em> The sense of place may be expected, but it\u2019s also poetic and exquisite.<\/em><\/p>\n<\/div><div class='avia-testimonial-meta'><div class='avia-testimonial-arrow-wrap'><div class='avia-arrow'><\/div><\/div><div class='avia-testimonial-meta-mini'><strong  class='avia-testimonial-name'   style='color:#ffffff; '  itemprop=\"name\" >DAVID DeWITT<\/strong><span  class='avia-testimonial-subtitle av_opacity_variation'  style='color:#ffffff; '   itemprop=\"jobTitle\" >The New York Times<\/span><\/div><\/div><\/div><\/div>\n<div class='avia-testimonial av_one_half flex_column no_margin avia-testimonial-row-1 '  itemscope=\"itemscope\" itemtype=\"https:\/\/schema.org\/Person\" ><div class='avia-testimonial_inner'><div class='avia-testimonial-content av_inherit_color'   style='color:#ffffff; '  itemscope=\"itemscope\" itemtype=\"https:\/\/schema.org\/CreativeWork\" ><h3><img decoding=\"async\" loading=\"lazy\" class=\"aligncenter wp-image-9919 size-medium\" src=\"https:\/\/eliasfilmmusik.de\/wp-content\/uploads\/2020\/11\/DerSpiegel-300x94.png\" alt=\"\" width=\"300\" height=\"94\" srcset=\"https:\/\/eliasfilmmusik.de\/wp-content\/uploads\/2020\/11\/DerSpiegel-300x94.png 300w, https:\/\/eliasfilmmusik.de\/wp-content\/uploads\/2020\/11\/DerSpiegel-768x241.png 768w, https:\/\/eliasfilmmusik.de\/wp-content\/uploads\/2020\/11\/DerSpiegel-1030x323.png 1030w, https:\/\/eliasfilmmusik.de\/wp-content\/uploads\/2020\/11\/DerSpiegel-1500x470.png 1500w, https:\/\/eliasfilmmusik.de\/wp-content\/uploads\/2020\/11\/DerSpiegel-705x221.png 705w, https:\/\/eliasfilmmusik.de\/wp-content\/uploads\/2020\/11\/DerSpiegel-450x141.png 450w\" sizes=\"(max-width: 300px) 100vw, 300px\" \/><\/h3>\n<h3 style=\"text-align: center;\"><span class=\"s2\">IM HIMMEL, UNTER DER ERDE<\/span><\/h3>\n<p style=\"text-align: center;\"><em>\u201eAn keiner Stelle ist diese Dokumentation langatmig, nirgendwo trist und starr. <\/em><em>Nicht zuletzt wegen der Musik von Karim Sebastian Elias:<br \/>\nLeicht melancholisch und sehr lebendig begleitet sie die Bilder, genauso k\u00f6nnten Kinderstreiche untermalt werden.\u201c<\/em><\/p>\n<\/div><div class='avia-testimonial-meta'><div class='avia-testimonial-arrow-wrap'><div class='avia-arrow'><\/div><\/div><div class='avia-testimonial-meta-mini'><strong  class='avia-testimonial-name'   style='color:#ffffff; '  itemprop=\"name\" >Der Spiegel<\/strong><\/div><\/div><\/div><\/div>\n<div class='avia-testimonial av_one_half flex_column no_margin avia-testimonial-row-1 '  itemscope=\"itemscope\" itemtype=\"https:\/\/schema.org\/Person\" ><div class='avia-testimonial_inner'><div class='avia-testimonial-content av_inherit_color'   style='color:#ffffff; '  itemscope=\"itemscope\" itemtype=\"https:\/\/schema.org\/CreativeWork\" ><p><img decoding=\"async\" loading=\"lazy\" class=\"aligncenter size-medium wp-image-3176\" src=\"http:\/\/eliasfilmmusik.de\/wp-content\/uploads\/2018\/01\/Huffington_Post_Logo.svg_-300x36.png\" alt=\"\" width=\"300\" height=\"36\" srcset=\"https:\/\/eliasfilmmusik.de\/wp-content\/uploads\/2018\/01\/Huffington_Post_Logo.svg_-300x36.png 300w, https:\/\/eliasfilmmusik.de\/wp-content\/uploads\/2018\/01\/Huffington_Post_Logo.svg_-768x93.png 768w, https:\/\/eliasfilmmusik.de\/wp-content\/uploads\/2018\/01\/Huffington_Post_Logo.svg_-1030x124.png 1030w, https:\/\/eliasfilmmusik.de\/wp-content\/uploads\/2018\/01\/Huffington_Post_Logo.svg_-1500x181.png 1500w, https:\/\/eliasfilmmusik.de\/wp-content\/uploads\/2018\/01\/Huffington_Post_Logo.svg_-705x85.png 705w, https:\/\/eliasfilmmusik.de\/wp-content\/uploads\/2018\/01\/Huffington_Post_Logo.svg_-450x54.png 450w, https:\/\/eliasfilmmusik.de\/wp-content\/uploads\/2018\/01\/Huffington_Post_Logo.svg_.png 2000w\" sizes=\"(max-width: 300px) 100vw, 300px\" \/><\/p>\n<h3 style=\"text-align: center;\">In Heaven, Underground<\/h3>\n<p style=\"text-align: center;\"><em>&#8220;It&#8217;s the original score by Karim Sebastian Elias that sets so much of the film\u2019s tone in critical scenes. With segments that range from mischievous to mournful, from merry to melancholy, Elias\u2019s music does such a splendid job of showcasing Weissensee\u2019s history and natural beauty that viewers may be shocked to find themselves laughing and smiling throughout a documentary about the final resting place of so many European Jews.&#8221;<\/em><\/p>\n<\/div><div class='avia-testimonial-meta'><div class='avia-testimonial-arrow-wrap'><div class='avia-arrow'><\/div><\/div><div class='avia-testimonial-meta-mini'><strong  class='avia-testimonial-name'   style='color:#ffffff; '  itemprop=\"name\" >George Heymont<\/strong><span  class='avia-testimonial-subtitle av_opacity_variation'  style='color:#ffffff; '   itemprop=\"jobTitle\" >The Huffington Post<\/span><\/div><\/div><\/div><\/div>\n<div class='avia-testimonial av_one_half flex_column no_margin avia-testimonial-row-1 '  itemscope=\"itemscope\" itemtype=\"https:\/\/schema.org\/Person\" ><div class='avia-testimonial_inner'><div class='avia-testimonial-content av_inherit_color'   style='color:#ffffff; '  itemscope=\"itemscope\" itemtype=\"https:\/\/schema.org\/CreativeWork\" ><p><img decoding=\"async\" loading=\"lazy\" class=\"aligncenter wp-image-9767 size-medium\" src=\"https:\/\/eliasfilmmusik.de\/wp-content\/uploads\/2020\/11\/Rolling_Stone-Logo_big-300x61.png\" alt=\"\" width=\"300\" height=\"61\" srcset=\"https:\/\/eliasfilmmusik.de\/wp-content\/uploads\/2020\/11\/Rolling_Stone-Logo_big-300x61.png 300w, https:\/\/eliasfilmmusik.de\/wp-content\/uploads\/2020\/11\/Rolling_Stone-Logo_big-768x157.png 768w, https:\/\/eliasfilmmusik.de\/wp-content\/uploads\/2020\/11\/Rolling_Stone-Logo_big-1030x210.png 1030w, https:\/\/eliasfilmmusik.de\/wp-content\/uploads\/2020\/11\/Rolling_Stone-Logo_big-1500x306.png 1500w, https:\/\/eliasfilmmusik.de\/wp-content\/uploads\/2020\/11\/Rolling_Stone-Logo_big-705x144.png 705w, https:\/\/eliasfilmmusik.de\/wp-content\/uploads\/2020\/11\/Rolling_Stone-Logo_big-450x92.png 450w\" sizes=\"(max-width: 300px) 100vw, 300px\" \/><\/p>\n<p style=\"text-align: center;\"><em>\u201eFilmmusik ist schon immer ein sehr pr\u00e4gender Teil des Filmemachens gewesen\u201c<\/em><\/p>\n<p style=\"text-align: center;\"><br class=\"avia-permanent-lb\" \/>K.S. Elias im Gespr\u00e4ch mit dem\u00a0<b>Rolling Stone Magazine<\/b><\/p>\n<\/div><div class='avia-testimonial-meta'><div class='avia-testimonial-arrow-wrap'><div class='avia-arrow'><\/div><\/div><div class='avia-testimonial-meta-mini'><\/div><\/div><\/div><\/div>\n<div class='avia-testimonial av_one_half flex_column no_margin avia-testimonial-row-1 '  itemscope=\"itemscope\" itemtype=\"https:\/\/schema.org\/Person\" ><div class='avia-testimonial_inner'><div class='avia-testimonial-content av_inherit_color'   style='color:#ffffff; '  itemscope=\"itemscope\" itemtype=\"https:\/\/schema.org\/CreativeWork\" ><h3><img decoding=\"async\" loading=\"lazy\" class=\"aligncenter wp-image-9921\" src=\"https:\/\/eliasfilmmusik.de\/wp-content\/uploads\/2020\/11\/FilmJournal-300x76.png\" alt=\"\" width=\"250\" height=\"64\" srcset=\"https:\/\/eliasfilmmusik.de\/wp-content\/uploads\/2020\/11\/FilmJournal-300x76.png 300w, https:\/\/eliasfilmmusik.de\/wp-content\/uploads\/2020\/11\/FilmJournal-768x196.png 768w, https:\/\/eliasfilmmusik.de\/wp-content\/uploads\/2020\/11\/FilmJournal-705x180.png 705w, https:\/\/eliasfilmmusik.de\/wp-content\/uploads\/2020\/11\/FilmJournal-450x115.png 450w, https:\/\/eliasfilmmusik.de\/wp-content\/uploads\/2020\/11\/FilmJournal.png 816w\" sizes=\"(max-width: 250px) 100vw, 250px\" \/><\/h3>\n<h3 style=\"text-align: center;\"><br class=\"avia-permanent-lb\" \/>IN HEAVEN, UNDERGROUND<\/h3>\n<p style=\"text-align: center;\"><em>\u201eWauer&#8217;s technique is creative without being arty, using a 3D computer effect to enhance the <span class=\"s1\">still photos<br \/>\n<\/span><\/em><em><span class=\"s1\">and employing a charming original score by Karim Sebastian Elias.\u201c<\/span><\/em><\/p>\n<\/div><div class='avia-testimonial-meta'><div class='avia-testimonial-arrow-wrap'><div class='avia-arrow'><\/div><\/div><div class='avia-testimonial-meta-mini'><strong  class='avia-testimonial-name'   style='color:#ffffff; '  itemprop=\"name\" >Film Journal International<\/strong><\/div><\/div><\/div><\/div>\n<div class='avia-testimonial av_one_half flex_column no_margin avia-testimonial-row-1 '  itemscope=\"itemscope\" itemtype=\"https:\/\/schema.org\/Person\" ><div class='avia-testimonial_inner'><div class='avia-testimonial-content av_inherit_color'   style='color:#ffffff; '  itemscope=\"itemscope\" itemtype=\"https:\/\/schema.org\/CreativeWork\" ><h3><img decoding=\"async\" loading=\"lazy\" class=\"wp-image-9929 size-medium aligncenter\" src=\"https:\/\/eliasfilmmusik.de\/wp-content\/uploads\/2020\/11\/SZ_gruen-300x35.png\" alt=\"\" width=\"300\" height=\"35\" srcset=\"https:\/\/eliasfilmmusik.de\/wp-content\/uploads\/2020\/11\/SZ_gruen-300x35.png 300w, https:\/\/eliasfilmmusik.de\/wp-content\/uploads\/2020\/11\/SZ_gruen-768x88.png 768w, https:\/\/eliasfilmmusik.de\/wp-content\/uploads\/2020\/11\/SZ_gruen-1030x118.png 1030w, https:\/\/eliasfilmmusik.de\/wp-content\/uploads\/2020\/11\/SZ_gruen-1500x173.png 1500w, https:\/\/eliasfilmmusik.de\/wp-content\/uploads\/2020\/11\/SZ_gruen-705x81.png 705w, https:\/\/eliasfilmmusik.de\/wp-content\/uploads\/2020\/11\/SZ_gruen-450x52.png 450w, https:\/\/eliasfilmmusik.de\/wp-content\/uploads\/2020\/11\/SZ_gruen.png 2000w\" sizes=\"(max-width: 300px) 100vw, 300px\" \/><\/h3>\n<h3 style=\"text-align: center;\"><br class=\"avia-permanent-lb\" \/>BELLA BLOCK \u2013 WEISSE N\u00c4CHTE<\/h3>\n<p style=\"text-align: center;\"><em>\u201eMan kann Fernsehzuschauer kaum auffordern, w\u00e4hrend eines Films die Augen zu schlie\u00dfen. Obwohl es sich manchmal lohnen w\u00fcrde. Der Komponist Karim Sebastian Elias beispielsweise hat es f\u00fcr eine neue Folge des ZDF-Krimis Bella Block verstanden, eine Geschichte zu unterst\u00fctzen, bei der Gef\u00fchle eine gro\u00dfe Rolle spielen \u2013 und es handelt sich dabei ausdr\u00fccklich nicht um Klangso\u00dfe.\u201c<\/em><\/p>\n<\/div><div class='avia-testimonial-meta'><div class='avia-testimonial-arrow-wrap'><div class='avia-arrow'><\/div><\/div><div class='avia-testimonial-meta-mini'><strong  class='avia-testimonial-name'   style='color:#ffffff; '  itemprop=\"name\" >S\u00fcddeutsche Zeitung<\/strong><\/div><\/div><\/div><\/div>\n<div class='avia-testimonial av_one_half flex_column no_margin avia-testimonial-row-1 '  itemscope=\"itemscope\" itemtype=\"https:\/\/schema.org\/Person\" ><div class='avia-testimonial_inner'><div class='avia-testimonial-content av_inherit_color'   style='color:#ffffff; '  itemscope=\"itemscope\" itemtype=\"https:\/\/schema.org\/CreativeWork\" ><h3><img decoding=\"async\" loading=\"lazy\" class=\"aligncenter wp-image-9925 size-medium\" src=\"https:\/\/eliasfilmmusik.de\/wp-content\/uploads\/2020\/11\/Tagesspiegel-300x45.png\" alt=\"\" width=\"300\" height=\"45\" srcset=\"https:\/\/eliasfilmmusik.de\/wp-content\/uploads\/2020\/11\/Tagesspiegel-300x45.png 300w, https:\/\/eliasfilmmusik.de\/wp-content\/uploads\/2020\/11\/Tagesspiegel-768x115.png 768w, https:\/\/eliasfilmmusik.de\/wp-content\/uploads\/2020\/11\/Tagesspiegel-1030x155.png 1030w, https:\/\/eliasfilmmusik.de\/wp-content\/uploads\/2020\/11\/Tagesspiegel-1500x225.png 1500w, https:\/\/eliasfilmmusik.de\/wp-content\/uploads\/2020\/11\/Tagesspiegel-705x106.png 705w, https:\/\/eliasfilmmusik.de\/wp-content\/uploads\/2020\/11\/Tagesspiegel-450x68.png 450w, https:\/\/eliasfilmmusik.de\/wp-content\/uploads\/2020\/11\/Tagesspiegel.png 2000w\" sizes=\"(max-width: 300px) 100vw, 300px\" \/><\/h3>\n<h3 style=\"text-align: center;\"><br class=\"avia-permanent-lb\" \/>IM HIMMEL, UNTER DER ERDE<\/h3>\n<p style=\"text-align: center;\"><em>\u201eNur die Filmmusik spielt an diesem Februarmorgen nicht. Ber\u00fcckend ist sie und s\u00fc\u00df, mal schwer von Trauer und Erinnerung, mal t\u00e4nzelnd wie streicherseliger Walzer. In Britta Wauers Dokumentarfilm \u201eIm Himmel, unter der Erde\u201c \u00fcber den j\u00fcdischen Friedhof Wei\u00dfensee, der Sonntag auf der Berlinale Premiere hat, erklingt mehr Musik als Friedhofsstille. Im Herzen hallt sie nach und geht von einem Grab zum andern mit.\u201c<\/em><\/p>\n<\/div><div class='avia-testimonial-meta'><div class='avia-testimonial-arrow-wrap'><div class='avia-arrow'><\/div><\/div><div class='avia-testimonial-meta-mini'><strong  class='avia-testimonial-name'   style='color:#ffffff; '  itemprop=\"name\" >Der Tagesspiegel<\/strong><\/div><\/div><\/div><\/div>\n<\/section><div class='avia-slideshow-arrows avia-slideshow-controls'  style='color:#ffffff; '><a href='#prev' class='prev-slide' aria-hidden='true' data-av_icon='\ue87c' data-av_iconfont='entypo-fontello'>Previous<\/a><a href='#next' class='next-slide' aria-hidden='true' data-av_icon='\ue87d' data-av_iconfont='entypo-fontello'>Next<\/a><\/div><\/div>\n<div class='avia-button-wrap avia-button-center  avia-builder-el-374  el_after_av_testimonials  avia-builder-el-last '><a href='https:\/\/eliasfilmmusik.de\/presse\/'  class='avia-button   avia-icon_select-no avia-color-light avia-size-medium avia-position-center '   ><span class='avia_iconbox_title' >ZU DEN PRESSEZITATEN<\/span><\/a><\/div>\n\n<\/div><\/div><\/div><!-- close content main div --><\/div><\/div><div id='awards' class='avia-section alternate_color avia-section-huge avia-no-border-styling avia-full-stretch avia-bg-style-scroll  avia-builder-el-375  el_after_av_section  el_before_av_section   av-minimum-height av-minimum-height-100  container_wrap fullsize' style='background-repeat: no-repeat; background-image: url(https:\/\/eliasfilmmusik.de\/wp-content\/uploads\/2018\/01\/awards_blured.jpg);background-attachment: scroll; background-position: center center;  '  data-section-bg-repeat='stretch' data-av_minimum_height_pc='100'><div class='container' ><div class='template-page content  av-content-full alpha units'><div class='post-entry post-entry-type-page post-entry-15191'><div class='entry-content-wrapper clearfix'>\n<div style='padding-bottom:40px; color:#ffffff;font-size:40px;' class='av-special-heading av-special-heading-h1 custom-color-heading blockquote modern-quote modern-centered  avia-builder-el-376  el_before_av_one_full  avia-builder-el-first   av-inherit-size '><h1 class='av-special-heading-tag '  itemprop=\"headline\"  >Auszeichnungen<\/h1><div class='special-heading-border'><div class='special-heading-inner-border' style='border-color:#ffffff'><\/div><\/div><\/div>\n<div class=\"flex_column av_one_full  flex_column_div av-zero-column-padding first  avia-builder-el-377  el_after_av_heading  avia-builder-el-last  \" style='border-radius:0px; '><section class=\"av_textblock_section \"  itemscope=\"itemscope\" itemtype=\"https:\/\/schema.org\/CreativeWork\" ><div class='avia_textblock  av_inherit_color '  style='font-size:16px; color:#ffffff; '  itemprop=\"text\" ><p style=\"text-align: center;\">Deutscher Filmpreis, Deutscher Fernsehpreis, Bayerischer Filmpreis,<br \/>\nGerman Critics Association Award, Panorama Award der 61. Berlinale und Weitere<\/p>\n<\/div><\/section><br \/>\n<div style='height:50px' class='hr hr-invisible   avia-builder-el-379  el_after_av_textblock  el_before_av_button '><span class='hr-inner ' ><span class='hr-inner-style'><\/span><\/span><\/div><br \/>\n<div class='avia-button-wrap avia-button-center  avia-builder-el-380  el_after_av_hr  avia-builder-el-last '><a href='https:\/\/eliasfilmmusik.de\/awards-2\/'  class='avia-button av-icon-on-hover  avia-icon_select-no avia-color-light avia-size-medium avia-position-center '   ><span class='avia_iconbox_title' >ZU DEN AUSZEICHNUNGEN<\/span><\/a><\/div><\/p><\/div>\n\n<\/div><\/div><\/div><!-- close content main div --><\/div><\/div><div id='filmmusik' class='avia-section main_color avia-section-huge avia-no-border-styling avia-bg-style-scroll  avia-builder-el-381  el_after_av_section  el_before_av_section   container_wrap fullsize' style='background-color: #111111;  '  ><div class='container' ><div class='template-page content  av-content-full alpha units'><div class='post-entry post-entry-type-page post-entry-15191'><div class='entry-content-wrapper clearfix'>\n<div class='flex_column_table av-equal-height-column-flextable -flextable' ><div class=\"flex_column av_one_full  flex_column_table_cell av-equal-height-column av-align-middle av-zero-column-padding first  avia-builder-el-382  el_before_av_hr  avia-builder-el-first   \" style='border-radius:0px; '><p><div style='padding-bottom:40px; color:#ffffff;font-size:40px;' class='av-special-heading av-special-heading-h1 custom-color-heading blockquote modern-quote modern-centered  avia-builder-el-383  el_before_av_textblock  avia-builder-el-first   av-inherit-size '><h1 class='av-special-heading-tag '  itemprop=\"headline\"  >Filmmusik &#8211; Werk\u00fcberblick<\/h1><div class='special-heading-border'><div class='special-heading-inner-border' style='border-color:#ffffff'><\/div><\/div><\/div><br \/>\n<section class=\"av_textblock_section \"  itemscope=\"itemscope\" itemtype=\"https:\/\/schema.org\/CreativeWork\" ><div class='avia_textblock  av_inherit_color '  style='color:#ffffff; '  itemprop=\"text\" ><p style=\"text-align: center;\">Ein Klick auf das Plakat \u00f6ffnet Soundtrack und Details. Das Passwort k\u00f6nnen sie <a href=\"http:\/\/eliasfilmmusik.de\/kontaktformular\/\" target=\"_blank\" rel=\"noopener\">HIER<\/a> anfordern.<\/p>\n<\/div><\/section><\/p><\/div><\/div><!--close column table wrapper. Autoclose: 1 --><div style='height:75px' class='hr hr-invisible   avia-builder-el-385  el_after_av_one_full  el_before_av_one_fourth  '><span class='hr-inner ' ><span class='hr-inner-style'><\/span><\/span><\/div>\n<div class='flex_column_table av-equal-height-column-flextable av-break-at-tablet-flextable' ><div class=\"flex_column av_one_fourth  av-break-at-tablet flex_column_table_cell av-equal-height-column av-align-middle av-zero-column-padding first  avia-builder-el-386  el_after_av_hr  el_before_av_one_half   \" style='border-radius:0px; '><section class=\"av_textblock_section \"  itemscope=\"itemscope\" itemtype=\"https:\/\/schema.org\/CreativeWork\" ><div class='avia_textblock  av_inherit_color '  style='font-size:16px; color:#ffffff; '  itemprop=\"text\" ><h1 style=\"text-align: center;\">Aktuelle Projekte<\/h1>\n<\/div><\/section><br \/>\n<div style='height:25px' class='hr hr-invisible  av-desktop-hide  avia-builder-el-388  el_after_av_textblock  avia-builder-el-last  '><span class='hr-inner ' ><span class='hr-inner-style'><\/span><\/span><\/div><\/p><\/div><div class='av-flex-placeholder'><\/div><div class=\"flex_column av_one_half  av-break-at-tablet flex_column_table_cell av-equal-height-column av-align-middle av-zero-column-padding   avia-builder-el-389  el_after_av_one_fourth  el_before_av_one_fourth   \" style='border-radius:0px; '><div class=' grid-sort-container isotope   av-small-columns-overwrite av-small-columns-3 av-mini-columns-overwrite av-mini-columns-2 no_margin-container with-no-container grid-total-even grid-col-3 grid-links-' data-portfolio-id='1'><div data-ajax-id='14714' class=' grid-entry flex_column isotope-item all_sort no_margin post-entry post-entry-14714 grid-entry-overview grid-loop-1 grid-parity-odd  recent-en_sort  av_one_third first default_av_fullwidth '><article class='main_color inner-entry'  itemscope=\"itemscope\" itemtype=\"https:\/\/schema.org\/CreativeWork\" ><a href='https:\/\/eliasfilmmusik.de\/en\/filmmusik\/faruk\/' title=''  data-rel='grid-1' class='grid-image avia-hover-fx'><img width=\"800\" height=\"1140\" src=\"https:\/\/eliasfilmmusik.de\/wp-content\/uploads\/2024\/02\/Faruk-FilmPoster.jpg\" class=\"attachment-no scaling size-no scaling wp-post-image\" alt=\"\" decoding=\"async\" loading=\"lazy\" srcset=\"https:\/\/eliasfilmmusik.de\/wp-content\/uploads\/2024\/02\/Faruk-FilmPoster.jpg 800w, https:\/\/eliasfilmmusik.de\/wp-content\/uploads\/2024\/02\/Faruk-FilmPoster-211x300.jpg 211w, https:\/\/eliasfilmmusik.de\/wp-content\/uploads\/2024\/02\/Faruk-FilmPoster-723x1030.jpg 723w, https:\/\/eliasfilmmusik.de\/wp-content\/uploads\/2024\/02\/Faruk-FilmPoster-768x1094.jpg 768w, https:\/\/eliasfilmmusik.de\/wp-content\/uploads\/2024\/02\/Faruk-FilmPoster-495x705.jpg 495w, https:\/\/eliasfilmmusik.de\/wp-content\/uploads\/2024\/02\/Faruk-FilmPoster-450x641.jpg 450w\" sizes=\"(max-width: 800px) 100vw, 800px\" \/><\/a><footer class=\"entry-footer\"><\/footer><\/article><\/div><div data-ajax-id='14721' class=' grid-entry flex_column isotope-item all_sort no_margin post-entry post-entry-14721 grid-entry-overview grid-loop-2 grid-parity-even  recent-en_sort  av_one_third  default_av_fullwidth '><article class='main_color inner-entry'  itemscope=\"itemscope\" itemtype=\"https:\/\/schema.org\/CreativeWork\" ><a href='https:\/\/eliasfilmmusik.de\/en\/filmmusik\/die-geschuetzten-maenner\/' title=''  data-rel='grid-1' class='grid-image avia-hover-fx'><img width=\"400\" height=\"570\" src=\"https:\/\/eliasfilmmusik.de\/wp-content\/uploads\/2024\/07\/poster_die-geschuetzten-maenner_72dpi_filmgalerie451.jpg\" class=\"attachment-no scaling size-no scaling wp-post-image\" alt=\"\" decoding=\"async\" loading=\"lazy\" srcset=\"https:\/\/eliasfilmmusik.de\/wp-content\/uploads\/2024\/07\/poster_die-geschuetzten-maenner_72dpi_filmgalerie451.jpg 400w, https:\/\/eliasfilmmusik.de\/wp-content\/uploads\/2024\/07\/poster_die-geschuetzten-maenner_72dpi_filmgalerie451-211x300.jpg 211w\" sizes=\"(max-width: 400px) 100vw, 400px\" \/><\/a><footer class=\"entry-footer\"><\/footer><\/article><\/div><div data-ajax-id='11161' class=' grid-entry flex_column isotope-item all_sort no_margin post-entry post-entry-11161 grid-entry-overview grid-loop-3 grid-parity-odd  recent-en_sort  av_one_third  default_av_fullwidth '><article class='main_color inner-entry'  itemscope=\"itemscope\" itemtype=\"https:\/\/schema.org\/CreativeWork\" ><a href='https:\/\/eliasfilmmusik.de\/en\/filmmusik\/the-last-execution\/' title=''  data-rel='grid-1' class='grid-image avia-hover-fx'><img width=\"400\" height=\"570\" src=\"https:\/\/eliasfilmmusik.de\/wp-content\/uploads\/2021\/06\/LastExecution_Poster400x570.jpg\" class=\"attachment-no scaling size-no scaling wp-post-image\" alt=\"\" decoding=\"async\" loading=\"lazy\" srcset=\"https:\/\/eliasfilmmusik.de\/wp-content\/uploads\/2021\/06\/LastExecution_Poster400x570.jpg 400w, https:\/\/eliasfilmmusik.de\/wp-content\/uploads\/2021\/06\/LastExecution_Poster400x570-211x300.jpg 211w\" sizes=\"(max-width: 400px) 100vw, 400px\" \/><\/a><footer class=\"entry-footer\"><\/footer><\/article><\/div><div data-ajax-id='14727' class=' grid-entry flex_column isotope-item all_sort no_margin post-entry post-entry-14727 grid-entry-overview grid-loop-4 grid-parity-even  recent-en_sort  av_one_third first default_av_fullwidth '><article class='main_color inner-entry'  itemscope=\"itemscope\" itemtype=\"https:\/\/schema.org\/CreativeWork\" ><a href='https:\/\/eliasfilmmusik.de\/en\/filmmusik\/bad-influencer\/' title=''  data-rel='grid-1' class='grid-image avia-hover-fx'><img width=\"400\" height=\"570\" src=\"https:\/\/eliasfilmmusik.de\/wp-content\/uploads\/2018\/01\/BadInfluencer-400x570title_alt-1.webp\" class=\"attachment-no scaling size-no scaling wp-post-image\" alt=\"\" decoding=\"async\" loading=\"lazy\" srcset=\"https:\/\/eliasfilmmusik.de\/wp-content\/uploads\/2018\/01\/BadInfluencer-400x570title_alt-1.webp 400w, https:\/\/eliasfilmmusik.de\/wp-content\/uploads\/2018\/01\/BadInfluencer-400x570title_alt-1-211x300.webp 211w\" sizes=\"(max-width: 400px) 100vw, 400px\" \/><\/a><footer class=\"entry-footer\"><\/footer><\/article><\/div><div data-ajax-id='14724' class=' grid-entry flex_column isotope-item all_sort no_margin post-entry post-entry-14724 grid-entry-overview grid-loop-5 grid-parity-odd  recent-en_sort  av_one_third  default_av_fullwidth '><article class='main_color inner-entry'  itemscope=\"itemscope\" itemtype=\"https:\/\/schema.org\/CreativeWork\" ><a href='https:\/\/eliasfilmmusik.de\/en\/filmmusik\/the-second-wave\/' title=''  data-rel='grid-1' class='grid-image avia-hover-fx'><img width=\"800\" height=\"1140\" src=\"https:\/\/eliasfilmmusik.de\/wp-content\/uploads\/2024\/02\/die-zweite-welle-Poster.jpg\" class=\"attachment-no scaling size-no scaling wp-post-image\" alt=\"\" decoding=\"async\" loading=\"lazy\" srcset=\"https:\/\/eliasfilmmusik.de\/wp-content\/uploads\/2024\/02\/die-zweite-welle-Poster.jpg 800w, https:\/\/eliasfilmmusik.de\/wp-content\/uploads\/2024\/02\/die-zweite-welle-Poster-211x300.jpg 211w, https:\/\/eliasfilmmusik.de\/wp-content\/uploads\/2024\/02\/die-zweite-welle-Poster-723x1030.jpg 723w, https:\/\/eliasfilmmusik.de\/wp-content\/uploads\/2024\/02\/die-zweite-welle-Poster-768x1094.jpg 768w, https:\/\/eliasfilmmusik.de\/wp-content\/uploads\/2024\/02\/die-zweite-welle-Poster-495x705.jpg 495w, https:\/\/eliasfilmmusik.de\/wp-content\/uploads\/2024\/02\/die-zweite-welle-Poster-450x641.jpg 450w\" sizes=\"(max-width: 800px) 100vw, 800px\" \/><\/a><footer class=\"entry-footer\"><\/footer><\/article><\/div><div data-ajax-id='15080' class=' grid-entry flex_column isotope-item all_sort no_margin post-entry post-entry-15080 grid-entry-overview grid-loop-6 grid-parity-even  post-entry-last  recent-en_sort  av_one_third  default_av_fullwidth '><article class='main_color inner-entry'  itemscope=\"itemscope\" itemtype=\"https:\/\/schema.org\/CreativeWork\" ><a href='https:\/\/eliasfilmmusik.de\/en\/filmmusik\/ironie-des-lebens\/' title=''  data-rel='grid-1' class='grid-image avia-hover-fx'><img width=\"400\" height=\"570\" src=\"https:\/\/eliasfilmmusik.de\/wp-content\/uploads\/2024\/09\/ironie-des-lebens_400x570.jpg\" class=\"attachment-no scaling size-no scaling wp-post-image\" alt=\"\" decoding=\"async\" loading=\"lazy\" srcset=\"https:\/\/eliasfilmmusik.de\/wp-content\/uploads\/2024\/09\/ironie-des-lebens_400x570.jpg 400w, https:\/\/eliasfilmmusik.de\/wp-content\/uploads\/2024\/09\/ironie-des-lebens_400x570-211x300.jpg 211w\" sizes=\"(max-width: 400px) 100vw, 400px\" \/><\/a><footer class=\"entry-footer\"><\/footer><\/article><\/div><\/div><\/div><div class='av-flex-placeholder'><\/div><div class=\"flex_column av_one_fourth  av-hide-on-mobile  av-break-at-tablet flex_column_table_cell av-equal-height-column av-align-middle av-zero-column-padding   avia-builder-el-391  el_after_av_one_half  el_before_av_hr   \" style='border-radius:0px; '><\/div><\/div><!--close column table wrapper. Autoclose: 1 --><div style='height:100px' class='hr hr-invisible   avia-builder-el-392  el_after_av_one_fourth  el_before_av_one_full  '><span class='hr-inner ' ><span class='hr-inner-style'><\/span><\/span><\/div>\n<div class='flex_column_table av-equal-height-column-flextable -flextable' ><div class=\"flex_column av_one_full  flex_column_table_cell av-equal-height-column av-align-middle av-zero-column-padding first  avia-builder-el-393  el_after_av_hr  el_before_av_hr   \" style='border-radius:0px; '><section class=\"av_textblock_section \"  itemscope=\"itemscope\" itemtype=\"https:\/\/schema.org\/CreativeWork\" ><div class='avia_textblock  av_inherit_color '  style='font-size:16px; color:#ffffff; '  itemprop=\"text\" ><h1 style=\"text-align: center;\">Weitere Filmmusik<\/h1>\n<\/div><\/section><\/div><\/div><!--close column table wrapper. Autoclose: 1 --><div style='height:50px' class='hr hr-invisible   avia-builder-el-395  el_after_av_one_full  el_before_av_one_half '><span class='hr-inner ' ><span class='hr-inner-style'><\/span><\/span><\/div>\n<div class='flex_column_table av-equal-height-column-flextable -flextable' ><div class=\"flex_column av_one_half  no_margin flex_column_table_cell av-equal-height-column av-align-middle av-zero-column-padding first  avia-builder-el-396  el_after_av_hr  el_before_av_one_half   \" style='border-radius:0px; '><div  data-size='no scaling'  data-lightbox_size='large'  data-animation='slide'  data-conditional_play=''  data-ids='14876'  data-video_counter='0'  data-autoplay='false'  data-bg_slider='false'  data-slide_height=''  data-handle='av_slideshow'  data-interval='5'  data-class=' avia-builder-el-397  avia-builder-el-no-sibling   '  data-css_id=''  data-scroll_down=''  data-control_layout='av-control-hidden'  data-custom_markup=''  data-perma_caption=''  data-autoplay_stopper=''  data-image_attachment=''  data-min_height='0px'  class='avia-slideshow avia-slideshow-3  av-control-hidden av-default-height-applied avia-slideshow-no scaling av_slideshow  avia-builder-el-397  avia-builder-el-no-sibling    avia-slide-slider '  itemprop=\"image\" itemscope=\"itemscope\" itemtype=\"https:\/\/schema.org\/ImageObject\" ><ul class='avia-slideshow-inner ' style='padding-bottom: 142.5%;' ><li  class=' av-single-slide slide-1 ' ><a href='https:\/\/eliasfilmmusik.de\/filmmusik\/of-fathers-and-sons\/' data-rel='slideshow-3' class='avia-slide-wrap '   ><img src='https:\/\/eliasfilmmusik.de\/wp-content\/uploads\/2024\/08\/ofas_plakat_1200x1710.jpg' width='1200' height='1710' title='ofas_plakat_1200x1710' alt=''  itemprop=\"thumbnailUrl\"   \/><\/a><\/li><\/ul><\/div><\/div><div class=\"flex_column av_one_half  no_margin flex_column_table_cell av-equal-height-column av-align-middle av-zero-column-padding   avia-builder-el-398  el_after_av_one_half  el_before_av_one_full   \" style='border-radius:0px; '><div class=' grid-sort-container isotope   av-medium-columns-overwrite av-medium-columns-2 av-small-columns-overwrite av-small-columns-3 av-mini-columns-overwrite av-mini-columns-2 no_margin-container with-no-container grid-total-even grid-col-2 grid-links-' data-portfolio-id='2'><div data-ajax-id='10474' class=' grid-entry flex_column isotope-item all_sort no_margin post-entry post-entry-10474 grid-entry-overview grid-loop-1 grid-parity-odd  featured-en_sort  av_one_half first default_av_fullwidth '><article class='main_color inner-entry'  itemscope=\"itemscope\" itemtype=\"https:\/\/schema.org\/CreativeWork\" ><a href='https:\/\/eliasfilmmusik.de\/en\/filmmusik\/kudamm63\/' title=''  data-rel='grid-2' class='grid-image avia-hover-fx'><img width=\"400\" height=\"570\" src=\"https:\/\/eliasfilmmusik.de\/wp-content\/uploads\/2018\/01\/KuDamm_Plakat_400x570.jpg\" class=\"attachment-no scaling size-no scaling wp-post-image\" alt=\"\" decoding=\"async\" loading=\"lazy\" srcset=\"https:\/\/eliasfilmmusik.de\/wp-content\/uploads\/2018\/01\/KuDamm_Plakat_400x570.jpg 400w, https:\/\/eliasfilmmusik.de\/wp-content\/uploads\/2018\/01\/KuDamm_Plakat_400x570-211x300.jpg 211w\" sizes=\"(max-width: 400px) 100vw, 400px\" \/><\/a><footer class=\"entry-footer\"><\/footer><\/article><\/div><div data-ajax-id='4083' class=' grid-entry flex_column isotope-item all_sort no_margin post-entry post-entry-4083 grid-entry-overview grid-loop-2 grid-parity-even  featured-en_sort  av_one_half  default_av_fullwidth '><article class='main_color inner-entry'  itemscope=\"itemscope\" itemtype=\"https:\/\/schema.org\/CreativeWork\" ><a href='https:\/\/eliasfilmmusik.de\/en\/filmmusik\/die-dasslers\/' title=''  data-rel='grid-2' class='grid-image avia-hover-fx'><img width=\"400\" height=\"570\" src=\"https:\/\/eliasfilmmusik.de\/wp-content\/uploads\/2018\/01\/ref_001_dasslers.jpg\" class=\"attachment-no scaling size-no scaling wp-post-image\" alt=\"\" decoding=\"async\" loading=\"lazy\" srcset=\"https:\/\/eliasfilmmusik.de\/wp-content\/uploads\/2018\/01\/ref_001_dasslers.jpg 400w, https:\/\/eliasfilmmusik.de\/wp-content\/uploads\/2018\/01\/ref_001_dasslers-211x300.jpg 211w\" sizes=\"(max-width: 400px) 100vw, 400px\" \/><\/a><footer class=\"entry-footer\"><\/footer><\/article><\/div><div data-ajax-id='4635' class=' grid-entry flex_column isotope-item all_sort no_margin post-entry post-entry-4635 grid-entry-overview grid-loop-3 grid-parity-odd  featured-en_sort  av_one_half first default_av_fullwidth '><article class='main_color inner-entry'  itemscope=\"itemscope\" itemtype=\"https:\/\/schema.org\/CreativeWork\" ><a href='https:\/\/eliasfilmmusik.de\/en\/filmmusik\/rhythm-it-is\/' title=''  data-rel='grid-2' class='grid-image avia-hover-fx'><img width=\"400\" height=\"570\" src=\"https:\/\/eliasfilmmusik.de\/wp-content\/uploads\/2018\/01\/ref_004_rythym.jpg\" class=\"attachment-no scaling size-no scaling wp-post-image\" alt=\"\" decoding=\"async\" loading=\"lazy\" srcset=\"https:\/\/eliasfilmmusik.de\/wp-content\/uploads\/2018\/01\/ref_004_rythym.jpg 400w, https:\/\/eliasfilmmusik.de\/wp-content\/uploads\/2018\/01\/ref_004_rythym-211x300.jpg 211w\" sizes=\"(max-width: 400px) 100vw, 400px\" \/><\/a><footer class=\"entry-footer\"><\/footer><\/article><\/div><div data-ajax-id='11168' class=' grid-entry flex_column isotope-item all_sort no_margin post-entry post-entry-11168 grid-entry-overview grid-loop-4 grid-parity-even  post-entry-last  featured-en_sort  av_one_half  default_av_fullwidth '><article class='main_color inner-entry'  itemscope=\"itemscope\" itemtype=\"https:\/\/schema.org\/CreativeWork\" ><a href='https:\/\/eliasfilmmusik.de\/en\/filmmusik\/9-tage-wach\/' title=''  data-rel='grid-2' class='grid-image avia-hover-fx'><img width=\"400\" height=\"570\" src=\"https:\/\/eliasfilmmusik.de\/wp-content\/uploads\/2020\/11\/9TageWach_DVDcover_400x570.jpg\" class=\"attachment-no scaling size-no scaling wp-post-image\" alt=\"\" decoding=\"async\" loading=\"lazy\" srcset=\"https:\/\/eliasfilmmusik.de\/wp-content\/uploads\/2020\/11\/9TageWach_DVDcover_400x570.jpg 400w, https:\/\/eliasfilmmusik.de\/wp-content\/uploads\/2020\/11\/9TageWach_DVDcover_400x570-211x300.jpg 211w\" sizes=\"(max-width: 400px) 100vw, 400px\" \/><\/a><footer class=\"entry-footer\"><\/footer><\/article><\/div><\/div><\/div><\/div><!--close column table wrapper. Autoclose: 1 --><div class='flex_column_table av-equal-height-column-flextable -flextable' ><div class=\"flex_column av_one_full  no_margin flex_column_table_cell av-equal-height-column av-align-middle av-zero-column-padding first  avia-builder-el-400  el_after_av_one_half  avia-builder-el-last   column-top-margin\" style='border-radius:0px; '><div class=' grid-sort-container isotope   av-medium-columns-overwrite av-medium-columns-4 av-small-columns-overwrite av-small-columns-3 av-mini-columns-overwrite av-mini-columns-2 no_margin-container with-no-container grid-total-odd grid-col-6 grid-links-' data-portfolio-id='3'><div data-ajax-id='4900' class=' grid-entry flex_column isotope-item all_sort no_margin post-entry post-entry-4900 grid-entry-overview grid-loop-1 grid-parity-odd  film-en_sort  av_one_sixth first default_av_fullwidth '><article class='main_color inner-entry'  itemscope=\"itemscope\" itemtype=\"https:\/\/schema.org\/CreativeWork\" ><a href='https:\/\/eliasfilmmusik.de\/en\/filmmusik\/die-puppenspieler\/' title=''  data-rel='grid-3' class='grid-image avia-hover-fx'><img width=\"400\" height=\"570\" src=\"https:\/\/eliasfilmmusik.de\/wp-content\/uploads\/2018\/01\/ref_003_puppenspieler.jpg\" class=\"attachment-no scaling size-no scaling wp-post-image\" alt=\"\" decoding=\"async\" loading=\"lazy\" srcset=\"https:\/\/eliasfilmmusik.de\/wp-content\/uploads\/2018\/01\/ref_003_puppenspieler.jpg 400w, https:\/\/eliasfilmmusik.de\/wp-content\/uploads\/2018\/01\/ref_003_puppenspieler-211x300.jpg 211w\" sizes=\"(max-width: 400px) 100vw, 400px\" \/><\/a><footer class=\"entry-footer\"><\/footer><\/article><\/div><div data-ajax-id='4641' class=' grid-entry flex_column isotope-item all_sort no_margin post-entry post-entry-4641 grid-entry-overview grid-loop-2 grid-parity-even  film-en_sort  av_one_sixth  default_av_fullwidth '><article class='main_color inner-entry'  itemscope=\"itemscope\" itemtype=\"https:\/\/schema.org\/CreativeWork\" ><a href='https:\/\/eliasfilmmusik.de\/en\/filmmusik\/in-heaven-underground\/' title=''  data-rel='grid-3' class='grid-image avia-hover-fx'><img width=\"400\" height=\"570\" src=\"https:\/\/eliasfilmmusik.de\/wp-content\/uploads\/2018\/01\/heaven.jpg\" class=\"attachment-no scaling size-no scaling wp-post-image\" alt=\"\" decoding=\"async\" loading=\"lazy\" srcset=\"https:\/\/eliasfilmmusik.de\/wp-content\/uploads\/2018\/01\/heaven.jpg 400w, https:\/\/eliasfilmmusik.de\/wp-content\/uploads\/2018\/01\/heaven-211x300.jpg 211w\" sizes=\"(max-width: 400px) 100vw, 400px\" \/><\/a><footer class=\"entry-footer\"><\/footer><\/article><\/div><div data-ajax-id='4646' class=' grid-entry flex_column isotope-item all_sort no_margin post-entry post-entry-4646 grid-entry-overview grid-loop-3 grid-parity-odd  film-en_sort  av_one_sixth  default_av_fullwidth '><article class='main_color inner-entry'  itemscope=\"itemscope\" itemtype=\"https:\/\/schema.org\/CreativeWork\" ><a href='https:\/\/eliasfilmmusik.de\/en\/filmmusik\/inbetween-worlds\/' title=''  data-rel='grid-3' class='grid-image avia-hover-fx'><img width=\"400\" height=\"570\" src=\"https:\/\/eliasfilmmusik.de\/wp-content\/uploads\/2018\/01\/ref_0018_betweenworlds.jpg\" class=\"attachment-no scaling size-no scaling wp-post-image\" alt=\"\" decoding=\"async\" loading=\"lazy\" srcset=\"https:\/\/eliasfilmmusik.de\/wp-content\/uploads\/2018\/01\/ref_0018_betweenworlds.jpg 400w, https:\/\/eliasfilmmusik.de\/wp-content\/uploads\/2018\/01\/ref_0018_betweenworlds-211x300.jpg 211w\" sizes=\"(max-width: 400px) 100vw, 400px\" \/><\/a><footer class=\"entry-footer\"><\/footer><\/article><\/div><div data-ajax-id='11166' class=' grid-entry flex_column isotope-item all_sort no_margin post-entry post-entry-11166 grid-entry-overview grid-loop-4 grid-parity-even  film-en_sort  av_one_sixth  default_av_fullwidth '><article class='main_color inner-entry'  itemscope=\"itemscope\" itemtype=\"https:\/\/schema.org\/CreativeWork\" ><a href='https:\/\/eliasfilmmusik.de\/en\/filmmusik\/dunkelstadt\/' title=''  data-rel='grid-3' class='grid-image avia-hover-fx'><img width=\"400\" height=\"570\" src=\"https:\/\/eliasfilmmusik.de\/wp-content\/uploads\/2020\/11\/Dunkelstadt_Plakat_400x570.jpg\" class=\"attachment-no scaling size-no scaling wp-post-image\" alt=\"\" decoding=\"async\" loading=\"lazy\" srcset=\"https:\/\/eliasfilmmusik.de\/wp-content\/uploads\/2020\/11\/Dunkelstadt_Plakat_400x570.jpg 400w, https:\/\/eliasfilmmusik.de\/wp-content\/uploads\/2020\/11\/Dunkelstadt_Plakat_400x570-211x300.jpg 211w\" sizes=\"(max-width: 400px) 100vw, 400px\" \/><\/a><footer class=\"entry-footer\"><\/footer><\/article><\/div><div data-ajax-id='11153' class=' grid-entry flex_column isotope-item all_sort no_margin post-entry post-entry-11153 grid-entry-overview grid-loop-5 grid-parity-odd  film-en_sort  av_one_sixth  default_av_fullwidth '><article class='main_color inner-entry'  itemscope=\"itemscope\" itemtype=\"https:\/\/schema.org\/CreativeWork\" ><a href='https:\/\/eliasfilmmusik.de\/en\/filmmusik\/labaule-und-erben\/' title=''  data-rel='grid-3' class='grid-image avia-hover-fx'><img width=\"400\" height=\"570\" src=\"https:\/\/eliasfilmmusik.de\/wp-content\/uploads\/2018\/01\/Labaule-Erben_400x570.jpg\" class=\"attachment-no scaling size-no scaling wp-post-image\" alt=\"\" decoding=\"async\" loading=\"lazy\" srcset=\"https:\/\/eliasfilmmusik.de\/wp-content\/uploads\/2018\/01\/Labaule-Erben_400x570.jpg 400w, https:\/\/eliasfilmmusik.de\/wp-content\/uploads\/2018\/01\/Labaule-Erben_400x570-211x300.jpg 211w\" sizes=\"(max-width: 400px) 100vw, 400px\" \/><\/a><footer class=\"entry-footer\"><\/footer><\/article><\/div><div data-ajax-id='11157' class=' grid-entry flex_column isotope-item all_sort no_margin post-entry post-entry-11157 grid-entry-overview grid-loop-6 grid-parity-even  film-en_sort  av_one_sixth  default_av_fullwidth '><article class='main_color inner-entry'  itemscope=\"itemscope\" itemtype=\"https:\/\/schema.org\/CreativeWork\" ><a href='https:\/\/eliasfilmmusik.de\/en\/filmmusik\/saudi-runaway\/' title=''  data-rel='grid-3' class='grid-image avia-hover-fx'><img width=\"400\" height=\"570\" src=\"https:\/\/eliasfilmmusik.de\/wp-content\/uploads\/2018\/01\/Plakat-Saudi-Runaway-HiRes.jpg\" class=\"attachment-no scaling size-no scaling wp-post-image\" alt=\"\" decoding=\"async\" loading=\"lazy\" srcset=\"https:\/\/eliasfilmmusik.de\/wp-content\/uploads\/2018\/01\/Plakat-Saudi-Runaway-HiRes.jpg 400w, https:\/\/eliasfilmmusik.de\/wp-content\/uploads\/2018\/01\/Plakat-Saudi-Runaway-HiRes-211x300.jpg 211w\" sizes=\"(max-width: 400px) 100vw, 400px\" \/><\/a><footer class=\"entry-footer\"><\/footer><\/article><\/div><div data-ajax-id='4629' class=' grid-entry flex_column isotope-item all_sort no_margin post-entry post-entry-4629 grid-entry-overview grid-loop-7 grid-parity-odd  film-en_sort  av_one_sixth first default_av_fullwidth '><article class='main_color inner-entry'  itemscope=\"itemscope\" itemtype=\"https:\/\/schema.org\/CreativeWork\" ><a href='https:\/\/eliasfilmmusik.de\/en\/filmmusik\/tatort-schwerelos\/' title=''  data-rel='grid-3' class='grid-image avia-hover-fx'><img width=\"400\" height=\"570\" src=\"https:\/\/eliasfilmmusik.de\/wp-content\/uploads\/2018\/01\/ref_002_tatort_schwerelos.jpg\" class=\"attachment-no scaling size-no scaling wp-post-image\" alt=\"\" decoding=\"async\" loading=\"lazy\" srcset=\"https:\/\/eliasfilmmusik.de\/wp-content\/uploads\/2018\/01\/ref_002_tatort_schwerelos.jpg 400w, https:\/\/eliasfilmmusik.de\/wp-content\/uploads\/2018\/01\/ref_002_tatort_schwerelos-211x300.jpg 211w\" sizes=\"(max-width: 400px) 100vw, 400px\" \/><\/a><footer class=\"entry-footer\"><\/footer><\/article><\/div><div data-ajax-id='4650' class=' grid-entry flex_column isotope-item all_sort no_margin post-entry post-entry-4650 grid-entry-overview grid-loop-8 grid-parity-even  film-en_sort  av_one_sixth  default_av_fullwidth '><article class='main_color inner-entry'  itemscope=\"itemscope\" itemtype=\"https:\/\/schema.org\/CreativeWork\" ><a href='https:\/\/eliasfilmmusik.de\/en\/filmmusik\/schimanski-schuld-suehne\/' title=''  data-rel='grid-3' class='grid-image avia-hover-fx'><img width=\"400\" height=\"570\" src=\"https:\/\/eliasfilmmusik.de\/wp-content\/uploads\/2018\/01\/schimanski.jpg\" class=\"attachment-no scaling size-no scaling wp-post-image\" alt=\"\" decoding=\"async\" loading=\"lazy\" srcset=\"https:\/\/eliasfilmmusik.de\/wp-content\/uploads\/2018\/01\/schimanski.jpg 400w, https:\/\/eliasfilmmusik.de\/wp-content\/uploads\/2018\/01\/schimanski-211x300.jpg 211w\" sizes=\"(max-width: 400px) 100vw, 400px\" \/><\/a><footer class=\"entry-footer\"><\/footer><\/article><\/div><div data-ajax-id='4883' class=' grid-entry flex_column isotope-item all_sort no_margin post-entry post-entry-4883 grid-entry-overview grid-loop-9 grid-parity-odd  film-en_sort  av_one_sixth  default_av_fullwidth '><article class='main_color inner-entry'  itemscope=\"itemscope\" itemtype=\"https:\/\/schema.org\/CreativeWork\" ><a href='https:\/\/eliasfilmmusik.de\/en\/filmmusik\/tatort-muenster\/' title=''  data-rel='grid-3' class='grid-image avia-hover-fx'><img width=\"400\" height=\"570\" src=\"https:\/\/eliasfilmmusik.de\/wp-content\/uploads\/2018\/01\/ref_006_tatort_muenster.jpg\" class=\"attachment-no scaling size-no scaling wp-post-image\" alt=\"\" decoding=\"async\" loading=\"lazy\" srcset=\"https:\/\/eliasfilmmusik.de\/wp-content\/uploads\/2018\/01\/ref_006_tatort_muenster.jpg 400w, https:\/\/eliasfilmmusik.de\/wp-content\/uploads\/2018\/01\/ref_006_tatort_muenster-211x300.jpg 211w\" sizes=\"(max-width: 400px) 100vw, 400px\" \/><\/a><footer class=\"entry-footer\"><\/footer><\/article><\/div><div data-ajax-id='4653' class=' grid-entry flex_column isotope-item all_sort no_margin post-entry post-entry-4653 grid-entry-overview grid-loop-10 grid-parity-even  film-en_sort  av_one_sixth  default_av_fullwidth '><article class='main_color inner-entry'  itemscope=\"itemscope\" itemtype=\"https:\/\/schema.org\/CreativeWork\" ><a href='https:\/\/eliasfilmmusik.de\/en\/filmmusik\/treasure-island\/' title=''  data-rel='grid-3' class='grid-image avia-hover-fx'><img width=\"400\" height=\"570\" src=\"https:\/\/eliasfilmmusik.de\/wp-content\/uploads\/2018\/01\/ref_007_tressure_island.jpg\" class=\"attachment-no scaling size-no scaling wp-post-image\" alt=\"\" decoding=\"async\" loading=\"lazy\" srcset=\"https:\/\/eliasfilmmusik.de\/wp-content\/uploads\/2018\/01\/ref_007_tressure_island.jpg 400w, https:\/\/eliasfilmmusik.de\/wp-content\/uploads\/2018\/01\/ref_007_tressure_island-211x300.jpg 211w\" sizes=\"(max-width: 400px) 100vw, 400px\" \/><\/a><footer class=\"entry-footer\"><\/footer><\/article><\/div><div data-ajax-id='11158' class=' grid-entry flex_column isotope-item all_sort no_margin post-entry post-entry-11158 grid-entry-overview grid-loop-11 grid-parity-odd  film-en_sort  av_one_sixth  default_av_fullwidth '><article class='main_color inner-entry'  itemscope=\"itemscope\" itemtype=\"https:\/\/schema.org\/CreativeWork\" ><a href='https:\/\/eliasfilmmusik.de\/en\/filmmusik\/a-tunnel\/' title=''  data-rel='grid-3' class='grid-image avia-hover-fx'><img width=\"400\" height=\"570\" src=\"https:\/\/eliasfilmmusik.de\/wp-content\/uploads\/2020\/11\/a_tunnel_Plakat_400x570.jpg\" class=\"attachment-no scaling size-no scaling wp-post-image\" alt=\"\" decoding=\"async\" loading=\"lazy\" srcset=\"https:\/\/eliasfilmmusik.de\/wp-content\/uploads\/2020\/11\/a_tunnel_Plakat_400x570.jpg 400w, https:\/\/eliasfilmmusik.de\/wp-content\/uploads\/2020\/11\/a_tunnel_Plakat_400x570-211x300.jpg 211w\" sizes=\"(max-width: 400px) 100vw, 400px\" \/><\/a><footer class=\"entry-footer\"><\/footer><\/article><\/div><div data-ajax-id='14734' class=' grid-entry flex_column isotope-item all_sort no_margin post-entry post-entry-14734 grid-entry-overview grid-loop-12 grid-parity-even  film-en_sort  av_one_sixth  default_av_fullwidth '><article class='main_color inner-entry'  itemscope=\"itemscope\" itemtype=\"https:\/\/schema.org\/CreativeWork\" ><a href='https:\/\/eliasfilmmusik.de\/en\/filmmusik\/club-las-piranjas-2\/' title=''  data-rel='grid-3' class='grid-image avia-hover-fx'><img width=\"400\" height=\"570\" src=\"https:\/\/eliasfilmmusik.de\/wp-content\/uploads\/2024\/02\/club-las-piranjas_Poster-1.jpg\" class=\"attachment-no scaling size-no scaling wp-post-image\" alt=\"\" decoding=\"async\" loading=\"lazy\" srcset=\"https:\/\/eliasfilmmusik.de\/wp-content\/uploads\/2024\/02\/club-las-piranjas_Poster-1.jpg 400w, https:\/\/eliasfilmmusik.de\/wp-content\/uploads\/2024\/02\/club-las-piranjas_Poster-1-211x300.jpg 211w\" sizes=\"(max-width: 400px) 100vw, 400px\" \/><\/a><footer class=\"entry-footer\"><\/footer><\/article><\/div><div data-ajax-id='6155' class=' grid-entry flex_column isotope-item all_sort no_margin post-entry post-entry-6155 grid-entry-overview grid-loop-13 grid-parity-odd  film-en_sort  av_one_sixth first default_av_fullwidth '><article class='main_color inner-entry'  itemscope=\"itemscope\" itemtype=\"https:\/\/schema.org\/CreativeWork\" ><a href='https:\/\/eliasfilmmusik.de\/en\/filmmusik\/einstein-die-serie\/' title=''  data-rel='grid-3' class='grid-image avia-hover-fx'><img width=\"400\" height=\"570\" src=\"https:\/\/eliasfilmmusik.de\/wp-content\/uploads\/2018\/01\/einstein.jpg\" class=\"attachment-no scaling size-no scaling wp-post-image\" alt=\"\" decoding=\"async\" loading=\"lazy\" srcset=\"https:\/\/eliasfilmmusik.de\/wp-content\/uploads\/2018\/01\/einstein.jpg 400w, https:\/\/eliasfilmmusik.de\/wp-content\/uploads\/2018\/01\/einstein-211x300.jpg 211w\" sizes=\"(max-width: 400px) 100vw, 400px\" \/><\/a><footer class=\"entry-footer\"><\/footer><\/article><\/div><div data-ajax-id='4663' class=' grid-entry flex_column isotope-item all_sort no_margin post-entry post-entry-4663 grid-entry-overview grid-loop-14 grid-parity-even  film-en_sort  av_one_sixth  default_av_fullwidth '><article class='main_color inner-entry'  itemscope=\"itemscope\" itemtype=\"https:\/\/schema.org\/CreativeWork\" ><a href='https:\/\/eliasfilmmusik.de\/en\/filmmusik\/das-geheimnis-der-wale\/' title=''  data-rel='grid-3' class='grid-image avia-hover-fx'><img width=\"400\" height=\"570\" src=\"https:\/\/eliasfilmmusik.de\/wp-content\/uploads\/2018\/01\/ref_009_geheimnis_der_wale.jpg\" class=\"attachment-no scaling size-no scaling wp-post-image\" alt=\"\" decoding=\"async\" loading=\"lazy\" srcset=\"https:\/\/eliasfilmmusik.de\/wp-content\/uploads\/2018\/01\/ref_009_geheimnis_der_wale.jpg 400w, https:\/\/eliasfilmmusik.de\/wp-content\/uploads\/2018\/01\/ref_009_geheimnis_der_wale-211x300.jpg 211w\" sizes=\"(max-width: 400px) 100vw, 400px\" \/><\/a><footer class=\"entry-footer\"><\/footer><\/article><\/div><div data-ajax-id='4668' class=' grid-entry flex_column isotope-item all_sort no_margin post-entry post-entry-4668 grid-entry-overview grid-loop-15 grid-parity-odd  film-en_sort  av_one_sixth  default_av_fullwidth '><article class='main_color inner-entry'  itemscope=\"itemscope\" itemtype=\"https:\/\/schema.org\/CreativeWork\" ><a href='https:\/\/eliasfilmmusik.de\/en\/filmmusik\/die-fahnderin\/' title=''  data-rel='grid-3' class='grid-image avia-hover-fx'><img width=\"400\" height=\"570\" src=\"https:\/\/eliasfilmmusik.de\/wp-content\/uploads\/2018\/01\/fahnderin.jpg\" class=\"attachment-no scaling size-no scaling wp-post-image\" alt=\"\" decoding=\"async\" loading=\"lazy\" srcset=\"https:\/\/eliasfilmmusik.de\/wp-content\/uploads\/2018\/01\/fahnderin.jpg 400w, https:\/\/eliasfilmmusik.de\/wp-content\/uploads\/2018\/01\/fahnderin-211x300.jpg 211w\" sizes=\"(max-width: 400px) 100vw, 400px\" \/><\/a><footer class=\"entry-footer\"><\/footer><\/article><\/div><div data-ajax-id='4934' class=' grid-entry flex_column isotope-item all_sort no_margin post-entry post-entry-4934 grid-entry-overview grid-loop-16 grid-parity-even  film-en_sort  av_one_sixth  default_av_fullwidth '><article class='main_color inner-entry'  itemscope=\"itemscope\" itemtype=\"https:\/\/schema.org\/CreativeWork\" ><a href='https:\/\/eliasfilmmusik.de\/en\/filmmusik\/rabbi-wolff\/' title=''  data-rel='grid-3' class='grid-image avia-hover-fx'><img width=\"400\" height=\"570\" src=\"https:\/\/eliasfilmmusik.de\/wp-content\/uploads\/2018\/01\/ref_0010_rabbi_wolf.jpg\" class=\"attachment-no scaling size-no scaling wp-post-image\" alt=\"\" decoding=\"async\" loading=\"lazy\" srcset=\"https:\/\/eliasfilmmusik.de\/wp-content\/uploads\/2018\/01\/ref_0010_rabbi_wolf.jpg 400w, https:\/\/eliasfilmmusik.de\/wp-content\/uploads\/2018\/01\/ref_0010_rabbi_wolf-211x300.jpg 211w\" sizes=\"(max-width: 400px) 100vw, 400px\" \/><\/a><footer class=\"entry-footer\"><\/footer><\/article><\/div><div data-ajax-id='4673' class=' grid-entry flex_column isotope-item all_sort no_margin post-entry post-entry-4673 grid-entry-overview grid-loop-17 grid-parity-odd  film-en_sort  av_one_sixth  default_av_fullwidth '><article class='main_color inner-entry'  itemscope=\"itemscope\" itemtype=\"https:\/\/schema.org\/CreativeWork\" ><a href='https:\/\/eliasfilmmusik.de\/en\/filmmusik\/antonio-es-schmeckt-ihm-nicht\/' title=''  data-rel='grid-3' class='grid-image avia-hover-fx'><img width=\"400\" height=\"570\" src=\"https:\/\/eliasfilmmusik.de\/wp-content\/uploads\/2018\/01\/ref_0011_antonio_ihm_schmeckts_nicht.jpg\" class=\"attachment-no scaling size-no scaling wp-post-image\" alt=\"\" decoding=\"async\" loading=\"lazy\" srcset=\"https:\/\/eliasfilmmusik.de\/wp-content\/uploads\/2018\/01\/ref_0011_antonio_ihm_schmeckts_nicht.jpg 400w, https:\/\/eliasfilmmusik.de\/wp-content\/uploads\/2018\/01\/ref_0011_antonio_ihm_schmeckts_nicht-211x300.jpg 211w\" sizes=\"(max-width: 400px) 100vw, 400px\" \/><\/a><footer class=\"entry-footer\"><\/footer><\/article><\/div><div data-ajax-id='4683' class=' grid-entry flex_column isotope-item all_sort no_margin post-entry post-entry-4683 grid-entry-overview grid-loop-18 grid-parity-even  film-en_sort  av_one_sixth  default_av_fullwidth '><article class='main_color inner-entry'  itemscope=\"itemscope\" itemtype=\"https:\/\/schema.org\/CreativeWork\" ><a href='https:\/\/eliasfilmmusik.de\/en\/filmmusik\/gerdas-schweigen\/' title=''  data-rel='grid-3' class='grid-image avia-hover-fx'><img width=\"400\" height=\"570\" src=\"https:\/\/eliasfilmmusik.de\/wp-content\/uploads\/2018\/01\/ref_0018_gerdas_schweigen.jpg\" class=\"attachment-no scaling size-no scaling wp-post-image\" alt=\"\" decoding=\"async\" loading=\"lazy\" srcset=\"https:\/\/eliasfilmmusik.de\/wp-content\/uploads\/2018\/01\/ref_0018_gerdas_schweigen.jpg 400w, https:\/\/eliasfilmmusik.de\/wp-content\/uploads\/2018\/01\/ref_0018_gerdas_schweigen-211x300.jpg 211w\" sizes=\"(max-width: 400px) 100vw, 400px\" \/><\/a><footer class=\"entry-footer\"><\/footer><\/article><\/div><div data-ajax-id='4866' class=' grid-entry flex_column isotope-item all_sort no_margin post-entry post-entry-4866 grid-entry-overview grid-loop-19 grid-parity-odd  film-en_sort  av_one_sixth first default_av_fullwidth '><article class='main_color inner-entry'  itemscope=\"itemscope\" itemtype=\"https:\/\/schema.org\/CreativeWork\" ><a href='https:\/\/eliasfilmmusik.de\/en\/filmmusik\/beloved-berlin-wall\/' title=''  data-rel='grid-3' class='grid-image avia-hover-fx'><img width=\"400\" height=\"570\" src=\"https:\/\/eliasfilmmusik.de\/wp-content\/uploads\/2018\/01\/ref_0019_liebe_mauer-1.jpg\" class=\"attachment-no scaling size-no scaling wp-post-image\" alt=\"\" decoding=\"async\" loading=\"lazy\" srcset=\"https:\/\/eliasfilmmusik.de\/wp-content\/uploads\/2018\/01\/ref_0019_liebe_mauer-1.jpg 400w, https:\/\/eliasfilmmusik.de\/wp-content\/uploads\/2018\/01\/ref_0019_liebe_mauer-1-211x300.jpg 211w\" sizes=\"(max-width: 400px) 100vw, 400px\" \/><\/a><footer class=\"entry-footer\"><\/footer><\/article><\/div><div data-ajax-id='4688' class=' grid-entry flex_column isotope-item all_sort no_margin post-entry post-entry-4688 grid-entry-overview grid-loop-20 grid-parity-even  film-en_sort  av_one_sixth  default_av_fullwidth '><article class='main_color inner-entry'  itemscope=\"itemscope\" itemtype=\"https:\/\/schema.org\/CreativeWork\" ><a href='https:\/\/eliasfilmmusik.de\/en\/filmmusik\/schatz-nimm-du-sie\/' title=''  data-rel='grid-3' class='grid-image avia-hover-fx'><img width=\"400\" height=\"570\" src=\"https:\/\/eliasfilmmusik.de\/wp-content\/uploads\/2018\/01\/ref_0013_schatz_nimm_dusie.jpg\" class=\"attachment-no scaling size-no scaling wp-post-image\" alt=\"\" decoding=\"async\" loading=\"lazy\" srcset=\"https:\/\/eliasfilmmusik.de\/wp-content\/uploads\/2018\/01\/ref_0013_schatz_nimm_dusie.jpg 400w, https:\/\/eliasfilmmusik.de\/wp-content\/uploads\/2018\/01\/ref_0013_schatz_nimm_dusie-211x300.jpg 211w\" sizes=\"(max-width: 400px) 100vw, 400px\" \/><\/a><footer class=\"entry-footer\"><\/footer><\/article><\/div><div data-ajax-id='4693' class=' grid-entry flex_column isotope-item all_sort no_margin post-entry post-entry-4693 grid-entry-overview grid-loop-21 grid-parity-odd  film-en_sort  av_one_sixth  default_av_fullwidth '><article class='main_color inner-entry'  itemscope=\"itemscope\" itemtype=\"https:\/\/schema.org\/CreativeWork\" ><a href='https:\/\/eliasfilmmusik.de\/en\/filmmusik\/siegfried\/' title=''  data-rel='grid-3' class='grid-image avia-hover-fx'><img width=\"400\" height=\"570\" src=\"https:\/\/eliasfilmmusik.de\/wp-content\/uploads\/2018\/01\/siegfried.jpg\" class=\"attachment-no scaling size-no scaling wp-post-image\" alt=\"\" decoding=\"async\" loading=\"lazy\" srcset=\"https:\/\/eliasfilmmusik.de\/wp-content\/uploads\/2018\/01\/siegfried.jpg 400w, https:\/\/eliasfilmmusik.de\/wp-content\/uploads\/2018\/01\/siegfried-211x300.jpg 211w\" sizes=\"(max-width: 400px) 100vw, 400px\" \/><\/a><footer class=\"entry-footer\"><\/footer><\/article><\/div><div data-ajax-id='4827' class=' grid-entry flex_column isotope-item all_sort no_margin post-entry post-entry-4827 grid-entry-overview grid-loop-22 grid-parity-even  film-en_sort  av_one_sixth  default_av_fullwidth '><article class='main_color inner-entry'  itemscope=\"itemscope\" itemtype=\"https:\/\/schema.org\/CreativeWork\" ><a href='https:\/\/eliasfilmmusik.de\/en\/filmmusik\/schmetterlingsjaeger\/' title=''  data-rel='grid-3' class='grid-image avia-hover-fx'><img width=\"1161\" height=\"1640\" src=\"https:\/\/eliasfilmmusik.de\/wp-content\/uploads\/2018\/01\/20.-Schmetterling-Kino-JPEG.jpg\" class=\"attachment-no scaling size-no scaling wp-post-image\" alt=\"\" decoding=\"async\" loading=\"lazy\" srcset=\"https:\/\/eliasfilmmusik.de\/wp-content\/uploads\/2018\/01\/20.-Schmetterling-Kino-JPEG.jpg 1161w, https:\/\/eliasfilmmusik.de\/wp-content\/uploads\/2018\/01\/20.-Schmetterling-Kino-JPEG-212x300.jpg 212w, https:\/\/eliasfilmmusik.de\/wp-content\/uploads\/2018\/01\/20.-Schmetterling-Kino-JPEG-768x1085.jpg 768w, https:\/\/eliasfilmmusik.de\/wp-content\/uploads\/2018\/01\/20.-Schmetterling-Kino-JPEG-729x1030.jpg 729w, https:\/\/eliasfilmmusik.de\/wp-content\/uploads\/2018\/01\/20.-Schmetterling-Kino-JPEG-1062x1500.jpg 1062w, https:\/\/eliasfilmmusik.de\/wp-content\/uploads\/2018\/01\/20.-Schmetterling-Kino-JPEG-499x705.jpg 499w, https:\/\/eliasfilmmusik.de\/wp-content\/uploads\/2018\/01\/20.-Schmetterling-Kino-JPEG-450x636.jpg 450w\" sizes=\"(max-width: 1161px) 100vw, 1161px\" \/><\/a><footer class=\"entry-footer\"><\/footer><\/article><\/div><div data-ajax-id='4698' class=' grid-entry flex_column isotope-item all_sort no_margin post-entry post-entry-4698 grid-entry-overview grid-loop-23 grid-parity-odd  film-en_sort  av_one_sixth  default_av_fullwidth '><article class='main_color inner-entry'  itemscope=\"itemscope\" itemtype=\"https:\/\/schema.org\/CreativeWork\" ><a href='https:\/\/eliasfilmmusik.de\/en\/filmmusik\/die-rosenzuechterin\/' title=''  data-rel='grid-3' class='grid-image avia-hover-fx'><img width=\"400\" height=\"570\" src=\"https:\/\/eliasfilmmusik.de\/wp-content\/uploads\/2018\/01\/ref_0016_rosenzuchterin.jpg\" class=\"attachment-no scaling size-no scaling wp-post-image\" alt=\"\" decoding=\"async\" loading=\"lazy\" srcset=\"https:\/\/eliasfilmmusik.de\/wp-content\/uploads\/2018\/01\/ref_0016_rosenzuchterin.jpg 400w, https:\/\/eliasfilmmusik.de\/wp-content\/uploads\/2018\/01\/ref_0016_rosenzuchterin-211x300.jpg 211w\" sizes=\"(max-width: 400px) 100vw, 400px\" \/><\/a><footer class=\"entry-footer\"><\/footer><\/article><\/div><div data-ajax-id='4703' class=' grid-entry flex_column isotope-item all_sort no_margin post-entry post-entry-4703 grid-entry-overview grid-loop-24 grid-parity-even  film-en_sort  av_one_sixth  default_av_fullwidth '><article class='main_color inner-entry'  itemscope=\"itemscope\" itemtype=\"https:\/\/schema.org\/CreativeWork\" ><a href='https:\/\/eliasfilmmusik.de\/en\/filmmusik\/striving-for-freedom\/' title=''  data-rel='grid-3' class='grid-image avia-hover-fx'><img width=\"400\" height=\"570\" src=\"https:\/\/eliasfilmmusik.de\/wp-content\/uploads\/2018\/01\/ref_0017_in_einem_wilder_land.jpg\" class=\"attachment-no scaling size-no scaling wp-post-image\" alt=\"\" decoding=\"async\" loading=\"lazy\" srcset=\"https:\/\/eliasfilmmusik.de\/wp-content\/uploads\/2018\/01\/ref_0017_in_einem_wilder_land.jpg 400w, https:\/\/eliasfilmmusik.de\/wp-content\/uploads\/2018\/01\/ref_0017_in_einem_wilder_land-211x300.jpg 211w\" sizes=\"(max-width: 400px) 100vw, 400px\" \/><\/a><footer class=\"entry-footer\"><\/footer><\/article><\/div><div data-ajax-id='5183' class=' grid-entry flex_column isotope-item all_sort no_margin post-entry post-entry-5183 grid-entry-overview grid-loop-25 grid-parity-odd  film-en_sort  av_one_sixth first default_av_fullwidth '><article class='main_color inner-entry'  itemscope=\"itemscope\" itemtype=\"https:\/\/schema.org\/CreativeWork\" ><a href='https:\/\/eliasfilmmusik.de\/en\/filmmusik\/wilde-wellen\/' title=''  data-rel='grid-3' class='grid-image avia-hover-fx'><img width=\"400\" height=\"570\" src=\"https:\/\/eliasfilmmusik.de\/wp-content\/uploads\/2018\/01\/WildeWellen_400x570.jpg\" class=\"attachment-no scaling size-no scaling wp-post-image\" alt=\"\" decoding=\"async\" loading=\"lazy\" srcset=\"https:\/\/eliasfilmmusik.de\/wp-content\/uploads\/2018\/01\/WildeWellen_400x570.jpg 400w, https:\/\/eliasfilmmusik.de\/wp-content\/uploads\/2018\/01\/WildeWellen_400x570-211x300.jpg 211w\" sizes=\"(max-width: 400px) 100vw, 400px\" \/><\/a><footer class=\"entry-footer\"><\/footer><\/article><\/div><div data-ajax-id='5189' class=' grid-entry flex_column isotope-item all_sort no_margin post-entry post-entry-5189 grid-entry-overview grid-loop-26 grid-parity-even  film-en_sort  av_one_sixth  default_av_fullwidth '><article class='main_color inner-entry'  itemscope=\"itemscope\" itemtype=\"https:\/\/schema.org\/CreativeWork\" ><a href='https:\/\/eliasfilmmusik.de\/en\/filmmusik\/die-spielerin\/' title=''  data-rel='grid-3' class='grid-image avia-hover-fx'><img width=\"400\" height=\"570\" src=\"https:\/\/eliasfilmmusik.de\/wp-content\/uploads\/2018\/01\/spielerin.jpg\" class=\"attachment-no scaling size-no scaling wp-post-image\" alt=\"\" decoding=\"async\" loading=\"lazy\" srcset=\"https:\/\/eliasfilmmusik.de\/wp-content\/uploads\/2018\/01\/spielerin.jpg 400w, https:\/\/eliasfilmmusik.de\/wp-content\/uploads\/2018\/01\/spielerin-211x300.jpg 211w\" sizes=\"(max-width: 400px) 100vw, 400px\" \/><\/a><footer class=\"entry-footer\"><\/footer><\/article><\/div><div data-ajax-id='5195' class=' grid-entry flex_column isotope-item all_sort no_margin post-entry post-entry-5195 grid-entry-overview grid-loop-27 grid-parity-odd  film-en_sort  av_one_sixth  default_av_fullwidth '><article class='main_color inner-entry'  itemscope=\"itemscope\" itemtype=\"https:\/\/schema.org\/CreativeWork\" ><a href='https:\/\/eliasfilmmusik.de\/en\/filmmusik\/der-kriminalist-johnny-silver\/' title=''  data-rel='grid-3' class='grid-image avia-hover-fx'><img width=\"211\" height=\"300\" src=\"https:\/\/eliasfilmmusik.de\/wp-content\/uploads\/2018\/01\/johnnysilver-211x300.jpeg\" class=\"attachment-no scaling size-no scaling wp-post-image\" alt=\"\" decoding=\"async\" loading=\"lazy\" \/><\/a><footer class=\"entry-footer\"><\/footer><\/article><\/div><div data-ajax-id='5205' class=' grid-entry flex_column isotope-item all_sort no_margin post-entry post-entry-5205 grid-entry-overview grid-loop-28 grid-parity-even  film-en_sort  av_one_sixth  default_av_fullwidth '><article class='main_color inner-entry'  itemscope=\"itemscope\" itemtype=\"https:\/\/schema.org\/CreativeWork\" ><a href='https:\/\/eliasfilmmusik.de\/en\/filmmusik\/ein-sommer-in-long-island\/' title=''  data-rel='grid-3' class='grid-image avia-hover-fx'><img width=\"400\" height=\"570\" src=\"https:\/\/eliasfilmmusik.de\/wp-content\/uploads\/2018\/01\/longisland.jpg\" class=\"attachment-no scaling size-no scaling wp-post-image\" alt=\"\" decoding=\"async\" loading=\"lazy\" srcset=\"https:\/\/eliasfilmmusik.de\/wp-content\/uploads\/2018\/01\/longisland.jpg 400w, https:\/\/eliasfilmmusik.de\/wp-content\/uploads\/2018\/01\/longisland-211x300.jpg 211w\" sizes=\"(max-width: 400px) 100vw, 400px\" \/><\/a><footer class=\"entry-footer\"><\/footer><\/article><\/div><div data-ajax-id='5211' class=' grid-entry flex_column isotope-item all_sort no_margin post-entry post-entry-5211 grid-entry-overview grid-loop-29 grid-parity-odd  film-en_sort  av_one_sixth  default_av_fullwidth '><article class='main_color inner-entry'  itemscope=\"itemscope\" itemtype=\"https:\/\/schema.org\/CreativeWork\" ><a href='https:\/\/eliasfilmmusik.de\/en\/filmmusik\/bella-block-weisse-naechte\/' title=''  data-rel='grid-3' class='grid-image avia-hover-fx'><img width=\"400\" height=\"570\" src=\"https:\/\/eliasfilmmusik.de\/wp-content\/uploads\/2018\/01\/bellablock.jpg\" class=\"attachment-no scaling size-no scaling wp-post-image\" alt=\"\" decoding=\"async\" loading=\"lazy\" srcset=\"https:\/\/eliasfilmmusik.de\/wp-content\/uploads\/2018\/01\/bellablock.jpg 400w, https:\/\/eliasfilmmusik.de\/wp-content\/uploads\/2018\/01\/bellablock-211x300.jpg 211w\" sizes=\"(max-width: 400px) 100vw, 400px\" \/><\/a><footer class=\"entry-footer\"><\/footer><\/article><\/div><div data-ajax-id='5216' class=' grid-entry flex_column isotope-item all_sort no_margin post-entry post-entry-5216 grid-entry-overview grid-loop-30 grid-parity-even  film-en_sort  av_one_sixth  default_av_fullwidth '><article class='main_color inner-entry'  itemscope=\"itemscope\" itemtype=\"https:\/\/schema.org\/CreativeWork\" ><a href='https:\/\/eliasfilmmusik.de\/en\/filmmusik\/jewish-museum-berlin\/' title=''  data-rel='grid-3' class='grid-image avia-hover-fx'><img width=\"400\" height=\"570\" src=\"https:\/\/eliasfilmmusik.de\/wp-content\/uploads\/2018\/01\/jewishmuseeum_hoch.jpg\" class=\"attachment-no scaling size-no scaling wp-post-image\" alt=\"\" decoding=\"async\" loading=\"lazy\" srcset=\"https:\/\/eliasfilmmusik.de\/wp-content\/uploads\/2018\/01\/jewishmuseeum_hoch.jpg 400w, https:\/\/eliasfilmmusik.de\/wp-content\/uploads\/2018\/01\/jewishmuseeum_hoch-211x300.jpg 211w\" sizes=\"(max-width: 400px) 100vw, 400px\" \/><\/a><footer class=\"entry-footer\"><\/footer><\/article><\/div><div data-ajax-id='5221' class=' grid-entry flex_column isotope-item all_sort no_margin post-entry post-entry-5221 grid-entry-overview grid-loop-31 grid-parity-odd  film-en_sort  av_one_sixth first default_av_fullwidth '><article class='main_color inner-entry'  itemscope=\"itemscope\" itemtype=\"https:\/\/schema.org\/CreativeWork\" ><a href='https:\/\/eliasfilmmusik.de\/en\/filmmusik\/die-odyssey-der-kinder\/' title=''  data-rel='grid-3' class='grid-image avia-hover-fx'><img width=\"400\" height=\"570\" src=\"https:\/\/eliasfilmmusik.de\/wp-content\/uploads\/2018\/01\/odysee.jpg\" class=\"attachment-no scaling size-no scaling wp-post-image\" alt=\"\" decoding=\"async\" loading=\"lazy\" srcset=\"https:\/\/eliasfilmmusik.de\/wp-content\/uploads\/2018\/01\/odysee.jpg 400w, https:\/\/eliasfilmmusik.de\/wp-content\/uploads\/2018\/01\/odysee-211x300.jpg 211w\" sizes=\"(max-width: 400px) 100vw, 400px\" \/><\/a><footer class=\"entry-footer\"><\/footer><\/article><\/div><div data-ajax-id='5230' class=' grid-entry flex_column isotope-item all_sort no_margin post-entry post-entry-5230 grid-entry-overview grid-loop-32 grid-parity-even  film-en_sort  av_one_sixth  default_av_fullwidth '><article class='main_color inner-entry'  itemscope=\"itemscope\" itemtype=\"https:\/\/schema.org\/CreativeWork\" ><a href='https:\/\/eliasfilmmusik.de\/en\/filmmusik\/nichts-mehr-wie-vorher\/' title=''  data-rel='grid-3' class='grid-image avia-hover-fx'><img width=\"400\" height=\"570\" src=\"https:\/\/eliasfilmmusik.de\/wp-content\/uploads\/2018\/01\/nichtswievorher.jpg\" class=\"attachment-no scaling size-no scaling wp-post-image\" alt=\"\" decoding=\"async\" loading=\"lazy\" srcset=\"https:\/\/eliasfilmmusik.de\/wp-content\/uploads\/2018\/01\/nichtswievorher.jpg 400w, https:\/\/eliasfilmmusik.de\/wp-content\/uploads\/2018\/01\/nichtswievorher-211x300.jpg 211w\" sizes=\"(max-width: 400px) 100vw, 400px\" \/><\/a><footer class=\"entry-footer\"><\/footer><\/article><\/div><div data-ajax-id='5226' class=' grid-entry flex_column isotope-item all_sort no_margin post-entry post-entry-5226 grid-entry-overview grid-loop-33 grid-parity-odd  film-en_sort  av_one_sixth  default_av_fullwidth '><article class='main_color inner-entry'  itemscope=\"itemscope\" itemtype=\"https:\/\/schema.org\/CreativeWork\" ><a href='https:\/\/eliasfilmmusik.de\/en\/filmmusik\/der-grosse-zampano-wer-war-leo-kirch\/' title=''  data-rel='grid-3' class='grid-image avia-hover-fx'><img width=\"400\" height=\"570\" src=\"https:\/\/eliasfilmmusik.de\/wp-content\/uploads\/2018\/01\/zampano.jpg\" class=\"attachment-no scaling size-no scaling wp-post-image\" alt=\"\" decoding=\"async\" loading=\"lazy\" srcset=\"https:\/\/eliasfilmmusik.de\/wp-content\/uploads\/2018\/01\/zampano.jpg 400w, https:\/\/eliasfilmmusik.de\/wp-content\/uploads\/2018\/01\/zampano-211x300.jpg 211w\" sizes=\"(max-width: 400px) 100vw, 400px\" \/><\/a><footer class=\"entry-footer\"><\/footer><\/article><\/div><div data-ajax-id='5235' class=' grid-entry flex_column isotope-item all_sort no_margin post-entry post-entry-5235 grid-entry-overview grid-loop-34 grid-parity-even  film-en_sort  av_one_sixth  default_av_fullwidth '><article class='main_color inner-entry'  itemscope=\"itemscope\" itemtype=\"https:\/\/schema.org\/CreativeWork\" ><a href='https:\/\/eliasfilmmusik.de\/en\/filmmusik\/mordkommission-istanbul\/' title=''  data-rel='grid-3' class='grid-image avia-hover-fx'><img width=\"400\" height=\"570\" src=\"https:\/\/eliasfilmmusik.de\/wp-content\/uploads\/2018\/01\/istanbul.jpg\" class=\"attachment-no scaling size-no scaling wp-post-image\" alt=\"\" decoding=\"async\" loading=\"lazy\" srcset=\"https:\/\/eliasfilmmusik.de\/wp-content\/uploads\/2018\/01\/istanbul.jpg 400w, https:\/\/eliasfilmmusik.de\/wp-content\/uploads\/2018\/01\/istanbul-211x300.jpg 211w\" sizes=\"(max-width: 400px) 100vw, 400px\" \/><\/a><footer class=\"entry-footer\"><\/footer><\/article><\/div><div data-ajax-id='5241' class=' grid-entry flex_column isotope-item all_sort no_margin post-entry post-entry-5241 grid-entry-overview grid-loop-35 grid-parity-odd  film-en_sort  av_one_sixth  default_av_fullwidth '><article class='main_color inner-entry'  itemscope=\"itemscope\" itemtype=\"https:\/\/schema.org\/CreativeWork\" ><a href='https:\/\/eliasfilmmusik.de\/en\/filmmusik\/u900\/' title=''  data-rel='grid-3' class='grid-image avia-hover-fx'><img width=\"211\" height=\"300\" src=\"https:\/\/eliasfilmmusik.de\/wp-content\/uploads\/2018\/01\/u900-1-211x300.jpeg\" class=\"attachment-no scaling size-no scaling wp-post-image\" alt=\"\" decoding=\"async\" loading=\"lazy\" \/><\/a><footer class=\"entry-footer\"><\/footer><\/article><\/div><div data-ajax-id='5251' class=' grid-entry flex_column isotope-item all_sort no_margin post-entry post-entry-5251 grid-entry-overview grid-loop-36 grid-parity-even  film-en_sort  av_one_sixth  default_av_fullwidth '><article class='main_color inner-entry'  itemscope=\"itemscope\" itemtype=\"https:\/\/schema.org\/CreativeWork\" ><a href='https:\/\/eliasfilmmusik.de\/en\/filmmusik\/spur-der-hoffnung\/' title=''  data-rel='grid-3' class='grid-image avia-hover-fx'><img width=\"400\" height=\"570\" src=\"https:\/\/eliasfilmmusik.de\/wp-content\/uploads\/2018\/01\/sur_der_hoffnung.jpg\" class=\"attachment-no scaling size-no scaling wp-post-image\" alt=\"\" decoding=\"async\" loading=\"lazy\" srcset=\"https:\/\/eliasfilmmusik.de\/wp-content\/uploads\/2018\/01\/sur_der_hoffnung.jpg 400w, https:\/\/eliasfilmmusik.de\/wp-content\/uploads\/2018\/01\/sur_der_hoffnung-211x300.jpg 211w\" sizes=\"(max-width: 400px) 100vw, 400px\" \/><\/a><footer class=\"entry-footer\"><\/footer><\/article><\/div><div data-ajax-id='5257' class=' grid-entry flex_column isotope-item all_sort no_margin post-entry post-entry-5257 grid-entry-overview grid-loop-37 grid-parity-odd  film-en_sort  av_one_sixth first default_av_fullwidth '><article class='main_color inner-entry'  itemscope=\"itemscope\" itemtype=\"https:\/\/schema.org\/CreativeWork\" ><a href='https:\/\/eliasfilmmusik.de\/en\/filmmusik\/die-samenhaendlerin\/' title=''  data-rel='grid-3' class='grid-image avia-hover-fx'><img width=\"400\" height=\"570\" src=\"https:\/\/eliasfilmmusik.de\/wp-content\/uploads\/2018\/01\/samenhaendlerin.jpg\" class=\"attachment-no scaling size-no scaling wp-post-image\" alt=\"\" decoding=\"async\" loading=\"lazy\" srcset=\"https:\/\/eliasfilmmusik.de\/wp-content\/uploads\/2018\/01\/samenhaendlerin.jpg 400w, https:\/\/eliasfilmmusik.de\/wp-content\/uploads\/2018\/01\/samenhaendlerin-211x300.jpg 211w\" sizes=\"(max-width: 400px) 100vw, 400px\" \/><\/a><footer class=\"entry-footer\"><\/footer><\/article><\/div><div data-ajax-id='5376' class=' grid-entry flex_column isotope-item all_sort no_margin post-entry post-entry-5376 grid-entry-overview grid-loop-38 grid-parity-even  film-en_sort  av_one_sixth  default_av_fullwidth '><article class='main_color inner-entry'  itemscope=\"itemscope\" itemtype=\"https:\/\/schema.org\/CreativeWork\" ><a href='https:\/\/eliasfilmmusik.de\/en\/filmmusik\/ottos-eleven\/' title=''  data-rel='grid-3' class='grid-image avia-hover-fx'><img width=\"400\" height=\"570\" src=\"https:\/\/eliasfilmmusik.de\/wp-content\/uploads\/2018\/01\/eleven.jpg\" class=\"attachment-no scaling size-no scaling wp-post-image\" alt=\"\" decoding=\"async\" loading=\"lazy\" srcset=\"https:\/\/eliasfilmmusik.de\/wp-content\/uploads\/2018\/01\/eleven.jpg 400w, https:\/\/eliasfilmmusik.de\/wp-content\/uploads\/2018\/01\/eleven-211x300.jpg 211w\" sizes=\"(max-width: 400px) 100vw, 400px\" \/><\/a><footer class=\"entry-footer\"><\/footer><\/article><\/div><div data-ajax-id='5593' class=' grid-entry flex_column isotope-item all_sort no_margin post-entry post-entry-5593 grid-entry-overview grid-loop-39 grid-parity-odd  film-en_sort  av_one_sixth  default_av_fullwidth '><article class='main_color inner-entry'  itemscope=\"itemscope\" itemtype=\"https:\/\/schema.org\/CreativeWork\" ><a href='https:\/\/eliasfilmmusik.de\/en\/filmmusik\/work-in-progress\/' title=''  data-rel='grid-3' class='grid-image avia-hover-fx'><img width=\"400\" height=\"570\" src=\"https:\/\/eliasfilmmusik.de\/wp-content\/uploads\/2018\/04\/workinprogress-2.jpg\" class=\"attachment-no scaling size-no scaling wp-post-image\" alt=\"\" decoding=\"async\" loading=\"lazy\" srcset=\"https:\/\/eliasfilmmusik.de\/wp-content\/uploads\/2018\/04\/workinprogress-2.jpg 400w, https:\/\/eliasfilmmusik.de\/wp-content\/uploads\/2018\/04\/workinprogress-2-211x300.jpg 211w\" sizes=\"(max-width: 400px) 100vw, 400px\" \/><\/a><footer class=\"entry-footer\"><\/footer><\/article><\/div><div data-ajax-id='5814' class=' grid-entry flex_column isotope-item all_sort no_margin post-entry post-entry-5814 grid-entry-overview grid-loop-40 grid-parity-even  film-en_sort  av_one_sixth  default_av_fullwidth '><article class='main_color inner-entry'  itemscope=\"itemscope\" itemtype=\"https:\/\/schema.org\/CreativeWork\" ><a href='https:\/\/eliasfilmmusik.de\/en\/filmmusik\/gruesse-von-johnny-silver\/' title=''  data-rel='grid-3' class='grid-image avia-hover-fx'><img width=\"400\" height=\"570\" src=\"https:\/\/eliasfilmmusik.de\/wp-content\/uploads\/2018\/09\/johnnysilver.jpg\" class=\"attachment-no scaling size-no scaling wp-post-image\" alt=\"\" decoding=\"async\" loading=\"lazy\" srcset=\"https:\/\/eliasfilmmusik.de\/wp-content\/uploads\/2018\/09\/johnnysilver.jpg 400w, https:\/\/eliasfilmmusik.de\/wp-content\/uploads\/2018\/09\/johnnysilver-211x300.jpg 211w\" sizes=\"(max-width: 400px) 100vw, 400px\" \/><\/a><footer class=\"entry-footer\"><\/footer><\/article><\/div><div data-ajax-id='5891' class=' grid-entry flex_column isotope-item all_sort no_margin post-entry post-entry-5891 grid-entry-overview grid-loop-41 grid-parity-odd  film-en_sort  av_one_sixth  default_av_fullwidth '><article class='main_color inner-entry'  itemscope=\"itemscope\" itemtype=\"https:\/\/schema.org\/CreativeWork\" ><a href='https:\/\/eliasfilmmusik.de\/en\/filmmusik\/auf-abwegen\/' title=''  data-rel='grid-3' class='grid-image avia-hover-fx'><img width=\"400\" height=\"570\" src=\"https:\/\/eliasfilmmusik.de\/wp-content\/uploads\/2018\/09\/faa.jpg\" class=\"attachment-no scaling size-no scaling wp-post-image\" alt=\"\" decoding=\"async\" loading=\"lazy\" srcset=\"https:\/\/eliasfilmmusik.de\/wp-content\/uploads\/2018\/09\/faa.jpg 400w, https:\/\/eliasfilmmusik.de\/wp-content\/uploads\/2018\/09\/faa-211x300.jpg 211w\" sizes=\"(max-width: 400px) 100vw, 400px\" \/><\/a><footer class=\"entry-footer\"><\/footer><\/article><\/div><div data-ajax-id='5982' class=' grid-entry flex_column isotope-item all_sort no_margin post-entry post-entry-5982 grid-entry-overview grid-loop-42 grid-parity-even  film-en_sort  av_one_sixth  default_av_fullwidth '><article class='main_color inner-entry'  itemscope=\"itemscope\" itemtype=\"https:\/\/schema.org\/CreativeWork\" ><a href='https:\/\/eliasfilmmusik.de\/en\/filmmusik\/einmal-sohn-immer-sohn\/' title=''  data-rel='grid-3' class='grid-image avia-hover-fx'><img width=\"2480\" height=\"3507\" src=\"https:\/\/eliasfilmmusik.de\/wp-content\/uploads\/2019\/02\/Einmal-Sohn-Plakat_opt-e1549462878601.jpg\" class=\"attachment-no scaling size-no scaling wp-post-image\" alt=\"\" decoding=\"async\" loading=\"lazy\" srcset=\"https:\/\/eliasfilmmusik.de\/wp-content\/uploads\/2019\/02\/Einmal-Sohn-Plakat_opt-e1549462878601.jpg 2480w, https:\/\/eliasfilmmusik.de\/wp-content\/uploads\/2019\/02\/Einmal-Sohn-Plakat_opt-e1549462878601-212x300.jpg 212w, https:\/\/eliasfilmmusik.de\/wp-content\/uploads\/2019\/02\/Einmal-Sohn-Plakat_opt-e1549462878601-768x1086.jpg 768w, https:\/\/eliasfilmmusik.de\/wp-content\/uploads\/2019\/02\/Einmal-Sohn-Plakat_opt-e1549462878601-728x1030.jpg 728w, https:\/\/eliasfilmmusik.de\/wp-content\/uploads\/2019\/02\/Einmal-Sohn-Plakat_opt-e1549462878601-1061x1500.jpg 1061w, https:\/\/eliasfilmmusik.de\/wp-content\/uploads\/2019\/02\/Einmal-Sohn-Plakat_opt-e1549462878601-499x705.jpg 499w, https:\/\/eliasfilmmusik.de\/wp-content\/uploads\/2019\/02\/Einmal-Sohn-Plakat_opt-e1549462878601-450x636.jpg 450w\" sizes=\"(max-width: 2480px) 100vw, 2480px\" \/><\/a><footer class=\"entry-footer\"><\/footer><\/article><\/div><div data-ajax-id='11163' class=' grid-entry flex_column isotope-item all_sort no_margin post-entry post-entry-11163 grid-entry-overview grid-loop-43 grid-parity-odd  post-entry-last  film-en_sort  av_one_sixth first default_av_fullwidth '><article class='main_color inner-entry'  itemscope=\"itemscope\" itemtype=\"https:\/\/schema.org\/CreativeWork\" ><a href='https:\/\/eliasfilmmusik.de\/en\/filmmusik\/eltern-mit-hindernissen\/' title=''  data-rel='grid-3' class='grid-image avia-hover-fx'><img width=\"849\" height=\"1200\" src=\"https:\/\/eliasfilmmusik.de\/wp-content\/uploads\/2021\/05\/Eltern-mit-Hindernissen-Plakat.jpg\" class=\"attachment-no scaling size-no scaling wp-post-image\" alt=\"\" decoding=\"async\" loading=\"lazy\" srcset=\"https:\/\/eliasfilmmusik.de\/wp-content\/uploads\/2021\/05\/Eltern-mit-Hindernissen-Plakat.jpg 849w, https:\/\/eliasfilmmusik.de\/wp-content\/uploads\/2021\/05\/Eltern-mit-Hindernissen-Plakat-212x300.jpg 212w, https:\/\/eliasfilmmusik.de\/wp-content\/uploads\/2021\/05\/Eltern-mit-Hindernissen-Plakat-768x1086.jpg 768w, https:\/\/eliasfilmmusik.de\/wp-content\/uploads\/2021\/05\/Eltern-mit-Hindernissen-Plakat-729x1030.jpg 729w, https:\/\/eliasfilmmusik.de\/wp-content\/uploads\/2021\/05\/Eltern-mit-Hindernissen-Plakat-499x705.jpg 499w, https:\/\/eliasfilmmusik.de\/wp-content\/uploads\/2021\/05\/Eltern-mit-Hindernissen-Plakat-450x636.jpg 450w\" sizes=\"(max-width: 849px) 100vw, 849px\" \/><\/a><footer class=\"entry-footer\"><\/footer><\/article><\/div><\/div><\/div><\/div><!--close column table wrapper. Autoclose: 1 -->\n\n<\/div><\/div><\/div><!-- close content main div --><\/div><\/div><div id='lehre' class='avia-section alternate_color avia-section-huge avia-no-border-styling avia-full-stretch avia-bg-style-scroll  avia-builder-el-402  el_after_av_section  avia-builder-el-last    av-minimum-height av-minimum-height-100  container_wrap fullsize' style='background-repeat: no-repeat; background-image: url(https:\/\/eliasfilmmusik.de\/wp-content\/uploads\/2020\/11\/LogoFilmuni_blurred-1030x771.jpg);background-attachment: scroll; background-position: center center;  '  data-section-bg-repeat='stretch' data-av_minimum_height_pc='100'><div class='container' ><div class='template-page content  av-content-full alpha units'><div class='post-entry post-entry-type-page post-entry-15191'><div class='entry-content-wrapper clearfix'>\n<div style='padding-bottom:40px; color:#ffffff;font-size:40px;' class='av-special-heading av-special-heading-h1 custom-color-heading blockquote modern-quote modern-centered  avia-builder-el-403  el_before_av_one_full  avia-builder-el-first   av-inherit-size '><h1 class='av-special-heading-tag '  itemprop=\"headline\"  >Lehre<\/h1><div class='special-heading-border'><div class='special-heading-inner-border' style='border-color:#ffffff'><\/div><\/div><\/div>\n<div class=\"flex_column av_one_full  flex_column_div av-zero-column-padding first  avia-builder-el-404  el_after_av_heading  el_before_av_one_half  \" style='border-radius:0px; '><section class=\"av_textblock_section \"  itemscope=\"itemscope\" itemtype=\"https:\/\/schema.org\/CreativeWork\" ><div class='avia_textblock  av_inherit_color '  style='font-size:16px; color:#ffffff; '  itemprop=\"text\" ><p style=\"text-align: center;\">Seit 2013 lehrt K.S. Elias als Professor f\u00fcr <em>Komposition und Arrangement f\u00fcr Medien<br \/>\n<\/em>im Master Studiengang <em>Filmmusik<\/em> an der Filmuniversit\u00e4t Babelsberg KONRAD WOLF<\/p>\n<\/div><\/section><br \/>\n<div style='height:50px' class='hr hr-invisible   avia-builder-el-406  el_after_av_textblock  el_before_av_button '><span class='hr-inner ' ><span class='hr-inner-style'><\/span><\/span><\/div><br \/>\n<div class='avia-button-wrap avia-button-center  avia-builder-el-407  el_after_av_hr  el_before_av_hr  '><a href='https:\/\/www.filmuniversitaet.de\/portrait\/person\/karim-sebastian-elias'  class='avia-button av-icon-on-hover  avia-icon_select-no avia-color-light avia-size-medium avia-position-center '  target=\"_blank\"   ><span class='avia_iconbox_title' >PROFIL FILMUNIVERSIT\u00c4T<\/span><\/a><\/div><br \/>\n<div style=' margin-top:60px; margin-bottom:60px;'  class='hr hr-custom hr-center hr-icon-no   avia-builder-el-408  el_after_av_button  el_before_av_textblock  '><span class='hr-inner   inner-border-av-border-thin' style=' width:25px; border-color:#ffffff;' ><span class='hr-inner-style'><\/span><\/span><\/div><br \/>\n<section class=\"av_textblock_section \"  itemscope=\"itemscope\" itemtype=\"https:\/\/schema.org\/CreativeWork\" ><div class='avia_textblock  av_inherit_color '  style='font-size:16px; color:#ffffff; '  itemprop=\"text\" ><h1 style=\"text-align: center;\">Masterclasses<\/h1>\n<\/div><\/section><br \/>\n<div style='height:25px' class='hr hr-invisible   avia-builder-el-410  el_after_av_textblock  el_before_av_textblock  '><span class='hr-inner ' ><span class='hr-inner-style'><\/span><\/span><\/div><br \/>\n<section class=\"av_textblock_section \"  itemscope=\"itemscope\" itemtype=\"https:\/\/schema.org\/CreativeWork\" ><div class='avia_textblock  av_inherit_color '  style='font-size:16px; color:#ffffff; '  itemprop=\"text\" ><p>Mit nominierten\u00a0Filmkomponist*innen spricht\u00a0Filmuni-Prof. Karim Sebastian Elias \u00fcber ihre, f\u00fcr den Deutschen Filmpreis nominierten\u00a0Kompositionen &#8211; \u00a0\u00fcber ihre kompositorische Herangehensweise, die Herausforderungen, die Musik f\u00fcr einen Kinofilm zu komponieren und ihre Zusammenarbeit mit Ihren\u00a0Teams, mit ihren Regisseur*innen, Produzent*innen,\u00a0Editor*innen.<\/p>\n<p>Die Filmuniversit\u00e4t Babelsberg und\u00a0die Deutsche Filmakademie mit ihrem Wissensportal\u00a0<a href=\"http:\/\/vierundzwanzig.de\">vierundzwanzig.de<\/a>\u00a0haben\u00a0mit Unterst\u00fctzung der\u00a0GEMA Stiftung sowie der Franz Grothe Stiftung\u00a0gemeinsam eine digitale und nicht-kommerzielle Erkl\u00e4rvideoreihe ins Leben gerufen. Diese will im Rahmen von Interviews mit den nominierten Filmkomponist*innen methodisch fundiert den Weg vom musikalischen Einfall bis hin zur fertigen Filmkomposition darstellen. Die Idee dazu stammt von K.S. Elias, der sich auch\u00a0als\u00a0Produzent und Host verantwortlich zeichnet.<\/p>\n<p>Das Ergebnis ist ein spannend aufbereitetes ca. 30 bis 40-min\u00fctiges filmmusikalisches \u201eBildungsprogramm\u201c, das einerseits dazu beitragen kann, beim Zuschauer die Sensibilit\u00e4t f\u00fcr den Film und seine origin\u00e4ren Qualit\u00e4ten zu sch\u00e4rfen. Andererseits gibt es Filmstudierenden und Filmschaffenden am Beispiel der Filmmusik die M\u00f6glichkeit, ihr Wissen um die Wirkungs\u00e4sthetik des Films zu vertiefen.<\/p>\n<\/div><\/section><\/p><\/div><div class=\"flex_column av_one_half  flex_column_div av-zero-column-padding first  avia-builder-el-412  el_after_av_one_full  el_before_av_one_half  column-top-margin\" style='border-radius:0px; '><div class='avia-button-wrap avia-button-center  avia-builder-el-413  avia-builder-el-no-sibling  '><a href='https:\/\/www.filmuniversitaet.de\/film\/masterclass-film'  class='avia-button av-icon-on-hover  avia-icon_select-no avia-color-light avia-size-medium avia-position-center '  target=\"_blank\"   ><span class='avia_iconbox_title' >MASTERCLASS FILMUNIVERSIT\u00c4T<\/span><\/a><\/div><\/div><div class=\"flex_column av_one_half  flex_column_div av-zero-column-padding first  avia-builder-el-414  el_after_av_one_half  el_before_av_one_full  column-top-margin\" style='border-radius:0px; '><div class='avia-button-wrap avia-button-center  avia-builder-el-415  avia-builder-el-no-sibling  '><a href='https:\/\/vierundzwanzig.de\/de\/masterclass\/uebersicht\/'  class='avia-button av-icon-on-hover  avia-icon_select-no avia-color-light avia-size-medium avia-position-center '  target=\"_blank\"   ><span class='avia_iconbox_title' >DEUTSCHE FILMAKADEMIE<\/span><\/a><\/div><\/div><div class=\"flex_column av_one_full  flex_column_div av-zero-column-padding first  avia-builder-el-416  el_after_av_one_half  el_before_av_one_half  column-top-margin\" style='border-radius:0px; '><p><div style='height:25px' class='hr hr-invisible   avia-builder-el-417  el_before_av_textblock  avia-builder-el-first  '><span class='hr-inner ' ><span class='hr-inner-style'><\/span><\/span><\/div><br \/>\n<section class=\"av_textblock_section \"  itemscope=\"itemscope\" itemtype=\"https:\/\/schema.org\/CreativeWork\" ><div class='avia_textblock  av_inherit_color '  style='font-size:16px; color:#ffffff; '  itemprop=\"text\" ><p><img decoding=\"async\" loading=\"lazy\" class=\"aligncenter wp-image-9976\" src=\"https:\/\/eliasfilmmusik.de\/wp-content\/uploads\/2020\/12\/ZDFkultur_logo_weiss-300x55.png\" alt=\"\" width=\"200\" height=\"37\" srcset=\"https:\/\/eliasfilmmusik.de\/wp-content\/uploads\/2020\/12\/ZDFkultur_logo_weiss-300x55.png 300w, https:\/\/eliasfilmmusik.de\/wp-content\/uploads\/2020\/12\/ZDFkultur_logo_weiss-768x142.png 768w, https:\/\/eliasfilmmusik.de\/wp-content\/uploads\/2020\/12\/ZDFkultur_logo_weiss-1030x190.png 1030w, https:\/\/eliasfilmmusik.de\/wp-content\/uploads\/2020\/12\/ZDFkultur_logo_weiss-1500x277.png 1500w, https:\/\/eliasfilmmusik.de\/wp-content\/uploads\/2020\/12\/ZDFkultur_logo_weiss-705x130.png 705w, https:\/\/eliasfilmmusik.de\/wp-content\/uploads\/2020\/12\/ZDFkultur_logo_weiss-450x83.png 450w, https:\/\/eliasfilmmusik.de\/wp-content\/uploads\/2020\/12\/ZDFkultur_logo_weiss.png 2000w\" sizes=\"(max-width: 200px) 100vw, 200px\" \/><\/p>\n<\/div><\/section><br \/>\n<div style='height:25px' class='hr hr-invisible   avia-builder-el-419  el_after_av_textblock  el_before_av_textblock  '><span class='hr-inner ' ><span class='hr-inner-style'><\/span><\/span><\/div><br \/>\n<section class=\"av_textblock_section \"  itemscope=\"itemscope\" itemtype=\"https:\/\/schema.org\/CreativeWork\" ><div class='avia_textblock  av_inherit_color '  style='font-size:16px; color:#ffffff; '  itemprop=\"text\" ><p>Ab dem 22. Dezember 2020 ist die <em>Masterclass Film<\/em> ab dieser Staffel ebenso bei ZDFkultur verf\u00fcgbar:<\/p>\n<\/div><\/section><\/p><\/div><div class=\"flex_column av_one_half  flex_column_div av-zero-column-padding first  avia-builder-el-421  el_after_av_one_full  el_before_av_one_half  column-top-margin\" style='border-radius:0px; '><div class='avia-button-wrap avia-button-center  avia-builder-el-422  avia-builder-el-no-sibling  '><a href='https:\/\/www.zdf.de\/kultur\/kultur\/masterclass-100.html'  class='avia-button av-icon-on-hover  avia-icon_select-no avia-color-light avia-size-medium avia-position-center '  target=\"_blank\"   ><span class='avia_iconbox_title' >ZDF MEDIATHEK<\/span><\/a><\/div><\/div><div class=\"flex_column av_one_half  flex_column_div av-zero-column-padding   avia-builder-el-423  el_after_av_one_half  el_before_av_hr  column-top-margin\" style='border-radius:0px; '><div class='avia-button-wrap avia-button-center  avia-builder-el-424  avia-builder-el-no-sibling  '><a href='https:\/\/presseportal.zdf.de\/pressemitteilung\/mitteilung\/hinter-den-kino-kulissen-masterclass-film-bei-zdfkultur\/'  class='avia-button av-icon-on-hover  avia-icon_select-no avia-color-light avia-size-medium avia-position-center '  target=\"_blank\"   ><span class='avia_iconbox_title' >PRESSEMELDUNG<\/span><\/a><\/div><\/div><div style='height:50px' class='hr hr-invisible   avia-builder-el-425  el_after_av_one_half  avia-builder-el-last '><span class='hr-inner ' ><span class='hr-inner-style'><\/span><\/span><\/div>\n\n","protected":false},"excerpt":{"rendered":"","protected":false},"author":5,"featured_media":5289,"parent":0,"menu_order":0,"comment_status":"closed","ping_status":"closed","template":"","meta":[],"yoast_head":"<!-- This site is optimized with the Yoast SEO plugin v19.13 - https:\/\/yoast.com\/wordpress\/plugins\/seo\/ -->\n<title>K.S. Elias Filmmusik<\/title>\n<meta name=\"description\" content=\"Der mehrfache ausgezeichnete Filmkomponist K.S. Elias komponierte die Musik f\u00fcr \u00fcber 100 Kinofilme, Fernsehfilme, Dokumentationen und\u00a0\u00fcber 400 Serienfolgen.\u00a0Von Orchester bis Contemporary: Elektro, Hip-Hop, Dance, Pop, Rock, Elektroswing.\" \/>\n<meta name=\"robots\" content=\"index, follow, max-snippet:-1, max-image-preview:large, max-video-preview:-1\" \/>\n<link rel=\"canonical\" href=\"https:\/\/eliasfilmmusik.de\/en\/start-2-2\/\" \/>\n<meta property=\"og:locale\" content=\"en_US\" \/>\n<meta property=\"og:type\" content=\"article\" \/>\n<meta property=\"og:title\" content=\"K.S. Elias Filmmusik\" \/>\n<meta property=\"og:description\" content=\"Der mehrfache ausgezeichnete Filmkomponist K.S. Elias komponierte die Musik f\u00fcr \u00fcber 100 Kinofilme, Fernsehfilme, Dokumentationen und\u00a0\u00fcber 400 Serienfolgen.\u00a0Von Orchester bis Contemporary: Elektro, Hip-Hop, Dance, Pop, Rock, Elektroswing.\" \/>\n<meta property=\"og:url\" content=\"https:\/\/eliasfilmmusik.de\/en\/start-2-2\/\" \/>\n<meta property=\"og:site_name\" content=\"K.S. Elias Filmmusik\" \/>\n<meta property=\"og:image\" content=\"https:\/\/eliasfilmmusik.de\/wp-content\/uploads\/2018\/01\/featured-1.jpg\" \/>\n\t<meta property=\"og:image:width\" content=\"825\" \/>\n\t<meta property=\"og:image:height\" content=\"510\" \/>\n\t<meta property=\"og:image:type\" content=\"image\/jpeg\" \/>\n<meta name=\"twitter:card\" content=\"summary_large_image\" \/>\n<meta name=\"twitter:label1\" content=\"Est. reading time\" \/>\n\t<meta name=\"twitter:data1\" content=\"73 minutes\" \/>\n<script type=\"application\/ld+json\" class=\"yoast-schema-graph\">{\"@context\":\"https:\/\/schema.org\",\"@graph\":[{\"@type\":\"WebPage\",\"@id\":\"https:\/\/eliasfilmmusik.de\/en\/start-2-2\/\",\"url\":\"https:\/\/eliasfilmmusik.de\/en\/start-2-2\/\",\"name\":\"K.S. Elias Filmmusik\",\"isPartOf\":{\"@id\":\"https:\/\/eliasfilmmusik.de\/#website\"},\"datePublished\":\"2021-09-11T19:50:26+00:00\",\"dateModified\":\"2021-09-11T19:50:26+00:00\",\"description\":\"Der mehrfache ausgezeichnete Filmkomponist K.S. Elias komponierte die Musik f\u00fcr \u00fcber 100 Kinofilme, Fernsehfilme, Dokumentationen und\u00a0\u00fcber 400 Serienfolgen.\u00a0Von Orchester bis Contemporary: Elektro, Hip-Hop, Dance, Pop, Rock, Elektroswing.\",\"breadcrumb\":{\"@id\":\"https:\/\/eliasfilmmusik.de\/en\/start-2-2\/#breadcrumb\"},\"inLanguage\":\"en-US\",\"potentialAction\":[{\"@type\":\"ReadAction\",\"target\":[\"https:\/\/eliasfilmmusik.de\/en\/start-2-2\/\"]}]},{\"@type\":\"BreadcrumbList\",\"@id\":\"https:\/\/eliasfilmmusik.de\/en\/start-2-2\/#breadcrumb\",\"itemListElement\":[{\"@type\":\"ListItem\",\"position\":1,\"name\":\"Startseite\",\"item\":\"https:\/\/eliasfilmmusik.de\/en\/\"},{\"@type\":\"ListItem\",\"position\":2,\"name\":\"Willkommen broken\"}]},{\"@type\":\"WebSite\",\"@id\":\"https:\/\/eliasfilmmusik.de\/#website\",\"url\":\"https:\/\/eliasfilmmusik.de\/\",\"name\":\"K.S. Elias Filmmusik\",\"description\":\"\",\"potentialAction\":[{\"@type\":\"SearchAction\",\"target\":{\"@type\":\"EntryPoint\",\"urlTemplate\":\"https:\/\/eliasfilmmusik.de\/?s={search_term_string}\"},\"query-input\":\"required name=search_term_string\"}],\"inLanguage\":\"en-US\"}]}<\/script>\n<!-- \/ Yoast SEO plugin. -->","yoast_head_json":{"title":"K.S. Elias Filmmusik","description":"Der mehrfache ausgezeichnete Filmkomponist K.S. Elias komponierte die Musik f\u00fcr \u00fcber 100 Kinofilme, Fernsehfilme, Dokumentationen und\u00a0\u00fcber 400 Serienfolgen.\u00a0Von Orchester bis Contemporary: Elektro, Hip-Hop, Dance, Pop, Rock, Elektroswing.","robots":{"index":"index","follow":"follow","max-snippet":"max-snippet:-1","max-image-preview":"max-image-preview:large","max-video-preview":"max-video-preview:-1"},"canonical":"https:\/\/eliasfilmmusik.de\/en\/start-2-2\/","og_locale":"en_US","og_type":"article","og_title":"K.S. Elias Filmmusik","og_description":"Der mehrfache ausgezeichnete Filmkomponist K.S. Elias komponierte die Musik f\u00fcr \u00fcber 100 Kinofilme, Fernsehfilme, Dokumentationen und\u00a0\u00fcber 400 Serienfolgen.\u00a0Von Orchester bis Contemporary: Elektro, Hip-Hop, Dance, Pop, Rock, Elektroswing.","og_url":"https:\/\/eliasfilmmusik.de\/en\/start-2-2\/","og_site_name":"K.S. Elias Filmmusik","og_image":[{"width":825,"height":510,"url":"https:\/\/eliasfilmmusik.de\/wp-content\/uploads\/2018\/01\/featured-1.jpg","type":"image\/jpeg"}],"twitter_card":"summary_large_image","twitter_misc":{"Est. reading time":"73 minutes"},"schema":{"@context":"https:\/\/schema.org","@graph":[{"@type":"WebPage","@id":"https:\/\/eliasfilmmusik.de\/en\/start-2-2\/","url":"https:\/\/eliasfilmmusik.de\/en\/start-2-2\/","name":"K.S. Elias Filmmusik","isPartOf":{"@id":"https:\/\/eliasfilmmusik.de\/#website"},"datePublished":"2021-09-11T19:50:26+00:00","dateModified":"2021-09-11T19:50:26+00:00","description":"Der mehrfache ausgezeichnete Filmkomponist K.S. Elias komponierte die Musik f\u00fcr \u00fcber 100 Kinofilme, Fernsehfilme, Dokumentationen und\u00a0\u00fcber 400 Serienfolgen.\u00a0Von Orchester bis Contemporary: Elektro, Hip-Hop, Dance, Pop, Rock, Elektroswing.","breadcrumb":{"@id":"https:\/\/eliasfilmmusik.de\/en\/start-2-2\/#breadcrumb"},"inLanguage":"en-US","potentialAction":[{"@type":"ReadAction","target":["https:\/\/eliasfilmmusik.de\/en\/start-2-2\/"]}]},{"@type":"BreadcrumbList","@id":"https:\/\/eliasfilmmusik.de\/en\/start-2-2\/#breadcrumb","itemListElement":[{"@type":"ListItem","position":1,"name":"Startseite","item":"https:\/\/eliasfilmmusik.de\/en\/"},{"@type":"ListItem","position":2,"name":"Willkommen broken"}]},{"@type":"WebSite","@id":"https:\/\/eliasfilmmusik.de\/#website","url":"https:\/\/eliasfilmmusik.de\/","name":"K.S. Elias Filmmusik","description":"","potentialAction":[{"@type":"SearchAction","target":{"@type":"EntryPoint","urlTemplate":"https:\/\/eliasfilmmusik.de\/?s={search_term_string}"},"query-input":"required name=search_term_string"}],"inLanguage":"en-US"}]}},"_links":{"self":[{"href":"https:\/\/eliasfilmmusik.de\/en\/wp-json\/wp\/v2\/pages\/15191"}],"collection":[{"href":"https:\/\/eliasfilmmusik.de\/en\/wp-json\/wp\/v2\/pages"}],"about":[{"href":"https:\/\/eliasfilmmusik.de\/en\/wp-json\/wp\/v2\/types\/page"}],"author":[{"embeddable":true,"href":"https:\/\/eliasfilmmusik.de\/en\/wp-json\/wp\/v2\/users\/5"}],"replies":[{"embeddable":true,"href":"https:\/\/eliasfilmmusik.de\/en\/wp-json\/wp\/v2\/comments?post=15191"}],"version-history":[{"count":0,"href":"https:\/\/eliasfilmmusik.de\/en\/wp-json\/wp\/v2\/pages\/15191\/revisions"}],"wp:featuredmedia":[{"embeddable":true,"href":"https:\/\/eliasfilmmusik.de\/en\/wp-json\/wp\/v2\/media\/5289"}],"wp:attachment":[{"href":"https:\/\/eliasfilmmusik.de\/en\/wp-json\/wp\/v2\/media?parent=15191"}],"curies":[{"name":"wp","href":"https:\/\/api.w.org\/{rel}","templated":true}]}}